{"id":10558,"date":"2022-07-20T13:26:21","date_gmt":"2022-07-20T13:26:21","guid":{"rendered":"https:\/\/miraceti.org\/gestionnaire-daire-marine-protegee\/"},"modified":"2024-04-11T13:01:40","modified_gmt":"2024-04-11T13:01:40","slug":"gestionnaire-daire-marine-protegee","status":"publish","type":"page","link":"https:\/\/miraceti.org\/en\/gestionnaire-daire-marine-protegee\/","title":{"rendered":"Gestionnaire d&#8217;aire marine prot\u00e9g\u00e9e"},"content":{"rendered":"\t\t<div data-elementor-type=\"wp-page\" data-elementor-id=\"10558\" class=\"elementor elementor-10558\" data-elementor-post-type=\"page\">\n\t\t\t\t\t\t<section class=\"has_eae_slider elementor-section elementor-top-section elementor-element elementor-element-61c0656 elementor-section-full_width elementor-section-height-default elementor-section-height-default\" data-eae-slider=\"21883\" data-id=\"61c0656\" data-element_type=\"section\" data-e-type=\"section\" data-settings=\"{&quot;background_background&quot;:&quot;classic&quot;,&quot;shape_divider_bottom&quot;:&quot;waves&quot;}\">\n\t\t\t\t\t\t\t<div class=\"elementor-background-overlay\"><\/div>\n\t\t\t\t\t\t<div class=\"elementor-shape elementor-shape-bottom\" aria-hidden=\"true\" data-negative=\"false\">\n\t\t\t<svg xmlns=\"http:\/\/www.w3.org\/2000\/svg\" viewBox=\"0 0 1000 100\" preserveAspectRatio=\"none\">\n\t<path class=\"elementor-shape-fill\" d=\"M421.9,6.5c22.6-2.5,51.5,0.4,75.5,5.3c23.6,4.9,70.9,23.5,100.5,35.7c75.8,32.2,133.7,44.5,192.6,49.7\n\tc23.6,2.1,48.7,3.5,103.4-2.5c54.7-6,106.2-25.6,106.2-25.6V0H0v30.3c0,0,72,32.6,158.4,30.5c39.2-0.7,92.8-6.7,134-22.4\n\tc21.2-8.1,52.2-18.2,79.7-24.2C399.3,7.9,411.6,7.5,421.9,6.5z\"\/>\n<\/svg>\t\t<\/div>\n\t\t\t\t\t<div class=\"elementor-container elementor-column-gap-default\">\n\t\t\t\t\t<div class=\"has_eae_slider elementor-column elementor-col-100 elementor-top-column elementor-element elementor-element-b7694c7\" data-eae-slider=\"35777\" data-id=\"b7694c7\" data-element_type=\"column\" data-e-type=\"column\">\n\t\t\t<div class=\"elementor-widget-wrap elementor-element-populated\">\n\t\t\t\t\t\t<div class=\"elementor-element elementor-element-bef4cad elementor-widget elementor-widget-heading\" data-id=\"bef4cad\" data-element_type=\"widget\" data-e-type=\"widget\" data-widget_type=\"heading.default\">\n\t\t\t\t<div class=\"elementor-widget-container\">\n\t\t\t\t\t<h1 class=\"elementor-heading-title elementor-size-default\">Gestionnaire d\u2019aire marine prot\u00e9g\u00e9e\n<\/h1>\t\t\t\t<\/div>\n\t\t\t\t<\/div>\n\t\t\t\t<div class=\"elementor-element elementor-element-404f5c9 elementor-widget elementor-widget-text-editor\" data-id=\"404f5c9\" data-element_type=\"widget\" data-e-type=\"widget\" data-widget_type=\"text-editor.default\">\n\t\t\t\t<div class=\"elementor-widget-container\">\n\t\t\t\t\t\t\t\t\t<p><span style=\"font-weight: 400;\">Nous avons \u00e0 c\u0153ur de partager nos connaissances et notre expertise, de d\u00e9cloisonner le monde de la recherche afin de pr\u00e9server au mieux les mammif\u00e8res marins.<\/span><\/p>\t\t\t\t\t\t\t\t<\/div>\n\t\t\t\t<\/div>\n\t\t\t\t\t<\/div>\n\t\t<\/div>\n\t\t\t\t\t<\/div>\n\t\t<\/section>\n\t\t\t\t<section class=\"has_eae_slider elementor-section elementor-top-section elementor-element elementor-element-fa306c3 elementor-section-full_width elementor-section-height-default elementor-section-height-default\" data-eae-slider=\"66091\" data-id=\"fa306c3\" data-element_type=\"section\" data-e-type=\"section\">\n\t\t\t\t\t\t<div class=\"elementor-container elementor-column-gap-default\">\n\t\t\t\t\t<div class=\"has_eae_slider elementor-column elementor-col-100 elementor-top-column elementor-element elementor-element-0479a94\" data-eae-slider=\"97508\" data-id=\"0479a94\" data-element_type=\"column\" data-e-type=\"column\">\n\t\t\t<div class=\"elementor-widget-wrap elementor-element-populated\">\n\t\t\t\t\t\t<div class=\"elementor-element elementor-element-d7ef985 elementor-widget elementor-widget-shortcode\" data-id=\"d7ef985\" data-element_type=\"widget\" data-e-type=\"widget\" data-widget_type=\"shortcode.default\">\n\t\t\t\t<div class=\"elementor-widget-container\">\n\t\t\t\t\t\t\t<div class=\"elementor-shortcode\"><nav aria-label=\"breadcrumbs\" class=\"rank-math-breadcrumb\"><p><span class=\"last\">Accueil<\/span><\/p><\/nav><\/div>\n\t\t\t\t\t\t<\/div>\n\t\t\t\t<\/div>\n\t\t\t\t\t<\/div>\n\t\t<\/div>\n\t\t\t\t\t<\/div>\n\t\t<\/section>\n\t\t\t\t<section class=\"has_eae_slider elementor-section elementor-top-section elementor-element elementor-element-fc6d71d elementor-section-boxed elementor-section-height-default elementor-section-height-default\" data-eae-slider=\"98855\" data-id=\"fc6d71d\" data-element_type=\"section\" data-e-type=\"section\">\n\t\t\t\t\t\t<div class=\"elementor-container elementor-column-gap-default\">\n\t\t\t\t\t<div class=\"has_eae_slider elementor-column elementor-col-100 elementor-top-column elementor-element elementor-element-7c61fee\" data-eae-slider=\"32020\" data-id=\"7c61fee\" data-element_type=\"column\" data-e-type=\"column\">\n\t\t\t<div class=\"elementor-widget-wrap elementor-element-populated\">\n\t\t\t\t\t\t<div class=\"elementor-element elementor-element-a889805 elementor-widget elementor-widget-heading\" data-id=\"a889805\" data-element_type=\"widget\" data-e-type=\"widget\" data-widget_type=\"heading.default\">\n\t\t\t\t<div class=\"elementor-widget-container\">\n\t\t\t\t\t<h2 class=\"elementor-heading-title elementor-size-default\">La formation des agents d\u2019aires marines prot\u00e9g\u00e9es<\/h2>\t\t\t\t<\/div>\n\t\t\t\t<\/div>\n\t\t\t\t<div class=\"elementor-element elementor-element-4802bb3 elementor-widget-divider--view-line elementor-widget elementor-widget-divider\" data-id=\"4802bb3\" data-element_type=\"widget\" data-e-type=\"widget\" data-widget_type=\"divider.default\">\n\t\t\t\t<div class=\"elementor-widget-container\">\n\t\t\t\t\t\t\t<div class=\"elementor-divider\">\n\t\t\t<span class=\"elementor-divider-separator\">\n\t\t\t\t\t\t<\/span>\n\t\t<\/div>\n\t\t\t\t\t\t<\/div>\n\t\t\t\t<\/div>\n\t\t\t\t<div class=\"elementor-element elementor-element-75cdf32 elementor-widget elementor-widget-text-editor\" data-id=\"75cdf32\" data-element_type=\"widget\" data-e-type=\"widget\" data-widget_type=\"text-editor.default\">\n\t\t\t\t<div class=\"elementor-widget-container\">\n\t\t\t\t\t\t\t\t\t<p><span style=\"font-weight: 400;\">Les gestionnaires des aires marines prot\u00e9g\u00e9es (AMPs) ont un <\/span><b>r\u00f4le cl\u00e9 \u00e0 jouer dans la connaissance et la pr\u00e9servation des c\u00e9tac\u00e9s de M\u00e9diterran\u00e9e<\/b><span style=\"font-weight: 400;\">. Sur le terrain r\u00e9guli\u00e8rement, ils sont souvent les premiers acteurs \u00e0 observer ou \u00e0 \u00eatre inform\u00e9s de la pr\u00e9sence de c\u00e9tac\u00e9s dans leurs secteurs. Afin de mettre en place un suivi r\u00e9gulier et harmonis\u00e9 \u00e0 l\u2019\u00e9chelle de la fa\u00e7ade, nous proposons aux gestionnaires de les accompagner dans la mise en place d\u2019un suivi des c\u00e9tac\u00e9s.\u00a0<\/span><\/p><p><span style=\"font-weight: 400;\">Pour cela, nous proposons des formations embarqu\u00e9es d\u2019une dur\u00e9e d&#8217; une semaine sur un voilier, en totale immersion dans une mission de suivi par photo-identification du Grand dauphin. Ces formations<\/span> <span style=\"font-weight: 400;\">ont pour <\/span><b>objectifs <\/b><span style=\"font-weight: 400;\">:\u00a0<\/span><\/p><ul><li style=\"font-weight: 400;\" aria-level=\"1\"><span style=\"font-weight: 400;\">d\u2019\u00eatre capable d\u2019organiser une <\/span><b>sortie de suivi des c\u00e9tac\u00e9s<\/b><span style=\"font-weight: 400;\"> ;\u00a0<\/span><\/li><li style=\"font-weight: 400;\" aria-level=\"1\"><span style=\"font-weight: 400;\">d\u2019\u00eatre <\/span><b>autonome dans la collecte et la gestion des donn\u00e9es <\/b><span style=\"font-weight: 400;\">obtenues.\u00a0<\/span><\/li><\/ul><p><span style=\"font-weight: 400;\"><br \/>Nous abordons ainsi les th\u00e9matiques de la biologie et l\u2019\u00e9cologie des c\u00e9tac\u00e9s, de la m\u00e9thode d\u2019\u00e9tude et de suivi des c\u00e9tac\u00e9s mais aussi des notions de navigation et de vie \u00e0 bord.\u00a0<\/span><\/p><p><span style=\"font-weight: 400;\">Nous r\u00e9alisons aussi des<\/span><b> formations th\u00e9oriques<\/b><span style=\"font-weight: 400;\"> une fois par an, celle-ci durent 2 jours et sont compl\u00e9mentaires \u00e0 la formation embarqu\u00e9e.<\/span><\/p><p><span style=\"font-weight: 400;\">Pendant ces deux jours, nous abordons en plus la construction et la mise en place d\u2019une strat\u00e9gie de suivi, ainsi que l\u2019identification des enjeux de conservation.<\/span><\/p>\t\t\t\t\t\t\t\t<\/div>\n\t\t\t\t<\/div>\n\t\t\t\t\t<\/div>\n\t\t<\/div>\n\t\t\t\t\t<\/div>\n\t\t<\/section>\n\t\t\t\t<section class=\"has_eae_slider elementor-section elementor-top-section elementor-element elementor-element-c68e0d3 elementor-section-boxed elementor-section-height-default elementor-section-height-default\" data-eae-slider=\"88479\" data-id=\"c68e0d3\" data-element_type=\"section\" data-e-type=\"section\">\n\t\t\t\t\t\t<div class=\"elementor-container elementor-column-gap-default\">\n\t\t\t\t\t<div class=\"has_eae_slider elementor-column elementor-col-50 elementor-top-column elementor-element elementor-element-e526dee\" data-eae-slider=\"65085\" data-id=\"e526dee\" data-element_type=\"column\" data-e-type=\"column\">\n\t\t\t<div class=\"elementor-widget-wrap elementor-element-populated\">\n\t\t\t\t\t\t<div class=\"elementor-element elementor-element-895765e elementor-align-center elementor-widget elementor-widget-button\" data-id=\"895765e\" data-element_type=\"widget\" data-e-type=\"widget\" data-widget_type=\"button.default\">\n\t\t\t\t<div class=\"elementor-widget-container\">\n\t\t\t\t\t\t\t\t\t<div class=\"elementor-button-wrapper\">\n\t\t\t\t\t<a class=\"elementor-button elementor-button-link elementor-size-sm\" href=\"https:\/\/miraceti.org\/wp-content\/uploads\/2022\/07\/Plaquette-formation_MIRACETI_Gestionnaire-AMP.pdf\">\n\t\t\t\t\t\t<span class=\"elementor-button-content-wrapper\">\n\t\t\t\t\t\t\t\t\t<span class=\"elementor-button-text\">T\u00e9l\u00e9charger la plaquette <\/span>\n\t\t\t\t\t<\/span>\n\t\t\t\t\t<\/a>\n\t\t\t\t<\/div>\n\t\t\t\t\t\t\t\t<\/div>\n\t\t\t\t<\/div>\n\t\t\t\t\t<\/div>\n\t\t<\/div>\n\t\t\t\t<div class=\"has_eae_slider elementor-column elementor-col-50 elementor-top-column elementor-element elementor-element-f8cb25d\" data-eae-slider=\"15241\" data-id=\"f8cb25d\" data-element_type=\"column\" data-e-type=\"column\">\n\t\t\t<div class=\"elementor-widget-wrap elementor-element-populated\">\n\t\t\t\t\t\t<div class=\"elementor-element elementor-element-aeb7852 elementor-align-center elementor-widget elementor-widget-button\" data-id=\"aeb7852\" data-element_type=\"widget\" data-e-type=\"widget\" data-widget_type=\"button.default\">\n\t\t\t\t<div class=\"elementor-widget-container\">\n\t\t\t\t\t\t\t\t\t<div class=\"elementor-button-wrapper\">\n\t\t\t\t\t<a class=\"elementor-button elementor-button-link elementor-size-sm\" href=\"https:\/\/formation.ofb.fr\/session\/fiche?id=3734\" target=\"_blank\" rel=\"noopener\">\n\t\t\t\t\t\t<span class=\"elementor-button-content-wrapper\">\n\t\t\t\t\t\t\t\t\t<span class=\"elementor-button-text\">Catalogue OFB<\/span>\n\t\t\t\t\t<\/span>\n\t\t\t\t\t<\/a>\n\t\t\t\t<\/div>\n\t\t\t\t\t\t\t\t<\/div>\n\t\t\t\t<\/div>\n\t\t\t\t\t<\/div>\n\t\t<\/div>\n\t\t\t\t\t<\/div>\n\t\t<\/section>\n\t\t\t\t<\/div>\n\t\t","protected":false},"excerpt":{"rendered":"<p>Gestionnaire d\u2019aire marine prot\u00e9g\u00e9e Nous avons \u00e0 c\u0153ur de partager nos connaissances et notre expertise, de d\u00e9cloisonner le monde de la recherche afin de pr\u00e9server au mieux les mammif\u00e8res marins. <nav aria-label=\"breadcrumbs\" class=\"rank-math-breadcrumb\"><p><span class=\"last\">Accueil<\/span><\/p><\/nav> La formation des agents d\u2019aires marines prot\u00e9g\u00e9es Les gestionnaires des aires marines prot\u00e9g\u00e9es (AMPs) ont un r\u00f4le cl\u00e9 \u00e0 jouer dans la connaissance et [&hellip;]<\/p>\n","protected":false},"author":4,"featured_media":10437,"parent":0,"menu_order":0,"comment_status":"closed","ping_status":"closed","template":"","meta":{"_et_pb_use_builder":"on","_et_pb_old_content":"<h1>Gestionnaire d\u2019aire marine prot\u00e9g\u00e9e<\/h1><p>Nous avons \u00e0 c\u0153ur de partager nos connaissances et notre expertise, de d\u00e9cloisonner le monde de la recherche afin de pr\u00e9server au mieux les mammif\u00e8res marins.<\/p><p>[rank_math_breadcrumb]<\/p><h2>La formation des agents d\u2019aires marines prot\u00e9g\u00e9es<\/h2><p>Les gestionnaires des aires marines prot\u00e9g\u00e9es (AMPs) ont un <b>r\u00f4le cl\u00e9 \u00e0 jouer dans la connaissance et la pr\u00e9servation des c\u00e9tac\u00e9s de M\u00e9diterran\u00e9e<\/b>. Sur le terrain r\u00e9guli\u00e8rement, ils sont souvent les premiers acteurs \u00e0 observer ou \u00e0 \u00eatre inform\u00e9s de la pr\u00e9sence de c\u00e9tac\u00e9s dans leurs secteurs. Afin de mettre en place un suivi r\u00e9gulier et harmonis\u00e9 \u00e0 l\u2019\u00e9chelle de la fa\u00e7ade, nous proposons aux gestionnaires de les accompagner dans la mise en place d\u2019un suivi des c\u00e9tac\u00e9s.<\/p><p>Pour cela, nous proposons des formations embarqu\u00e9es d\u2019une dur\u00e9e d' une semaine sur un voilier, en totale immersion dans une mission de suivi par photo-identification du Grand dauphin. Ces formations ont pour <b>objectifs <\/b>:<\/p><ul><li style=\"font-weight: 400;\" aria-level=\"1\">d\u2019\u00eatre capable d\u2019organiser une <b>sortie de suivi des c\u00e9tac\u00e9s<\/b> ;<\/li><li style=\"font-weight: 400;\" aria-level=\"1\">d\u2019\u00eatre <b>autonome dans la collecte et la gestion des donn\u00e9es <\/b>obtenues.<\/li><\/ul><p>Nous abordons ainsi les th\u00e9matiques de la biologie et l\u2019\u00e9cologie des c\u00e9tac\u00e9s, de la m\u00e9thode d\u2019\u00e9tude et de suivi des c\u00e9tac\u00e9s mais aussi des notions de navigation et de vie \u00e0 bord.<\/p><p>Nous r\u00e9alisons aussi des<b> formations th\u00e9oriques<\/b> une fois par an, celle-ci durent 2 jours et sont compl\u00e9mentaires \u00e0 la formation embarqu\u00e9e.<\/p><p>Pendant ces deux jours, nous abordons en plus la construction et la mise en place d\u2019une strat\u00e9gie de suivi, ainsi que l\u2019identification des enjeux de conservation.<\/p><p><a href=\"https:\/\/miraceti.org\/wp-content\/uploads\/2022\/07\/Plaquette-formation_MIRACETI_Gestionnaire-AMP.pdf\"><br \/>T\u00e9l\u00e9charger la plaquette<br \/><\/a><br \/><a href=\"https:\/\/formation.ofb.fr\/session\/fiche?id=3734\"><br \/>Catalogue OFB<br \/><\/a><\/p>","_et_gb_content_width":"","_monsterinsights_skip_tracking":false,"_monsterinsights_sitenote_active":false,"_monsterinsights_sitenote_note":"","_monsterinsights_sitenote_category":0,"footnotes":""},"class_list":["post-10558","page","type-page","status-publish","has-post-thumbnail","hentry"],"_links":{"self":[{"href":"https:\/\/miraceti.org\/en\/wp-json\/wp\/v2\/pages\/10558","targetHints":{"allow":["GET"]}}],"collection":[{"href":"https:\/\/miraceti.org\/en\/wp-json\/wp\/v2\/pages"}],"about":[{"href":"https:\/\/miraceti.org\/en\/wp-json\/wp\/v2\/types\/page"}],"author":[{"embeddable":true,"href":"https:\/\/miraceti.org\/en\/wp-json\/wp\/v2\/users\/4"}],"replies":[{"embeddable":true,"href":"https:\/\/miraceti.org\/en\/wp-json\/wp\/v2\/comments?post=10558"}],"version-history":[{"count":6,"href":"https:\/\/miraceti.org\/en\/wp-json\/wp\/v2\/pages\/10558\/revisions"}],"predecessor-version":[{"id":12886,"href":"https:\/\/miraceti.org\/en\/wp-json\/wp\/v2\/pages\/10558\/revisions\/12886"}],"wp:featuredmedia":[{"embeddable":true,"href":"https:\/\/miraceti.org\/en\/wp-json\/wp\/v2\/media\/10437"}],"wp:attachment":[{"href":"https:\/\/miraceti.org\/en\/wp-json\/wp\/v2\/media?parent=10558"}],"curies":[{"name":"wp","href":"https:\/\/api.w.org\/{rel}","templated":true}]}}