{"id":10554,"date":"2022-08-08T12:50:46","date_gmt":"2022-08-08T12:50:46","guid":{"rendered":"https:\/\/miraceti.org\/conservation\/"},"modified":"2024-04-09T20:08:59","modified_gmt":"2024-04-09T20:08:59","slug":"conservation","status":"publish","type":"page","link":"https:\/\/miraceti.org\/en\/conservation\/","title":{"rendered":"Conservation"},"content":{"rendered":"\t\t<div data-elementor-type=\"wp-page\" data-elementor-id=\"10554\" class=\"elementor elementor-10554\" data-elementor-post-type=\"page\">\n\t\t\t\t\t\t<section class=\"has_eae_slider elementor-section elementor-top-section elementor-element elementor-element-d3fa90c elementor-section-full_width elementor-section-height-default elementor-section-height-default\" data-eae-slider=\"34274\" data-id=\"d3fa90c\" data-element_type=\"section\" data-e-type=\"section\" data-settings=\"{&quot;background_background&quot;:&quot;classic&quot;,&quot;shape_divider_bottom&quot;:&quot;waves&quot;}\">\n\t\t\t\t\t\t\t<div class=\"elementor-background-overlay\"><\/div>\n\t\t\t\t\t\t<div class=\"elementor-shape elementor-shape-bottom\" aria-hidden=\"true\" data-negative=\"false\">\n\t\t\t<svg xmlns=\"http:\/\/www.w3.org\/2000\/svg\" viewBox=\"0 0 1000 100\" preserveAspectRatio=\"none\">\n\t<path class=\"elementor-shape-fill\" d=\"M421.9,6.5c22.6-2.5,51.5,0.4,75.5,5.3c23.6,4.9,70.9,23.5,100.5,35.7c75.8,32.2,133.7,44.5,192.6,49.7\n\tc23.6,2.1,48.7,3.5,103.4-2.5c54.7-6,106.2-25.6,106.2-25.6V0H0v30.3c0,0,72,32.6,158.4,30.5c39.2-0.7,92.8-6.7,134-22.4\n\tc21.2-8.1,52.2-18.2,79.7-24.2C399.3,7.9,411.6,7.5,421.9,6.5z\"\/>\n<\/svg>\t\t<\/div>\n\t\t\t\t\t<div class=\"elementor-container elementor-column-gap-default\">\n\t\t\t\t\t<div class=\"has_eae_slider elementor-column elementor-col-100 elementor-top-column elementor-element elementor-element-bfca4ac\" data-eae-slider=\"75449\" data-id=\"bfca4ac\" data-element_type=\"column\" data-e-type=\"column\">\n\t\t\t<div class=\"elementor-widget-wrap elementor-element-populated\">\n\t\t\t\t\t\t<div class=\"elementor-element elementor-element-84151dd elementor-widget elementor-widget-heading\" data-id=\"84151dd\" data-element_type=\"widget\" data-e-type=\"widget\" data-widget_type=\"heading.default\">\n\t\t\t\t<div class=\"elementor-widget-container\">\n\t\t\t\t\t<h1 class=\"elementor-heading-title elementor-size-default\">Conservation<\/h1>\t\t\t\t<\/div>\n\t\t\t\t<\/div>\n\t\t\t\t<div class=\"elementor-element elementor-element-a514913 elementor-widget elementor-widget-text-editor\" data-id=\"a514913\" data-element_type=\"widget\" data-e-type=\"widget\" data-widget_type=\"text-editor.default\">\n\t\t\t\t<div class=\"elementor-widget-container\">\n\t\t\t\t\t\t\t\t\t<p><span style=\"font-weight: 400;\">Les outils l\u00e9gislatifs touchant de pr\u00e8s ou de loin \u00e0 la protection des c\u00e9tac\u00e9s en M\u00e9diterran\u00e9e sont nombreux. Ce millefeuille de conventions, directives, r\u00e8glements, lois et d\u00e9crets ne facilite pas la lisibilit\u00e9 mais d\u00e9montre que la protection de la biodiversit\u00e9, et plus sp\u00e9cifiquement des c\u00e9tac\u00e9s, fait l\u2019objet d\u2019une attention croissante au sein de la communaut\u00e9 internationale et des l\u00e9gislateurs. Ces outils juridiques peuvent constituer un appui solide pour d\u00e9noncer certaines pratiques pouvant porter atteinte \u00e0 l\u2019int\u00e9grit\u00e9 des populations de c\u00e9tac\u00e9s ou \u00e0 leurs habitats et favoriser certains comportements plus vertueux. <\/span><\/p>\t\t\t\t\t\t\t\t<\/div>\n\t\t\t\t<\/div>\n\t\t\t\t\t<\/div>\n\t\t<\/div>\n\t\t\t\t\t<\/div>\n\t\t<\/section>\n\t\t\t\t<section class=\"has_eae_slider elementor-section elementor-top-section elementor-element elementor-element-1f28371 elementor-section-full_width elementor-section-height-default elementor-section-height-default\" data-eae-slider=\"12111\" data-id=\"1f28371\" data-element_type=\"section\" data-e-type=\"section\">\n\t\t\t\t\t\t<div class=\"elementor-container elementor-column-gap-default\">\n\t\t\t\t\t<div class=\"has_eae_slider elementor-column elementor-col-100 elementor-top-column elementor-element elementor-element-eef18dc\" data-eae-slider=\"69538\" data-id=\"eef18dc\" data-element_type=\"column\" data-e-type=\"column\">\n\t\t\t<div class=\"elementor-widget-wrap elementor-element-populated\">\n\t\t\t\t\t\t<div class=\"elementor-element elementor-element-fc4aec1 elementor-widget elementor-widget-shortcode\" data-id=\"fc4aec1\" data-element_type=\"widget\" data-e-type=\"widget\" data-widget_type=\"shortcode.default\">\n\t\t\t\t<div class=\"elementor-widget-container\">\n\t\t\t\t\t\t\t<div class=\"elementor-shortcode\"><nav aria-label=\"breadcrumbs\" class=\"rank-math-breadcrumb\"><p><span class=\"last\">Accueil<\/span><\/p><\/nav><\/div>\n\t\t\t\t\t\t<\/div>\n\t\t\t\t<\/div>\n\t\t\t\t\t<\/div>\n\t\t<\/div>\n\t\t\t\t\t<\/div>\n\t\t<\/section>\n\t\t\t\t<section class=\"has_eae_slider elementor-section elementor-top-section elementor-element elementor-element-c60280f elementor-section-boxed elementor-section-height-default elementor-section-height-default\" data-eae-slider=\"66735\" data-id=\"c60280f\" data-element_type=\"section\" data-e-type=\"section\">\n\t\t\t\t\t\t<div class=\"elementor-container elementor-column-gap-default\">\n\t\t\t\t\t<div class=\"has_eae_slider elementor-column elementor-col-100 elementor-top-column elementor-element elementor-element-a23c9f0\" data-eae-slider=\"26959\" data-id=\"a23c9f0\" data-element_type=\"column\" data-e-type=\"column\">\n\t\t\t<div class=\"elementor-widget-wrap elementor-element-populated\">\n\t\t\t\t\t\t<div class=\"elementor-element elementor-element-11e758e elementor-widget elementor-widget-heading\" data-id=\"11e758e\" data-element_type=\"widget\" data-e-type=\"widget\" data-widget_type=\"heading.default\">\n\t\t\t\t<div class=\"elementor-widget-container\">\n\t\t\t\t\t<h2 class=\"elementor-heading-title elementor-size-default\">Les outils de conservation des c\u00e9tac\u00e9s <\/h2>\t\t\t\t<\/div>\n\t\t\t\t<\/div>\n\t\t\t\t<div class=\"elementor-element elementor-element-87d7726 elementor-widget-divider--view-line elementor-widget elementor-widget-divider\" data-id=\"87d7726\" data-element_type=\"widget\" data-e-type=\"widget\" data-widget_type=\"divider.default\">\n\t\t\t\t<div class=\"elementor-widget-container\">\n\t\t\t\t\t\t\t<div class=\"elementor-divider\">\n\t\t\t<span class=\"elementor-divider-separator\">\n\t\t\t\t\t\t<\/span>\n\t\t<\/div>\n\t\t\t\t\t\t<\/div>\n\t\t\t\t<\/div>\n\t\t\t\t<div class=\"elementor-element elementor-element-8702f82 elementor-widget elementor-widget-text-editor\" data-id=\"8702f82\" data-element_type=\"widget\" data-e-type=\"widget\" data-widget_type=\"text-editor.default\">\n\t\t\t\t<div class=\"elementor-widget-container\">\n\t\t\t\t\t\t\t\t\t<p><span style=\"font-weight: 400;\">Le <\/span><b>droit de l\u2019environnement est un droit relativement r\u00e9cent<\/b><span style=\"font-weight: 400;\"> : c\u2019est surtout au cours de la <\/span><b>seconde moiti\u00e9 du XX\u00e8me si\u00e8cle qu\u2019ont \u00e9merg\u00e9 de nombreuses r\u00e8gles<\/b><span style=\"font-weight: 400;\">, tant au niveau national qu\u2019international, visant directement la protection de l\u2019environnement. L\u2019essor du droit de l\u2019environnement est le <\/span><b>r\u00e9sultat d\u2019un double mouvement <\/b><span style=\"font-weight: 400;\">:\u00a0<\/span><\/p><ul><li><span style=\"font-weight: 400;\">Une <\/span><b>prise de conscience<\/b><span style=\"font-weight: 400;\"> de la sph\u00e8re scientifique, de la soci\u00e9t\u00e9 civile et de la sph\u00e8re politique que les actes de l\u2019homme ont un impact notable sur l\u2019environnement, qui ne conna\u00eet pas de fronti\u00e8re ;<\/span><\/li><li>les \u00c9tats ayant l\u00e9gif\u00e9r\u00e9 en faveur de l\u2019environnement ont exprim\u00e9 leur <b>volont\u00e9 de faire traduire leurs r\u00e8gles au niveau international afin de g\u00e9n\u00e9raliser les efforts.<\/b><\/li><\/ul><p><span style=\"background-color: transparent; color: var( --e-global-color-text ); font-family: var( --e-global-typography-text-font-family ), Sans-serif; font-weight: var( --e-global-typography-text-font-weight );\"><br \/>Cela s\u2019est traduit par une <\/span><b style=\"background-color: transparent; font-size: 1rem; color: var( --e-global-color-text ); font-family: var( --e-global-typography-text-font-family ), Sans-serif;\">densification des r\u00e8gles de droit national<\/b><span style=\"background-color: transparent; font-size: 1rem; color: var( --e-global-color-text ); font-family: var( --e-global-typography-text-font-family ), Sans-serif; font-weight: var( --e-global-typography-text-font-weight );\"> et par l\u2019<\/span><b style=\"background-color: transparent; font-size: 1rem; color: var( --e-global-color-text ); font-family: var( --e-global-typography-text-font-family ), Sans-serif;\">adoption de nombreux textes supranationaux sur le sujet<\/b><span style=\"background-color: transparent; font-size: 1rem; color: var( --e-global-color-text ); font-family: var( --e-global-typography-text-font-family ), Sans-serif; font-weight: var( --e-global-typography-text-font-weight );\">. Les mesures relatives \u00e0 la protection des c\u00e9tac\u00e9s n\u2019ont pas \u00e9chapp\u00e9 \u00e0 cette tendance. En effet, des <\/span><b style=\"background-color: transparent; font-size: 1rem; color: var( --e-global-color-text ); font-family: var( --e-global-typography-text-font-family ), Sans-serif;\">textes g\u00e9n\u00e9raux ou qui leur sont sp\u00e9cifiquement d\u00e9di\u00e9s aux c\u00e9tac\u00e9s et mammif\u00e8res marins ont permis de d\u00e9velopper de nombreux outils favorisant leur conservation<\/b><span style=\"background-color: transparent; font-size: 1rem; color: var( --e-global-color-text ); font-family: var( --e-global-typography-text-font-family ), Sans-serif; font-weight: var( --e-global-typography-text-font-weight );\">, tant au niveau de leur habitat que des esp\u00e8ces elles-m\u00eames.<\/span><\/p>\t\t\t\t\t\t\t\t<\/div>\n\t\t\t\t<\/div>\n\t\t\t\t\t<\/div>\n\t\t<\/div>\n\t\t\t\t\t<\/div>\n\t\t<\/section>\n\t\t\t\t<section class=\"has_eae_slider elementor-section elementor-top-section elementor-element elementor-element-370d8a5 elementor-section-boxed elementor-section-height-default elementor-section-height-default\" data-eae-slider=\"65397\" data-id=\"370d8a5\" data-element_type=\"section\" data-e-type=\"section\">\n\t\t\t\t\t\t<div class=\"elementor-container elementor-column-gap-default\">\n\t\t\t\t\t<div class=\"has_eae_slider elementor-column elementor-col-100 elementor-top-column elementor-element elementor-element-560cb49\" data-eae-slider=\"17605\" data-id=\"560cb49\" data-element_type=\"column\" data-e-type=\"column\">\n\t\t\t<div class=\"elementor-widget-wrap elementor-element-populated\">\n\t\t\t\t\t\t<div class=\"elementor-element elementor-element-4db80e5 elementor-widget elementor-widget-heading\" data-id=\"4db80e5\" data-element_type=\"widget\" data-e-type=\"widget\" data-widget_type=\"heading.default\">\n\t\t\t\t<div class=\"elementor-widget-container\">\n\t\t\t\t\t<h2 class=\"elementor-heading-title elementor-size-default\">Statut<\/h2>\t\t\t\t<\/div>\n\t\t\t\t<\/div>\n\t\t\t\t<div class=\"elementor-element elementor-element-db48098 elementor-widget-divider--view-line elementor-widget elementor-widget-divider\" data-id=\"db48098\" data-element_type=\"widget\" data-e-type=\"widget\" data-widget_type=\"divider.default\">\n\t\t\t\t<div class=\"elementor-widget-container\">\n\t\t\t\t\t\t\t<div class=\"elementor-divider\">\n\t\t\t<span class=\"elementor-divider-separator\">\n\t\t\t\t\t\t<\/span>\n\t\t<\/div>\n\t\t\t\t\t\t<\/div>\n\t\t\t\t<\/div>\n\t\t\t\t<div class=\"elementor-element elementor-element-c8abd6b elementor-widget elementor-widget-text-editor\" data-id=\"c8abd6b\" data-element_type=\"widget\" data-e-type=\"widget\" data-widget_type=\"text-editor.default\">\n\t\t\t\t<div class=\"elementor-widget-container\">\n\t\t\t\t\t\t\t\t\t<p><span style=\"font-weight: 400;\">La <\/span><span style=\"text-decoration: underline;\"><a href=\"https:\/\/cites.org\/fra\" target=\"_blank\" rel=\"noopener\"><b>Convention CITES<\/b><\/a><\/span><span style=\"font-weight: 400;\"><span style=\"text-decoration: underline;\">,<\/span> sign\u00e9e le <\/span><b>3 mars 1973<\/b><span style=\"font-weight: 400;\">, \u00e9galement appel\u00e9e Convention de Washington <\/span><b>encadre strictement le commerce international des esp\u00e8ces de faune et de flore sauvages menac\u00e9es d\u2019extinction<\/b><span style=\"font-weight: 400;\">. La Convention CITES fonctionne au travers <\/span><span style=\"text-decoration: underline;\"><a href=\"https:\/\/cites.org\/fra\/app\/appendices.php\" target=\"_blank\" rel=\"noopener\"><span style=\"font-weight: 400;\">d\u2019annexes<\/span> <\/a><\/span><span style=\"font-weight: 400;\">: la <\/span><b>plupart des c\u00e9tac\u00e9s figure en Annexe II<\/b><span style=\"font-weight: 400;\"> depuis 1988 (<\/span><b>esp\u00e8ces non menac\u00e9es d\u2019extinction actuellement mais qui pourraient le devenir<\/b><span style=\"font-weight: 400;\"> si le commerce de leurs sp\u00e9cimens n\u2019est pas \u00e9troitement contr\u00f4l\u00e9), except\u00e9s 10 genres et 24 esp\u00e8ces inscrits en Annexe I (commerce strictement interdit).\u00a0<\/span><\/p><p><span style=\"font-weight: 400;\">L\u2019adoption de la <\/span><span style=\"text-decoration: underline;\"><a href=\"https:\/\/eur-lex.europa.eu\/FR\/legal-content\/summary\/barcelona-convention-for-the-protection-of-the-mediterranean.html\" target=\"_blank\" rel=\"noopener\"><b>Convention de Barcelone en 1976<\/b> <\/a><\/span><span style=\"font-weight: 400;\">a permis de fixer le <\/span><b>socle juridique des actions de lutte contre la pollution en M\u00e9diterran\u00e9e<\/b><span style=\"font-weight: 400;\">, ensuite <\/span><b>\u00e9largies \u00e0 d\u2019autres th\u00e9matiques au travers de Protocoles<\/b><span style=\"font-weight: 400;\">. En ce qui concerne la protection des c\u00e9tac\u00e9s, un <\/span><b>Plan d\u2019action pour la conservation des c\u00e9tac\u00e9s en M\u00e9diterran\u00e9e a \u00e9t\u00e9 adopt\u00e9 en 1991<\/b><span style=\"font-weight: 400;\"> afin d\u2019encourager les Etats riverains \u00e0 r<\/span><b>enforcer les mesures en faveur de la protection des habitats et des populations de c\u00e9tac\u00e9s. <\/b><span style=\"font-weight: 400;\">Le <\/span><b>Protocole ASP\/DB<\/b><span style=\"font-weight: 400;\"> &#8211; d\u00e9di\u00e9 aux aires sp\u00e9cialement prot\u00e9g\u00e9es et \u00e0 la diversit\u00e9 biologique en M\u00e9diterran\u00e9e et issu de la <\/span><span style=\"text-decoration: underline;\"><a href=\"https:\/\/eur-lex.europa.eu\/FR\/legal-content\/summary\/barcelona-convention-for-the-protection-of-the-mediterranean.html\" target=\"_blank\" rel=\"noopener\"><b>Convention de Barcelone<\/b><\/a><\/span><span style=\"font-weight: 400;\"> &#8211; a accentu\u00e9 ce besoin de coop\u00e9ration en dressant, dans ses annexes, la <\/span><b>liste des esp\u00e8ces menac\u00e9es ou en danger de mer M\u00e9diterran\u00e9e<\/b><span style=\"font-weight: 400;\">. Elle comprend aujourd\u2019hui <\/span><b>huit esp\u00e8ces de c\u00e9tac\u00e9s consid\u00e9r\u00e9es comme r\u00e9sidentes en M\u00e9diterran\u00e9e<\/b><span style=\"font-weight: 400;\">.\u00a0<\/span><\/p><p><span style=\"font-weight: 400;\">Premier texte europ\u00e9en traitant de la biodiversit\u00e9, la <\/span><span style=\"text-decoration: underline;\"><a href=\"https:\/\/eur-lex.europa.eu\/FR\/legal-content\/summary\/bern-convention.html\" target=\"_blank\" rel=\"noopener\"><b>Convention de Berne<\/b><\/a><\/span><b> a \u00e9t\u00e9 sign\u00e9e le 19 septembre 1979.<\/b><span style=\"font-weight: 400;\"> Ce trait\u00e9 a vocation \u00e0 <\/span><b>prot\u00e9ger la faune et la flore sauvage d\u2019Europe et leurs habitats<\/b><span style=\"font-weight: 400;\"> et fonctionne sur la base d\u2019annexes. En <\/span><b>1996<\/b><span style=\"font-weight: 400;\">, un amendement vient modifier l\u2019annexe II visant les <\/span><b>esp\u00e8ces n\u00e9cessitant une protection particuli\u00e8re afin d\u2019int\u00e9grer les c\u00e9tac\u00e9s<\/b><span style=\"font-weight: 400;\"> \u00e0 cette liste.<\/span><\/p><p><span style=\"font-weight: 400;\">En 2020, la France a \u00e9galement adopt\u00e9 son <\/span><span style=\"text-decoration: underline;\"><a href=\"https:\/\/www.ecologie.gouv.fr\/sites\/default\/files\/DGALN_plan-actions-protection-cetaces_web.pdf\" target=\"_blank\" rel=\"noopener\"><span style=\"font-weight: 400;\">Plan d\u2019action pour la conservation des c\u00e9tac\u00e9s<\/span><\/a><\/span><span style=\"font-weight: 400;\">, visant \u00e0 p<\/span><b>r\u00e9server les populations de c\u00e9tac\u00e9s pr\u00e9sentes dans les eaux marines fran\u00e7aises sous souverainet\u00e9 et sous juridiction en termes d\u2019abondance, de distribution et de diversit\u00e9<\/b><span style=\"font-weight: 400;\">. Ce plan a pour vocation de s\u2019int\u00e9grer dans un ensemble de politiques mises en \u0153uvre \u00e0 l\u2019\u00e9chelle internationale, europ\u00e9enne, nationale et r\u00e9gionale.<\/span><\/p>\t\t\t\t\t\t\t\t<\/div>\n\t\t\t\t<\/div>\n\t\t\t\t\t<\/div>\n\t\t<\/div>\n\t\t\t\t\t<\/div>\n\t\t<\/section>\n\t\t\t\t<section class=\"has_eae_slider elementor-section elementor-top-section elementor-element elementor-element-757e9a9 elementor-section-boxed elementor-section-height-default elementor-section-height-default\" data-eae-slider=\"22590\" data-id=\"757e9a9\" data-element_type=\"section\" data-e-type=\"section\">\n\t\t\t\t\t\t<div class=\"elementor-container elementor-column-gap-default\">\n\t\t\t\t\t<div class=\"has_eae_slider elementor-column elementor-col-100 elementor-top-column elementor-element elementor-element-bb34f8a\" data-eae-slider=\"55202\" data-id=\"bb34f8a\" data-element_type=\"column\" data-e-type=\"column\">\n\t\t\t<div class=\"elementor-widget-wrap elementor-element-populated\">\n\t\t\t\t\t\t<div class=\"elementor-element elementor-element-c7b70ca elementor-widget elementor-widget-heading\" data-id=\"c7b70ca\" data-element_type=\"widget\" data-e-type=\"widget\" data-widget_type=\"heading.default\">\n\t\t\t\t<div class=\"elementor-widget-container\">\n\t\t\t\t\t<h2 class=\"elementor-heading-title elementor-size-default\">Cadre juridique<\/h2>\t\t\t\t<\/div>\n\t\t\t\t<\/div>\n\t\t\t\t<div class=\"elementor-element elementor-element-48ce186 elementor-widget-divider--view-line elementor-widget elementor-widget-divider\" data-id=\"48ce186\" data-element_type=\"widget\" data-e-type=\"widget\" data-widget_type=\"divider.default\">\n\t\t\t\t<div class=\"elementor-widget-container\">\n\t\t\t\t\t\t\t<div class=\"elementor-divider\">\n\t\t\t<span class=\"elementor-divider-separator\">\n\t\t\t\t\t\t<\/span>\n\t\t<\/div>\n\t\t\t\t\t\t<\/div>\n\t\t\t\t<\/div>\n\t\t\t\t<div class=\"elementor-element elementor-element-94a72e3 elementor-widget elementor-widget-text-editor\" data-id=\"94a72e3\" data-element_type=\"widget\" data-e-type=\"widget\" data-widget_type=\"text-editor.default\">\n\t\t\t\t<div class=\"elementor-widget-container\">\n\t\t\t\t\t\t\t\t\t<p><span style=\"font-weight: 400;\">La l\u00e9gislation nationale influen\u00e7ant la protection des mammif\u00e8res marins et en particulier des c\u00e9tac\u00e9s de M\u00e9diterran\u00e9e, a trois sources :\u00a0<\/span><\/p><ul><li><span style=\"font-weight: 400;\">les initiatives purement fran\u00e7aises ;<\/span><\/li><li><span style=\"font-weight: 400;\">la transposition ou la mise en application des textes europ\u00e9ens ;<\/span><\/li><li><span style=\"font-weight: 400;\">La transposition des trait\u00e9s internationaux auxquels la France est partie.<\/span><\/li><\/ul>\t\t\t\t\t\t\t\t<\/div>\n\t\t\t\t<\/div>\n\t\t\t\t<div class=\"elementor-element elementor-element-1108828 elementor-widget elementor-widget-heading\" data-id=\"1108828\" data-element_type=\"widget\" data-e-type=\"widget\" data-widget_type=\"heading.default\">\n\t\t\t\t<div class=\"elementor-widget-container\">\n\t\t\t\t\t<h3 class=\"elementor-heading-title elementor-size-default\">Le cadre juridique fran\u00e7ais <\/h3>\t\t\t\t<\/div>\n\t\t\t\t<\/div>\n\t\t\t\t<div class=\"elementor-element elementor-element-fa9f62a elementor-widget elementor-widget-image\" data-id=\"fa9f62a\" data-element_type=\"widget\" data-e-type=\"widget\" data-widget_type=\"image.default\">\n\t\t\t\t<div class=\"elementor-widget-container\">\n\t\t\t\t\t\t\t\t\t\t\t\t\t\t\t<img fetchpriority=\"high\" fetchpriority=\"high\" decoding=\"async\" width=\"1024\" height=\"724\" src=\"https:\/\/miraceti.org\/wp-content\/uploads\/2022\/08\/Photo-dans-onglet-_ce\u0301tace\u0301s-_-Conservation-3-1024x724.png\" class=\"attachment-large size-large wp-image-8908\" alt=\"c\u00e9tac\u00e9s conservation, MIRACETI\" srcset=\"https:\/\/miraceti.org\/wp-content\/uploads\/2022\/08\/Photo-dans-onglet-_ce\u0301tace\u0301s-_-Conservation-3-1024x724.png 1024w, https:\/\/miraceti.org\/wp-content\/uploads\/2022\/08\/Photo-dans-onglet-_ce\u0301tace\u0301s-_-Conservation-3-300x212.png 300w, https:\/\/miraceti.org\/wp-content\/uploads\/2022\/08\/Photo-dans-onglet-_ce\u0301tace\u0301s-_-Conservation-3-768x543.png 768w, https:\/\/miraceti.org\/wp-content\/uploads\/2022\/08\/Photo-dans-onglet-_ce\u0301tace\u0301s-_-Conservation-3-1536x1086.png 1536w, https:\/\/miraceti.org\/wp-content\/uploads\/2022\/08\/Photo-dans-onglet-_ce\u0301tace\u0301s-_-Conservation-3-2048x1448.png 2048w, https:\/\/miraceti.org\/wp-content\/uploads\/2022\/08\/Photo-dans-onglet-_ce\u0301tace\u0301s-_-Conservation-3-600x424.png 600w\" sizes=\"(max-width: 1024px) 100vw, 1024px\" \/>\t\t\t\t\t\t\t\t\t\t\t\t\t\t\t<\/div>\n\t\t\t\t<\/div>\n\t\t\t\t<div class=\"elementor-element elementor-element-dcb0941 elementor-widget elementor-widget-text-editor\" data-id=\"dcb0941\" data-element_type=\"widget\" data-e-type=\"widget\" data-widget_type=\"text-editor.default\">\n\t\t\t\t<div class=\"elementor-widget-container\">\n\t\t\t\t\t\t\t\t\t<p><span style=\"font-weight: 400;\">Depuis la <\/span><a href=\"https:\/\/www.legifrance.gouv.fr\/loda\/id\/LEGITEXT000006068553\/\" target=\"_blank\" rel=\"noopener\"><b><span style=\"text-decoration: underline;\">loi de 1976<\/span><\/b><\/a><span style=\"font-weight: 400;\">, premi\u00e8re loi d\u2019envergure sur la protection de la nature, <\/span><b>certaines esp\u00e8ces b\u00e9n\u00e9ficient d\u2019une protection dite \u00ab stricte \u00bb sur le territoire national<\/b><span style=\"font-weight: 400;\">. Les dispositions de cette loi sont d\u00e9sormais <\/span><b>codifi\u00e9es \u00e0 l\u2019article L. 411-1 du Code de l\u2019environnement<\/b><span style=\"font-weight: 400;\">.\u00a0<\/span><\/p><p><span style=\"font-weight: 400;\">Plus r\u00e9cemment, l\u2019<\/span><span style=\"text-decoration: underline;\"><a href=\"https:\/\/www.legifrance.gouv.fr\/loda\/id\/JORFTEXT000024396902\/\" target=\"_blank\" rel=\"noopener\"><b>arr\u00eat\u00e9 du 1er juillet 2011<\/b><\/a><\/span><span style=\"font-weight: 400;\"> &#8211; qui a abrog\u00e9 l\u2019<\/span><span style=\"text-decoration: underline;\"><a href=\"https:\/\/www.legifrance.gouv.fr\/loda\/id\/JORFTEXT000000442542\/\" target=\"_blank\" rel=\"noopener\"><span style=\"font-weight: 400;\">arr\u00eat\u00e9 du 20 octobre 1970<\/span><\/a><\/span><span style=\"font-weight: 400;\"> et l\u2019<\/span><span style=\"text-decoration: underline;\"><a href=\"https:\/\/www.legifrance.gouv.fr\/loda\/id\/JORFTEXT000000554572\/\" target=\"_blank\" rel=\"noopener\"><span style=\"font-weight: 400;\">arr\u00eat\u00e9 du 27 juillet 1995<\/span><\/a><\/span><span style=\"font-weight: 400;\"> &#8211; a mis \u00e0 jour la <\/span><b>liste des mammif\u00e8res marins prot\u00e9g\u00e9s sur le territoire national et les modalit\u00e9s de leur protection<\/b><span style=\"font-weight: 400;\">. Il rev\u00eat une importance particuli\u00e8re car il <\/span><b>inclut la protection des habitats des mammif\u00e8res marins<\/b><span style=\"font-weight: 400;\">, interdisant d\u00e8s lors \u00ab la destruction, l&#8217;alt\u00e9ration ou la d\u00e9gradation des sites de reproduction et des aires de repos des animaux \u00bb et <\/span><b>incrimine la perturbation intentionnelle des esp\u00e8ces list\u00e9es<\/b><span style=\"font-weight: 400;\">, tout en pr\u00e9cisant que cela comprend \u00ab la poursuite ou le harc\u00e8lement des animaux dans le milieu naturel \u00bb. Le Rorqual commun, la Baleine \u00e0 bosse, le Dauphin commun \u00e0 bec court, le Globic\u00e9phale noir, le Dauphin de Risso, le Dauphin bleu et blanc, le Grand dauphin et le Cachalot ont tous \u00e9t\u00e9 d\u00e9sign\u00e9s comme esp\u00e8ces prot\u00e9g\u00e9es par cet arr\u00eat\u00e9.\u00a0<\/span><\/p><p><span style=\"font-weight: 400;\">En droit fran\u00e7ais, il existe <\/span><b>plusieurs degr\u00e9s de protection des esp\u00e8ces de faune et de flore sauvage<\/b><span style=\"font-weight: 400;\">s. Ainsi, certaines esp\u00e8ces b\u00e9n\u00e9ficient d\u2019une <\/span><b>protection dite \u00ab partielle \u00bb<\/b><span style=\"font-weight: 400;\">. Dans ce cas, les esp\u00e8ces sont prot\u00e9g\u00e9es au travers de l\u2019<\/span><span style=\"text-decoration: underline;\"><a href=\"https:\/\/www.legifrance.gouv.fr\/codes\/article_lc\/LEGIARTI000033051232\/\" target=\"_blank\" rel=\"noopener\"><b>article L. 412-1 du Code de l\u2019environnement<\/b><\/a><\/span><span style=\"font-weight: 400;\"> &#8211; modifi\u00e9 par la <\/span><span style=\"text-decoration: underline;\"><a href=\"http:\/\/legifrance.gouv.fr\/loda\/id\/LEGIARTI000033018546\/2016-08-10\/\" target=\"_blank\" rel=\"noopener\"><b>loi pour la reconqu\u00eate de la biodiversit\u00e9, de la nature et des paysages<\/b> <b>du 8 ao\u00fbt 2016<\/b><\/a><\/span><span style=\"font-weight: 400;\"> &#8211; qui <\/span><b>soumet \u00e0 d\u00e9claration ou autorisation certaines activit\u00e9s humaines pouvant porter sur celles-ci ou sur leurs produits<\/b><span style=\"font-weight: 400;\">.\u00a0<\/span><\/p>\t\t\t\t\t\t\t\t<\/div>\n\t\t\t\t<\/div>\n\t\t\t\t<div class=\"elementor-element elementor-element-c1067d1 elementor-widget elementor-widget-heading\" data-id=\"c1067d1\" data-element_type=\"widget\" data-e-type=\"widget\" data-widget_type=\"heading.default\">\n\t\t\t\t<div class=\"elementor-widget-container\">\n\t\t\t\t\t<h3 class=\"elementor-heading-title elementor-size-default\">Le cadre juridique europ\u00e9en<\/h3>\t\t\t\t<\/div>\n\t\t\t\t<\/div>\n\t\t\t\t<div class=\"elementor-element elementor-element-cb9b730 elementor-widget elementor-widget-image\" data-id=\"cb9b730\" data-element_type=\"widget\" data-e-type=\"widget\" data-widget_type=\"image.default\">\n\t\t\t\t<div class=\"elementor-widget-container\">\n\t\t\t\t\t\t\t\t\t\t\t\t\t\t\t<img decoding=\"async\" width=\"1024\" height=\"724\" src=\"https:\/\/miraceti.org\/wp-content\/uploads\/2022\/08\/Photo-dans-onglet-_ce\u0301tace\u0301s-_-Conservation-1024x724.png\" class=\"attachment-large size-large wp-image-8912\" alt=\"c\u00e9tac\u00e9s conservation, MIRACETI\" srcset=\"https:\/\/miraceti.org\/wp-content\/uploads\/2022\/08\/Photo-dans-onglet-_ce\u0301tace\u0301s-_-Conservation-1024x724.png 1024w, https:\/\/miraceti.org\/wp-content\/uploads\/2022\/08\/Photo-dans-onglet-_ce\u0301tace\u0301s-_-Conservation-300x212.png 300w, https:\/\/miraceti.org\/wp-content\/uploads\/2022\/08\/Photo-dans-onglet-_ce\u0301tace\u0301s-_-Conservation-768x543.png 768w, https:\/\/miraceti.org\/wp-content\/uploads\/2022\/08\/Photo-dans-onglet-_ce\u0301tace\u0301s-_-Conservation-1536x1086.png 1536w, https:\/\/miraceti.org\/wp-content\/uploads\/2022\/08\/Photo-dans-onglet-_ce\u0301tace\u0301s-_-Conservation-2048x1448.png 2048w, https:\/\/miraceti.org\/wp-content\/uploads\/2022\/08\/Photo-dans-onglet-_ce\u0301tace\u0301s-_-Conservation-600x424.png 600w\" sizes=\"(max-width: 1024px) 100vw, 1024px\" \/>\t\t\t\t\t\t\t\t\t\t\t\t\t\t\t<\/div>\n\t\t\t\t<\/div>\n\t\t\t\t<div class=\"elementor-element elementor-element-60946b4 elementor-widget elementor-widget-text-editor\" data-id=\"60946b4\" data-element_type=\"widget\" data-e-type=\"widget\" data-widget_type=\"text-editor.default\">\n\t\t\t\t<div class=\"elementor-widget-container\">\n\t\t\t\t\t\t\t\t\t<p><span style=\"font-weight: 400;\">Adopt\u00e9e le <\/span><b>21 mai 1992<\/b><span style=\"font-weight: 400;\">, la <\/span><span style=\"text-decoration: underline;\"><a href=\"https:\/\/inpn.mnhn.fr\/docs\/natura2000\/Directive_habitats_version_consolidee_2007.pdf\" target=\"_blank\" rel=\"noopener\"><b>Directive \u00ab Habitats \u00bb<\/b><\/a><\/span><span style=\"font-weight: 400;\"> vise <\/span><b>\u00ab \u00e0 assurer le maintien ou le r\u00e9tablissement, dans un \u00e9tat de conservation favorable, des habitats naturels et des esp\u00e8ces de faune et de flore sauvages d&#8217;int\u00e9r\u00eat communautaire \u00bb tout en tenant compte des \u00ab exigences \u00e9conomiques, sociales et culturelles \u00bb (article 2)<\/b><span style=\"font-weight: 400;\">. C\u2019est un texte fondateur et essentiel de la protection de la nature au sein de l\u2019Union europ\u00e9enne tant du fait de son champ d\u2019application territorial que mat\u00e9riel. Elle <\/span><b>impose \u00e0 tous les Etats membres de l\u2019Union europ\u00e9enne la mise en place d\u2019un cadre l\u00e9gal pour la protection des esp\u00e8ces<\/b><span style=\"font-weight: 400;\">, notamment par la protection de leurs habitats (d\u2019o\u00f9 son nom). C\u2019est notamment gr\u00e2ce \u00e0 cette Directive que des <\/span><b>aires prot\u00e9g\u00e9es interconnect\u00e9es sur le territoire europ\u00e9en ont \u00e9t\u00e9 cr\u00e9\u00e9es par le r\u00e9seau Natura 2000<\/b><span style=\"font-weight: 400;\">.\u00a0<\/span><\/p><p><span style=\"font-weight: 400;\">La directive identifie, au travers de ses annexes, les types d\u2019habitats naturels pour lesquels les Etats membres doivent d\u00e9ployer des efforts de conservation du fait de leur int\u00e9r\u00eat biologique ou de leur r\u00f4le vis-\u00e0-vis de certaines esp\u00e8ces (les Zones Sp\u00e9ciales de Conservation \u2013 ZSC \u2013) et les esp\u00e8ces devant faire l\u2019objet de mesures de protection plus ou moins strictes. <\/span><b>Deux esp\u00e8ces de c\u00e9tac\u00e9s sont list\u00e9es en Annexe II (esp\u00e8ces d\u2019int\u00e9r\u00eat communautaire qui n\u00e9cessitent la d\u00e9signation de ZSC)<\/b><span style=\"font-weight: 400;\"> : le Grand dauphin et le Marsouin commun (absent de M\u00e9diterran\u00e9e). Le Phoque moine et le Phoque commun sont \u00e9galement list\u00e9s en Annexe II. <\/span><b>Toutes les autres esp\u00e8ces de c\u00e9tac\u00e9s sont list\u00e9es en Annexe IV (esp\u00e8ces pr\u00e9sentant un int\u00e9r\u00eat communautaire et n\u00e9cessitant une protection stricte).<\/b><span style=\"font-weight: 400;\">\u00a0<\/span><\/p><p><b>Adopt\u00e9e le 17 juin 2008<\/b><span style=\"font-weight: 400;\">, la <\/span><span style=\"text-decoration: underline;\"><a href=\"https:\/\/eur-lex.europa.eu\/FR\/legal-content\/summary\/strategy-for-the-marine-environment.html#:~:text=La%20directive%2Dcadre%20%C2%ABstrat%C3%A9gie%20pour,en%20permettant%20son%20utilisation%20durable%2C\" target=\"_blank\" rel=\"noopener\"><b>directive-cadre \u00ab Strat\u00e9gie pour le Milieu Marin \u00bb (DCSMM)<\/b> <\/a><\/span><span style=\"font-weight: 400;\">constitue le <\/span><b>pilier environnemental de la politique maritime de l\u2019Union europ\u00e9enne<\/b><span style=\"font-weight: 400;\">. Son objectif est de maintenir ou d\u2019atteindre, d\u2019ici 2020, un bon \u00e9tat \u00e9cologique du milieu marin. Pour y parvenir, un <\/span><a href=\"https:\/\/dcsmm.milieumarinfrance.fr\/Le-Plan-d-Action-pour-le-Milieu-Marin\" target=\"_blank\" rel=\"noopener\"><b><span style=\"text-decoration: underline;\">Plan d\u2019Action pour le Milieu Marin (PAMM)<\/span> <\/b><\/a><b>doit \u00eatre adopt\u00e9 pour chaque sous-r\u00e9gion marine <\/b><span style=\"font-weight: 400;\">(ex. : la M\u00e9diterran\u00e9e occidentale).\u00a0<\/span><\/p><p><span style=\"font-weight: 400;\">Il doit comporter cinq \u00e9l\u00e9ments :\u00a0<\/span><\/p><ul><li><span style=\"font-weight: 400;\">une \u00e9valuation initiale de l\u2019\u00e9tat \u00e9cologique des eaux marines et de l\u2019impact environnemental des activit\u00e9s humaines ; <\/span><\/li><li>la d\u00e9finition du bon \u00e9tat \u00e9cologique pour ces eaux ;<\/li><li>la d\u00e9finition d\u2019objectifs environnementaux et d\u2019indicateurs associ\u00e9s en vue de parvenir \u00e0 un bon \u00e9tat \u00e9cologique du milieu marin ;<\/li><li>un programme de surveillance en vue de l\u2019\u00e9valuation permanente de l\u2019\u00e9tat des eaux marines et de la mise \u00e0 jour p\u00e9riodique des objectifs environnementaux ;<\/li><li>un programme de mesures devant permettre de conserver ou d\u2019atteindre le bon \u00e9tat \u00e9cologique des eaux marines.\u00a0<\/li><\/ul><p><span style=\"font-weight: 400;\"><br \/>La <\/span><b>mise en \u0153uvre des prescriptions de cette directive participe donc \u00e0 prot\u00e9ger les habitats des c\u00e9tac\u00e9s, notamment en mer M\u00e9diterran\u00e9e<\/b><span style=\"font-weight: 400;\">.\u00a0<br \/><\/span><span style=\"color: var( --e-global-color-text ); font-family: var( --e-global-typography-text-font-family ), Sans-serif; font-size: 1rem;\">Plusieurs <\/span><b style=\"color: var( --e-global-color-text ); font-family: var( --e-global-typography-text-font-family ), Sans-serif; font-size: 1rem;\">r\u00e8glements concernant la protection des c\u00e9tac\u00e9s ou de leurs habitats<\/b><span style=\"color: var( --e-global-color-text ); font-family: var( --e-global-typography-text-font-family ), Sans-serif; font-size: 1rem;\"> ont \u00e9t\u00e9 adopt\u00e9s :\u00a0<\/span><\/p><ul><li><span style=\"text-decoration: underline;\"><a href=\"https:\/\/eur-lex.europa.eu\/legal-content\/FR\/ALL\/?uri=CELEX:31981R0348\" target=\"_blank\" rel=\"noopener\"><b>R\u00e8glement du 20 janvier 1981<\/b><\/a><\/span><span style=\"font-weight: 400;\"> : il interdit l\u2019importation des produits issus de toutes les esp\u00e8ces de c\u00e9tac\u00e9s ; <\/span><\/li><li><span style=\"text-decoration: underline;\"><a href=\"https:\/\/www.legifrance.gouv.fr\/jorf\/id\/JORFTEXT000000694567\" target=\"_blank\" rel=\"noopener\"><b>R\u00e8glement du 3 d\u00e9cembre 1982<\/b><\/a><\/span><span> : il transpose, au niveau europ\u00e9en, la Convention de Washington sur le commerce international des esp\u00e8ces de faune et de flore menac\u00e9es d\u2019extinction (paragraphe 1.1.3) ; <\/span><\/li><li><a href=\"https:\/\/eur-lex.europa.eu\/legal-content\/FR\/TXT\/HTML\/?uri=CELEX:31998R1239&amp;from=EL\" target=\"_blank\" rel=\"noopener\"><b>R\u00e8glement du 20 d\u00e9cembre 1992<\/b><\/a><span> (modifi\u00e9 en 1998 puis en 2004) : il interdit l\u2019utilisation des grands filets maillants d\u00e9rivants ; <\/span><\/li><li><a href=\"https:\/\/eur-lex.europa.eu\/legal-content\/FR\/TXT\/HTML\/?uri=CELEX:62007CO0109&amp;from=LT\" target=\"_blank\" rel=\"noopener\"><b><span>R\u00e8glement du 8 juin 1998<\/span><\/b><\/a><span> : il interdit la pratique de p\u00eache \u00e0 la \u00ab thonaille \u00bb \u00e0 partir du 1er janvier 2002. Cette technique de p\u00eache est accus\u00e9e d\u2019avoir un taux de prises accidentelles tr\u00e8s \u00e9lev\u00e9, notamment de Dauphins bleu et blanc.<\/span><\/li><\/ul>\t\t\t\t\t\t\t\t<\/div>\n\t\t\t\t<\/div>\n\t\t\t\t<div class=\"elementor-element elementor-element-b955209 elementor-widget elementor-widget-heading\" data-id=\"b955209\" data-element_type=\"widget\" data-e-type=\"widget\" data-widget_type=\"heading.default\">\n\t\t\t\t<div class=\"elementor-widget-container\">\n\t\t\t\t\t<h3 class=\"elementor-heading-title elementor-size-default\">Les principales conventions internationales<\/h3>\t\t\t\t<\/div>\n\t\t\t\t<\/div>\n\t\t\t\t<div class=\"elementor-element elementor-element-6421a70 elementor-widget elementor-widget-image\" data-id=\"6421a70\" data-element_type=\"widget\" data-e-type=\"widget\" data-widget_type=\"image.default\">\n\t\t\t\t<div class=\"elementor-widget-container\">\n\t\t\t\t\t\t\t\t\t\t\t\t\t\t\t<img decoding=\"async\" width=\"1024\" height=\"724\" src=\"https:\/\/miraceti.org\/wp-content\/uploads\/2022\/08\/Photo-dans-onglet-_ce\u0301tace\u0301s-_-Conservation-2-1024x724.png\" class=\"attachment-large size-large wp-image-8917\" alt=\"c\u00e9tac\u00e9s conservation - MIRACETI\" srcset=\"https:\/\/miraceti.org\/wp-content\/uploads\/2022\/08\/Photo-dans-onglet-_ce\u0301tace\u0301s-_-Conservation-2-1024x724.png 1024w, https:\/\/miraceti.org\/wp-content\/uploads\/2022\/08\/Photo-dans-onglet-_ce\u0301tace\u0301s-_-Conservation-2-300x212.png 300w, https:\/\/miraceti.org\/wp-content\/uploads\/2022\/08\/Photo-dans-onglet-_ce\u0301tace\u0301s-_-Conservation-2-768x543.png 768w, https:\/\/miraceti.org\/wp-content\/uploads\/2022\/08\/Photo-dans-onglet-_ce\u0301tace\u0301s-_-Conservation-2-1536x1086.png 1536w, https:\/\/miraceti.org\/wp-content\/uploads\/2022\/08\/Photo-dans-onglet-_ce\u0301tace\u0301s-_-Conservation-2-2048x1448.png 2048w, https:\/\/miraceti.org\/wp-content\/uploads\/2022\/08\/Photo-dans-onglet-_ce\u0301tace\u0301s-_-Conservation-2-600x424.png 600w\" sizes=\"(max-width: 1024px) 100vw, 1024px\" \/>\t\t\t\t\t\t\t\t\t\t\t\t\t\t\t<\/div>\n\t\t\t\t<\/div>\n\t\t\t\t<div class=\"elementor-element elementor-element-99c65ab elementor-widget elementor-widget-text-editor\" data-id=\"99c65ab\" data-element_type=\"widget\" data-e-type=\"widget\" data-widget_type=\"text-editor.default\">\n\t\t\t\t<div class=\"elementor-widget-container\">\n\t\t\t\t\t\t\t\t\t<p><span style=\"font-weight: 400;\">La <\/span><span style=\"text-decoration: underline;\"><a href=\"https:\/\/www.un.org\/fr\/observances\/biological-diversity-day\/convention\" target=\"_blank\" rel=\"noopener\"><b>Convention sur la diversit\u00e9 biologique<\/b><\/a><\/span><span style=\"font-weight: 400;\">, la CDB, a \u00e9t\u00e9 <\/span><b>adopt\u00e9e le 5 juin 1992<\/b><span style=\"font-weight: 400;\"> \u00e0 la suite du Sommet de la Terre \u00e0 Rio de Janeiro. La CDB est le <\/span><b>premier trait\u00e9 international engageant un aussi grand nombre d\u2019Etats autour des objectifs g\u00e9n\u00e9raux de conservation de la diversit\u00e9 biologique et d\u2019utilisation durable des ressources<\/b><span style=\"font-weight: 400;\"> (article 1er).\u00a0<\/span><\/p><p><span style=\"font-weight: 400;\">La <\/span><b>France <\/b><span style=\"font-weight: 400;\">a d\u00e9clin\u00e9 ces objectifs et les moyens d\u2019y parvenir par l\u2019adoption en <\/span><b>mars 2022 du premier volet pr\u00e9-COP 15 de la <\/b><span style=\"text-decoration: underline;\"><a href=\"https:\/\/www.ecologie.gouv.fr\/strategie-nationale-biodiversite#:~:text=La%20strat%C3%A9gie%20nationale%20pour%20la%20biodiversit%C3%A9%20(SNB)%202011%2D2020,responsabilit%C3%A9s%20sur%20une%20base%20volontaire.\" target=\"_blank\" rel=\"noopener\"><b>Strat\u00e9gie nationale biodiversit\u00e9 2030<\/b><\/a><\/span><span style=\"font-weight: 400;\"><span style=\"text-decoration: underline;\">,<\/span> tout comme l\u2019Union europ\u00e9enne qui a d\u00e9fini sa strat\u00e9gie en faveur de la biodiversit\u00e9 \u00e0 l\u2019horizon 2030. Ce plan vise \u00e0 prot\u00e9ger la nature et \u00e0 inverser la tendance \u00e0 la d\u00e9gradation des \u00e9cosyst\u00e8mes.<\/span><\/p><p><span style=\"font-weight: 400;\">La <\/span><span style=\"text-decoration: underline;\"><a href=\"https:\/\/www.cms.int\/fr\" target=\"_blank\" rel=\"noopener\"><b>Convention sur les esp\u00e8ces migratrices appartenant \u00e0 la faune sauvage<\/b><span style=\"font-weight: 400;\"> (CMS) ou <\/span><b>Convention de Bonn<\/b><\/a><\/span><span style=\"font-weight: 400;\">, <\/span><b>sign\u00e9e le 19 juin 1979<\/b><span style=\"font-weight: 400;\">, a vocation \u00e0 <\/span><b>prot\u00e9ger les esp\u00e8ces qui franchissent une ou plusieurs fronti\u00e8res nationales au cours de leur cycle migratoire<\/b><span style=\"font-weight: 400;\">.\u00a0<\/span><\/p><p><span style=\"font-weight: 400;\">Cette convention <\/span><b>favorise la coop\u00e9ration entre Etats concern\u00e9s par l\u2019aire de r\u00e9partition d\u2019une esp\u00e8ce<\/b><span style=\"font-weight: 400;\">.\u00a0<\/span><\/p><p><span style=\"font-weight: 400;\">La Convention Internationale pour la R\u00e9glementation de la Chasse \u00e0 la Baleine a permis la cr\u00e9ation de la <\/span><span style=\"text-decoration: underline;\"><a href=\"https:\/\/iwc.int\/fr\/\" target=\"_blank\" rel=\"noopener\"><b>Commission Baleini\u00e8re Internationale (CBI)<\/b><\/a><\/span><b> en 1946<\/b><span style=\"font-weight: 400;\">. Cette Convention est <\/span><b>charg\u00e9e de r\u00e9glementer la chasse \u00e0 la baleine afin d\u2019assurer la sauvegarde des peuplements baleiniers<\/b><span style=\"font-weight: 400;\">. Pour cela, la CBI peut d\u00e9finir des zones ferm\u00e9es \u00e0 la chasse, r\u00e9glementer les saisons et m\u00e9thodes de chasse ou les esp\u00e8ces chass\u00e9es par exemple. Cette convention est le<\/span><b> premier texte international de ce genre \u00e0 avoir vu le jour<\/b><span style=\"font-weight: 400;\">.\u00a0<\/span><\/p><p><span style=\"font-weight: 400;\">En 1986, au vu du nombre de prises et de la diminution des stocks, la CBI d\u00e9cide d\u2019interrompre toute activit\u00e9 de chasse commerciale des grands c\u00e9tac\u00e9s, avec quelques exceptions. <\/span><b>Ces derni\u00e8res ann\u00e9es, le champ d\u2019application de la Convention s\u2019est \u00e9largi aux petits c\u00e9tac\u00e9s<\/b><span style=\"font-weight: 400;\">.<\/span><\/p>\t\t\t\t\t\t\t\t<\/div>\n\t\t\t\t<\/div>\n\t\t\t\t<div class=\"elementor-element elementor-element-4dedb67 elementor-widget elementor-widget-heading\" data-id=\"4dedb67\" data-element_type=\"widget\" data-e-type=\"widget\" data-widget_type=\"heading.default\">\n\t\t\t\t<div class=\"elementor-widget-container\">\n\t\t\t\t\t<h3 class=\"elementor-heading-title elementor-size-default\">Les sanctuaires marins<\/h3>\t\t\t\t<\/div>\n\t\t\t\t<\/div>\n\t\t\t\t<div class=\"elementor-element elementor-element-9815f49 elementor-widget elementor-widget-text-editor\" data-id=\"9815f49\" data-element_type=\"widget\" data-e-type=\"widget\" data-widget_type=\"text-editor.default\">\n\t\t\t\t<div class=\"elementor-widget-container\">\n\t\t\t\t\t\t\t\t\t<p><span style=\"font-weight: 400;\">L\u2019<\/span><b>Accord Pelagos<\/b><span style=\"font-weight: 400;\"> pour la cr\u00e9ation en M\u00e9diterran\u00e9e d\u2019un <\/span><b>sanctuaire pour les mammif\u00e8res marins<\/b><span style=\"font-weight: 400;\"> a \u00e9t\u00e9 <\/span><b>sign\u00e9 en 1999 par la France, l\u2019Italie et Monaco<\/b><span style=\"font-weight: 400;\">. Le <\/span><span style=\"text-decoration: underline;\"><a href=\"https:\/\/www.sanctuaire-pelagos.org\/fr\/\" target=\"_blank\" rel=\"noopener\"><b>Sanctuaire Pelagos<\/b><\/a><\/span><span style=\"font-weight: 400;\"> qui en d\u00e9coule couvre une surface de <\/span><b>87 500 km\u00b2 englobant la Corse<\/b><span style=\"font-weight: 400;\">.\u00a0<\/span><\/p><p><span style=\"font-weight: 400;\">Cette <\/span><b>zone rev\u00eat une importance capitale \u00e0 l\u2019\u00e9chelle de la M\u00e9diterran\u00e9e<\/b><span style=\"font-weight: 400;\"> pour la plupart des esp\u00e8ces de c\u00e9tac\u00e9s r\u00e9sidentes : les conditions climatiques et courantologiques favorisent le d\u00e9veloppement de plancton, base de la cha\u00eene alimentaire marine, qui va attirer l\u2019ensemble des pr\u00e9dateurs \u00e0 partir du printemps, constituant ainsi une immense zone de nourrissage. C\u2019est \u00e9galement un lieu de reproduction privil\u00e9gi\u00e9 pour les c\u00e9tac\u00e9s qui mettent bas \u00e0 la belle saison pour augmenter les chances de survie de leurs petits.<\/span><span style=\"font-weight: 400;\"><br \/><\/span><span style=\"font-weight: 400;\">Parall\u00e8lement, cette <\/span><b>zone concentre un grand nombre d\u2019activit\u00e9s humaines<\/b><span style=\"font-weight: 400;\">, que ce soit en mer (trafic maritime, p\u00eache, plaisance) ou sur les c\u00f4tes (industries, tourisme) li\u00e9es \u00e0 une forte densit\u00e9 de population. Cette pression atteint son paroxysme en \u00e9t\u00e9 avec un doublement des connexions de ferries pour la Corse et la Sardaigne et l\u2019explosion des activit\u00e9s de plaisance (voile, yachts, jet skis etc.) pr\u00e9cis\u00e9ment lorsque les densit\u00e9s de c\u00e9tac\u00e9s sont les plus grandes.<\/span><\/p>\t\t\t\t\t\t\t\t<\/div>\n\t\t\t\t<\/div>\n\t\t\t\t<div class=\"elementor-element elementor-element-6b57224 elementor-widget elementor-widget-image\" data-id=\"6b57224\" data-element_type=\"widget\" data-e-type=\"widget\" data-widget_type=\"image.default\">\n\t\t\t\t<div class=\"elementor-widget-container\">\n\t\t\t\t\t\t\t\t\t\t\t\t\t\t\t<img loading=\"lazy\" loading=\"lazy\" decoding=\"async\" width=\"724\" height=\"1024\" src=\"https:\/\/miraceti.org\/wp-content\/uploads\/2021\/08\/PELAGOS-logo-724x1024.jpg\" class=\"attachment-large size-large wp-image-2580\" alt=\"logo pelagos\" srcset=\"https:\/\/miraceti.org\/wp-content\/uploads\/2021\/08\/PELAGOS-logo-724x1024.jpg 724w, https:\/\/miraceti.org\/wp-content\/uploads\/2021\/08\/PELAGOS-logo-scaled-600x849.jpg 600w, https:\/\/miraceti.org\/wp-content\/uploads\/2021\/08\/PELAGOS-logo-212x300.jpg 212w, https:\/\/miraceti.org\/wp-content\/uploads\/2021\/08\/PELAGOS-logo-768x1086.jpg 768w, https:\/\/miraceti.org\/wp-content\/uploads\/2021\/08\/PELAGOS-logo-1086x1536.jpg 1086w, https:\/\/miraceti.org\/wp-content\/uploads\/2021\/08\/PELAGOS-logo-1448x2048.jpg 1448w, https:\/\/miraceti.org\/wp-content\/uploads\/2021\/08\/PELAGOS-logo-scaled.jpg 1810w\" sizes=\"(max-width: 724px) 100vw, 724px\" \/>\t\t\t\t\t\t\t\t\t\t\t\t\t\t\t<\/div>\n\t\t\t\t<\/div>\n\t\t\t\t<div class=\"elementor-element elementor-element-77fe42c elementor-widget elementor-widget-text-editor\" data-id=\"77fe42c\" data-element_type=\"widget\" data-e-type=\"widget\" data-widget_type=\"text-editor.default\">\n\t\t\t\t<div class=\"elementor-widget-container\">\n\t\t\t\t\t\t\t\t\t<p><span style=\"font-weight: 400;\">Le <\/span><span style=\"text-decoration: underline;\"><a href=\"https:\/\/sanctuaire-agoa.fr\/\" target=\"_blank\" rel=\"noopener\"><b>Sanctuaire Agoa<\/b><\/a><\/span><span style=\"font-weight: 400;\"> est une <\/span><b>Aire Marine Prot\u00e9g\u00e9e de 140 000 km\u00b2<\/b><span style=\"font-weight: 400;\"> d\u00e9di\u00e9e \u00e0 la <\/span><b>protection des mammif\u00e8res marins dans les Antilles fran\u00e7aises<\/b><span style=\"font-weight: 400;\">. <\/span><b>Cr\u00e9\u00e9 en 2010 par l\u2019Agence Fran\u00e7aise pour la Biodiversit\u00e9<\/b><span style=\"font-weight: 400;\">, il s\u2019inspire largement du syst\u00e8me de fonctionnement et de l\u2019\u00e9tat d\u2019esprit du Sanctuaire Pelagos. Les deux sanctuaires collaborent ainsi sur les th\u00e9matiques du whale watching et des collisions .<\/span><\/p>\t\t\t\t\t\t\t\t<\/div>\n\t\t\t\t<\/div>\n\t\t\t\t<div class=\"elementor-element elementor-element-e6e4baa elementor-widget elementor-widget-image\" data-id=\"e6e4baa\" data-element_type=\"widget\" data-e-type=\"widget\" data-widget_type=\"image.default\">\n\t\t\t\t<div class=\"elementor-widget-container\">\n\t\t\t\t\t\t\t\t\t\t\t\t\t\t\t<img loading=\"lazy\" loading=\"lazy\" decoding=\"async\" width=\"400\" height=\"354\" src=\"https:\/\/miraceti.org\/wp-content\/uploads\/2022\/08\/unnamed.png\" class=\"attachment-large size-large wp-image-8928\" alt=\"logo AGOA\" srcset=\"https:\/\/miraceti.org\/wp-content\/uploads\/2022\/08\/unnamed.png 400w, https:\/\/miraceti.org\/wp-content\/uploads\/2022\/08\/unnamed-300x266.png 300w\" sizes=\"(max-width: 400px) 100vw, 400px\" \/>\t\t\t\t\t\t\t\t\t\t\t\t\t\t\t<\/div>\n\t\t\t\t<\/div>\n\t\t\t\t\t<\/div>\n\t\t<\/div>\n\t\t\t\t\t<\/div>\n\t\t<\/section>\n\t\t\t\t<section class=\"has_eae_slider elementor-section elementor-top-section elementor-element elementor-element-1335bd4 elementor-section-boxed elementor-section-height-default elementor-section-height-default\" data-eae-slider=\"81286\" data-id=\"1335bd4\" data-element_type=\"section\" data-e-type=\"section\">\n\t\t\t\t\t\t<div class=\"elementor-container elementor-column-gap-default\">\n\t\t\t\t\t<div class=\"has_eae_slider elementor-column elementor-col-50 elementor-top-column elementor-element elementor-element-35dd155\" data-eae-slider=\"76597\" data-id=\"35dd155\" data-element_type=\"column\" data-e-type=\"column\">\n\t\t\t<div class=\"elementor-widget-wrap elementor-element-populated\">\n\t\t\t\t\t\t<div class=\"elementor-element elementor-element-1aacec7 elementor-widget elementor-widget-heading\" data-id=\"1aacec7\" data-element_type=\"widget\" data-e-type=\"widget\" data-widget_type=\"heading.default\">\n\t\t\t\t<div class=\"elementor-widget-container\">\n\t\t\t\t\t<h2 class=\"elementor-heading-title elementor-size-default\">Mesures de gestion <\/h2>\t\t\t\t<\/div>\n\t\t\t\t<\/div>\n\t\t\t\t<div class=\"elementor-element elementor-element-783f1aa elementor-widget-divider--view-line elementor-widget elementor-widget-divider\" data-id=\"783f1aa\" data-element_type=\"widget\" data-e-type=\"widget\" data-widget_type=\"divider.default\">\n\t\t\t\t<div class=\"elementor-widget-container\">\n\t\t\t\t\t\t\t<div class=\"elementor-divider\">\n\t\t\t<span class=\"elementor-divider-separator\">\n\t\t\t\t\t\t<\/span>\n\t\t<\/div>\n\t\t\t\t\t\t<\/div>\n\t\t\t\t<\/div>\n\t\t\t\t<div class=\"elementor-element elementor-element-f231f04 elementor-widget elementor-widget-image\" data-id=\"f231f04\" data-element_type=\"widget\" data-e-type=\"widget\" data-widget_type=\"image.default\">\n\t\t\t\t<div class=\"elementor-widget-container\">\n\t\t\t\t\t\t\t\t\t\t\t\t\t\t\t<img loading=\"lazy\" loading=\"lazy\" decoding=\"async\" width=\"1024\" height=\"724\" src=\"https:\/\/miraceti.org\/wp-content\/uploads\/2022\/06\/Certification-HQWW-MIRACETI-5-1024x724.png\" class=\"attachment-large size-large wp-image-8162\" alt=\"Certification HQWW - MIRACETI\" srcset=\"https:\/\/miraceti.org\/wp-content\/uploads\/2022\/06\/Certification-HQWW-MIRACETI-5-1024x724.png 1024w, https:\/\/miraceti.org\/wp-content\/uploads\/2022\/06\/Certification-HQWW-MIRACETI-5-300x212.png 300w, https:\/\/miraceti.org\/wp-content\/uploads\/2022\/06\/Certification-HQWW-MIRACETI-5-768x543.png 768w, https:\/\/miraceti.org\/wp-content\/uploads\/2022\/06\/Certification-HQWW-MIRACETI-5-1536x1086.png 1536w, https:\/\/miraceti.org\/wp-content\/uploads\/2022\/06\/Certification-HQWW-MIRACETI-5-2048x1448.png 2048w, https:\/\/miraceti.org\/wp-content\/uploads\/2022\/06\/Certification-HQWW-MIRACETI-5-600x424.png 600w\" sizes=\"(max-width: 1024px) 100vw, 1024px\" \/>\t\t\t\t\t\t\t\t\t\t\t\t\t\t\t<\/div>\n\t\t\t\t<\/div>\n\t\t\t\t<div class=\"elementor-element elementor-element-a7f5a78 elementor-widget elementor-widget-text-editor\" data-id=\"a7f5a78\" data-element_type=\"widget\" data-e-type=\"widget\" data-widget_type=\"text-editor.default\">\n\t\t\t\t<div class=\"elementor-widget-container\">\n\t\t\t\t\t\t\t\t\t<p><b>Certification \u00ab High Quality Whale-Watching<\/b><b>\u00ae <\/b><b>\u00a0\u00bb<\/b><\/p><p><span style=\"font-weight: 400;\">Au sein du <\/span><b>Sanctuaire Pelagos<\/b><span style=\"font-weight: 400;\">, de nombreuses actions sont entreprises pour <\/span><b>\u00e9tudier les menaces qui p\u00e8sent sur les animaux et tenter de trouver des solutions avec les acteurs concern\u00e9s<\/b><span style=\"font-weight: 400;\">. Dix ans d\u2019<\/span><b>\u00e9tude et de concertation au sein du Sanctuaire avec les op\u00e9rateurs fran\u00e7ais proposant des sorties en mer d\u2019observation des c\u00e9tac\u00e9s<\/b><span style=\"font-weight: 400;\">, le <\/span><i><span style=\"font-weight: 400;\">whale watching<\/span><\/i><span style=\"font-weight: 400;\">,\u00a0 ont abouti \u00e0 la <\/span><b>cr\u00e9ation d\u2019une marque de distinction pour valoriser les op\u00e9rateurs les plus respectueux<\/b><span style=\"font-weight: 400;\">. Lanc\u00e9e en 2014, la certification \u00ab High Quality Whale-Watching<\/span><span style=\"font-weight: 400;\">\u00ae <\/span><span style=\"font-weight: 400;\">\u00bb s\u2019est essaim\u00e9e dans la Principaut\u00e9 de Monaco en 2015.\u00a0<\/span><\/p><p><span style=\"font-weight: 400;\">L\u2019objectif est d\u2019<\/span><b>inciter les op\u00e9rateurs non certifi\u00e9s \u00e0 se mettre au niveau du cahier des charges de la certification<\/b><span style=\"font-weight: 400;\"> pour profiter de sa visibilit\u00e9 et de son attrait aupr\u00e8s du grand public.\u00a0<\/span><\/p>\t\t\t\t\t\t\t\t<\/div>\n\t\t\t\t<\/div>\n\t\t\t\t<div class=\"elementor-element elementor-element-3b6d706 elementor-widget elementor-widget-text-editor\" data-id=\"3b6d706\" data-element_type=\"widget\" data-e-type=\"widget\" data-widget_type=\"text-editor.default\">\n\t\t\t\t<div class=\"elementor-widget-container\">\n\t\t\t\t\t\t\t\t\t<p><a href=\"https:\/\/miraceti.org\/nos-actions\/conservation-2\/certification-hqww\/\"><span style=\"text-decoration: underline;\"><span style=\"font-weight: 400;\">En savoir plus sur la certification &gt;<\/span><\/span><\/a><\/p>\t\t\t\t\t\t\t\t<\/div>\n\t\t\t\t<\/div>\n\t\t\t\t\t<\/div>\n\t\t<\/div>\n\t\t\t\t<div class=\"has_eae_slider elementor-column elementor-col-50 elementor-top-column elementor-element elementor-element-5d6f3e8\" data-eae-slider=\"13749\" data-id=\"5d6f3e8\" data-element_type=\"column\" data-e-type=\"column\">\n\t\t\t<div class=\"elementor-widget-wrap elementor-element-populated\">\n\t\t\t\t\t\t<div class=\"elementor-element elementor-element-5230a44 elementor-widget elementor-widget-heading\" data-id=\"5230a44\" data-element_type=\"widget\" data-e-type=\"widget\" data-widget_type=\"heading.default\">\n\t\t\t\t<div class=\"elementor-widget-container\">\n\t\t\t\t\t<h2 class=\"elementor-heading-title elementor-size-default\">Logiciel REPCET\u00ae<\/h2>\t\t\t\t<\/div>\n\t\t\t\t<\/div>\n\t\t\t\t<div class=\"elementor-element elementor-element-9616ef3 elementor-widget-divider--view-line elementor-widget elementor-widget-divider\" data-id=\"9616ef3\" data-element_type=\"widget\" data-e-type=\"widget\" data-widget_type=\"divider.default\">\n\t\t\t\t<div class=\"elementor-widget-container\">\n\t\t\t\t\t\t\t<div class=\"elementor-divider\">\n\t\t\t<span class=\"elementor-divider-separator\">\n\t\t\t\t\t\t<\/span>\n\t\t<\/div>\n\t\t\t\t\t\t<\/div>\n\t\t\t\t<\/div>\n\t\t\t\t<div class=\"elementor-element elementor-element-2ab4ba8 elementor-widget elementor-widget-image\" data-id=\"2ab4ba8\" data-element_type=\"widget\" data-e-type=\"widget\" data-widget_type=\"image.default\">\n\t\t\t\t<div class=\"elementor-widget-container\">\n\t\t\t\t\t\t\t\t\t\t\t\t\t\t\t<img loading=\"lazy\" loading=\"lazy\" decoding=\"async\" width=\"1024\" height=\"681\" src=\"https:\/\/miraceti.org\/wp-content\/uploads\/2022\/05\/16.08.04-Tamory-BP_-Morgane-Ratel-2-1024x681.jpg\" class=\"attachment-large size-large wp-image-7924\" alt=\"protection rorqual commun\" srcset=\"https:\/\/miraceti.org\/wp-content\/uploads\/2022\/05\/16.08.04-Tamory-BP_-Morgane-Ratel-2-1024x681.jpg 1024w, https:\/\/miraceti.org\/wp-content\/uploads\/2022\/05\/16.08.04-Tamory-BP_-Morgane-Ratel-2-300x199.jpg 300w, https:\/\/miraceti.org\/wp-content\/uploads\/2022\/05\/16.08.04-Tamory-BP_-Morgane-Ratel-2-768x511.jpg 768w, https:\/\/miraceti.org\/wp-content\/uploads\/2022\/05\/16.08.04-Tamory-BP_-Morgane-Ratel-2-1536x1021.jpg 1536w, https:\/\/miraceti.org\/wp-content\/uploads\/2022\/05\/16.08.04-Tamory-BP_-Morgane-Ratel-2-2048x1362.jpg 2048w, https:\/\/miraceti.org\/wp-content\/uploads\/2022\/05\/16.08.04-Tamory-BP_-Morgane-Ratel-2-600x399.jpg 600w\" sizes=\"(max-width: 1024px) 100vw, 1024px\" \/>\t\t\t\t\t\t\t\t\t\t\t\t\t\t\t<\/div>\n\t\t\t\t<\/div>\n\t\t\t\t<div class=\"elementor-element elementor-element-e79f604 elementor-widget elementor-widget-text-editor\" data-id=\"e79f604\" data-element_type=\"widget\" data-e-type=\"widget\" data-widget_type=\"text-editor.default\">\n\t\t\t\t<div class=\"elementor-widget-container\">\n\t\t\t\t\t\t\t\t\t<p><span style=\"font-weight: 400;\">La <\/span><span style=\"text-decoration: underline;\"><a href=\"https:\/\/www.legifrance.gouv.fr\/loda\/id\/LEGIARTI000033018546\/2016-08-10\/\" target=\"_blank\" rel=\"noopener\"><b>loi pour la reconqu\u00eate de la biodiversit\u00e9, de la nature et des paysages,<\/b> <b>promulgu\u00e9e le 8 ao\u00fbt 2016<\/b><\/a><\/span><span style=\"font-weight: 400;\">, a r\u00e9form\u00e9 une partie de la l\u00e9gislation relative au patrimoine naturel fran\u00e7ais. Cette loi a \u00e9galement permis l\u2019adoption d\u2019une <\/span><b>obligation, pour certains navires de s\u2019\u00e9quiper d\u2019 \u00ab un dispositif de partage des positions visant \u00e0 \u00e9viter les collisions avec les c\u00e9tac\u00e9s \u00bb <\/b><span style=\"font-weight: 400;\">(article 106 codifi\u00e9 \u00e0 l\u2019article L. 334-2-2 et suivants du Code de l\u2019environnement).\u00a0<\/span><\/p><p><span style=\"font-weight: 400;\">Entr\u00e9e en vigueur au 1er juillet 2017, cette obligation <\/span><b>concerne tous les navires battant pavillon fran\u00e7ais et naviguant dans les sanctuaires Pelagos et Agoa<\/b><span style=\"font-weight: 400;\">, d\u00e8s lors qu\u2019ils sont d\u2019une <\/span><b>longueur sup\u00e9rieure ou \u00e9gale \u00e0 24 m\u00e8tres<\/b><span style=\"font-weight: 400;\"> et qu\u2019ils ont effectu\u00e9 <\/span><b>plus de neuf navigations dans le p\u00e9rim\u00e8tre de l\u2019aire marine prot\u00e9g\u00e9e concern\u00e9e au cours de l\u2019ann\u00e9e pr\u00e9c\u00e9dente<\/b><span style=\"font-weight: 400;\">. Environ 80 navires sont ainsi concern\u00e9s par cette nouvelle disposition. L\u2019absence d\u2019\u00e9quipement ainsi que l\u2019utilisation des donn\u00e9es partag\u00e9es au travers du dispositif anti-collisions dans le but de proposer des sorties commerciales comprenant une activit\u00e9 d&#8217;observation des mammif\u00e8res marins sont sanctionn\u00e9es par une amende d\u2019un montant de 30 000\u20ac. Un <\/span><span style=\"text-decoration: underline;\"><a href=\"https:\/\/www.legifrance.gouv.fr\/jorf\/id\/JORFTEXT000036195747\" target=\"_blank\" rel=\"noopener\"><b>arr\u00eat\u00e9 en date du 11 d\u00e9cembre 2017<\/b><\/a><\/span><b> dispose que seul le dispositif REPCET<\/b><b>\u00ae<\/b><b> r\u00e9pond aux caract\u00e9ristiques et exigences techniques pos\u00e9es par la loi<\/b><span style=\"font-weight: 400;\">.\u00a0<\/span><\/p>\t\t\t\t\t\t\t\t<\/div>\n\t\t\t\t<\/div>\n\t\t\t\t<div class=\"elementor-element elementor-element-5bb7cfb elementor-widget elementor-widget-text-editor\" data-id=\"5bb7cfb\" data-element_type=\"widget\" data-e-type=\"widget\" data-widget_type=\"text-editor.default\">\n\t\t\t\t<div class=\"elementor-widget-container\">\n\t\t\t\t\t\t\t\t\t<p><a href=\"https:\/\/miraceti.org\/nos-actions\/conservation-2\/repcet\/\"><span style=\"text-decoration: underline;\"><span style=\"font-weight: 400;\">\u00a0En savoir plus sur le logiciel REPCET<b>\u00ae<\/b> &gt;<\/span><\/span><\/a><\/p>\t\t\t\t\t\t\t\t<\/div>\n\t\t\t\t<\/div>\n\t\t\t\t\t<\/div>\n\t\t<\/div>\n\t\t\t\t\t<\/div>\n\t\t<\/section>\n\t\t\t\t<\/div>\n\t\t","protected":false},"excerpt":{"rendered":"<p>Conservation Les outils l\u00e9gislatifs touchant de pr\u00e8s ou de loin \u00e0 la protection des c\u00e9tac\u00e9s en M\u00e9diterran\u00e9e sont nombreux. Ce millefeuille de conventions, directives, r\u00e8glements, lois et d\u00e9crets ne facilite pas la lisibilit\u00e9 mais d\u00e9montre que la protection de la biodiversit\u00e9, et plus sp\u00e9cifiquement des c\u00e9tac\u00e9s, fait l\u2019objet d\u2019une attention croissante au sein de la [&hellip;]<\/p>\n","protected":false},"author":4,"featured_media":9730,"parent":0,"menu_order":0,"comment_status":"closed","ping_status":"closed","template":"","meta":{"_et_pb_use_builder":"on","_et_pb_old_content":"<h1>Conservation<\/h1><p>Les outils l\u00e9gislatifs touchant de pr\u00e8s ou de loin \u00e0 la protection des c\u00e9tac\u00e9s en M\u00e9diterran\u00e9e sont nombreux. Ce millefeuille de conventions, directives, r\u00e8glements, lois et d\u00e9crets ne facilite pas la lisibilit\u00e9 mais d\u00e9montre que la protection de la biodiversit\u00e9, et plus sp\u00e9cifiquement des c\u00e9tac\u00e9s, fait l\u2019objet d\u2019une attention croissante au sein de la communaut\u00e9 internationale et des l\u00e9gislateurs. Ces outils juridiques peuvent constituer un appui solide pour d\u00e9noncer certaines pratiques pouvant porter atteinte \u00e0 l\u2019int\u00e9grit\u00e9 des populations de c\u00e9tac\u00e9s ou \u00e0 leurs habitats et favoriser certains comportements plus vertueux.<\/p><p>[rank_math_breadcrumb]<\/p><h2>Les outils de conservation des c\u00e9tac\u00e9s<\/h2><p>Le <b>droit de l\u2019environnement est un droit relativement r\u00e9cent<\/b> : c\u2019est surtout au cours de la <b>seconde moiti\u00e9 du XX\u00e8me si\u00e8cle qu\u2019ont \u00e9merg\u00e9 de nombreuses r\u00e8gles<\/b>, tant au niveau national qu\u2019international, visant directement la protection de l\u2019environnement. L\u2019essor du droit de l\u2019environnement est le <b>r\u00e9sultat d\u2019un double mouvement <\/b>:<\/p><ul><li>Une <b>prise de conscience<\/b> de la sph\u00e8re scientifique, de la soci\u00e9t\u00e9 civile et de la sph\u00e8re politique que les actes de l\u2019homme ont un impact notable sur l\u2019environnement, qui ne conna\u00eet pas de fronti\u00e8re ;<\/li><li>les \u00c9tats ayant l\u00e9gif\u00e9r\u00e9 en faveur de l\u2019environnement ont exprim\u00e9 leur <b>volont\u00e9 de faire traduire leurs r\u00e8gles au niveau international afin de g\u00e9n\u00e9raliser les efforts.<\/b><\/li><\/ul><p>Cela s\u2019est traduit par une <b style=\"background-color: transparent; font-size: 1rem; color: var( --e-global-color-text ); font-family: var( --e-global-typography-text-font-family ), Sans-serif;\">densification des r\u00e8gles de droit national<\/b> et par l\u2019<b style=\"background-color: transparent; font-size: 1rem; color: var( --e-global-color-text ); font-family: var( --e-global-typography-text-font-family ), Sans-serif;\">adoption de nombreux textes supranationaux sur le sujet<\/b>. Les mesures relatives \u00e0 la protection des c\u00e9tac\u00e9s n\u2019ont pas \u00e9chapp\u00e9 \u00e0 cette tendance. En effet, des <b style=\"background-color: transparent; font-size: 1rem; color: var( --e-global-color-text ); font-family: var( --e-global-typography-text-font-family ), Sans-serif;\">textes g\u00e9n\u00e9raux ou qui leur sont sp\u00e9cifiquement d\u00e9di\u00e9s aux c\u00e9tac\u00e9s et mammif\u00e8res marins ont permis de d\u00e9velopper de nombreux outils favorisant leur conservation<\/b>, tant au niveau de leur habitat que des esp\u00e8ces elles-m\u00eames.<\/p><h2>Statut<\/h2><p>La <a href=\"https:\/\/cites.org\/fra\"><b>Convention CITES<\/b><\/a>, sign\u00e9e le <b>3 mars 1973<\/b>, \u00e9galement appel\u00e9e Convention de Washington <b>encadre strictement le commerce international des esp\u00e8ces de faune et de flore sauvages menac\u00e9es d\u2019extinction<\/b>. La Convention CITES fonctionne au travers <a href=\"https:\/\/cites.org\/fra\/app\/appendices.php\">d\u2019annexes <\/a>: la <b>plupart des c\u00e9tac\u00e9s figure en Annexe II<\/b> depuis 1988 (<b>esp\u00e8ces non menac\u00e9es d\u2019extinction actuellement mais qui pourraient le devenir<\/b> si le commerce de leurs sp\u00e9cimens n\u2019est pas \u00e9troitement contr\u00f4l\u00e9), except\u00e9s 10 genres et 24 esp\u00e8ces inscrits en Annexe I (commerce strictement interdit).<\/p><p>L\u2019adoption de la <a href=\"https:\/\/eur-lex.europa.eu\/FR\/legal-content\/summary\/barcelona-convention-for-the-protection-of-the-mediterranean.html\"><b>Convention de Barcelone en 1976<\/b> <\/a>a permis de fixer le <b>socle juridique des actions de lutte contre la pollution en M\u00e9diterran\u00e9e<\/b>, ensuite <b>\u00e9largies \u00e0 d\u2019autres th\u00e9matiques au travers de Protocoles<\/b>. En ce qui concerne la protection des c\u00e9tac\u00e9s, un <b>Plan d\u2019action pour la conservation des c\u00e9tac\u00e9s en M\u00e9diterran\u00e9e a \u00e9t\u00e9 adopt\u00e9 en 1991<\/b> afin d\u2019encourager les Etats riverains \u00e0 r<b>enforcer les mesures en faveur de la protection des habitats et des populations de c\u00e9tac\u00e9s. <\/b>Le <b>Protocole ASP\/DB<\/b> - d\u00e9di\u00e9 aux aires sp\u00e9cialement prot\u00e9g\u00e9es et \u00e0 la diversit\u00e9 biologique en M\u00e9diterran\u00e9e et issu de la <a href=\"https:\/\/eur-lex.europa.eu\/FR\/legal-content\/summary\/barcelona-convention-for-the-protection-of-the-mediterranean.html\"><b>Convention de Barcelone<\/b><\/a> - a accentu\u00e9 ce besoin de coop\u00e9ration en dressant, dans ses annexes, la <b>liste des esp\u00e8ces menac\u00e9es ou en danger de mer M\u00e9diterran\u00e9e<\/b>. Elle comprend aujourd\u2019hui <b>huit esp\u00e8ces de c\u00e9tac\u00e9s consid\u00e9r\u00e9es comme r\u00e9sidentes en M\u00e9diterran\u00e9e<\/b>.<\/p><p>Premier texte europ\u00e9en traitant de la biodiversit\u00e9, la <a href=\"https:\/\/eur-lex.europa.eu\/FR\/legal-content\/summary\/bern-convention.html\"><b>Convention de Berne<\/b><\/a><b> a \u00e9t\u00e9 sign\u00e9e le 19 septembre 1979.<\/b> Ce trait\u00e9 a vocation \u00e0 <b>prot\u00e9ger la faune et la flore sauvage d\u2019Europe et leurs habitats<\/b> et fonctionne sur la base d\u2019annexes. En <b>1996<\/b>, un amendement vient modifier l\u2019annexe II visant les <b>esp\u00e8ces n\u00e9cessitant une protection particuli\u00e8re afin d\u2019int\u00e9grer les c\u00e9tac\u00e9s<\/b> \u00e0 cette liste.<\/p><p>En 2020, la France a \u00e9galement adopt\u00e9 son <a href=\"https:\/\/www.ecologie.gouv.fr\/sites\/default\/files\/DGALN_plan-actions-protection-cetaces_web.pdf\">Plan d\u2019action pour la conservation des c\u00e9tac\u00e9s<\/a>, visant \u00e0 p<b>r\u00e9server les populations de c\u00e9tac\u00e9s pr\u00e9sentes dans les eaux marines fran\u00e7aises sous souverainet\u00e9 et sous juridiction en termes d\u2019abondance, de distribution et de diversit\u00e9<\/b>. Ce plan a pour vocation de s\u2019int\u00e9grer dans un ensemble de politiques mises en \u0153uvre \u00e0 l\u2019\u00e9chelle internationale, europ\u00e9enne, nationale et r\u00e9gionale.<\/p><h2>Cadre juridique<\/h2><p>La l\u00e9gislation nationale influen\u00e7ant la protection des mammif\u00e8res marins et en particulier des c\u00e9tac\u00e9s de M\u00e9diterran\u00e9e, a trois sources :<\/p><ul><li>les initiatives purement fran\u00e7aises ;<\/li><li>la transposition ou la mise en application des textes europ\u00e9ens ;<\/li><li>La transposition des trait\u00e9s internationaux auxquels la France est partie.<\/li><\/ul><h3>Le cadre juridique fran\u00e7ais<\/h3><p><img src=\"https:\/\/miraceti.org\/wp-content\/uploads\/2022\/08\/Photo-dans-onglet-_ce\u0301tace\u0301s-_-Conservation-3-1024x724.png\" sizes=\"(max-width: 800px) 100vw, 800px\" srcset=\"https:\/\/miraceti.org\/wp-content\/uploads\/2022\/08\/Photo-dans-onglet-_ce\u0301tace\u0301s-_-Conservation-3-1024x724.png 1024w, https:\/\/miraceti.org\/wp-content\/uploads\/2022\/08\/Photo-dans-onglet-_ce\u0301tace\u0301s-_-Conservation-3-300x212.png 300w, https:\/\/miraceti.org\/wp-content\/uploads\/2022\/08\/Photo-dans-onglet-_ce\u0301tace\u0301s-_-Conservation-3-768x543.png 768w, https:\/\/miraceti.org\/wp-content\/uploads\/2022\/08\/Photo-dans-onglet-_ce\u0301tace\u0301s-_-Conservation-3-1536x1086.png 1536w, https:\/\/miraceti.org\/wp-content\/uploads\/2022\/08\/Photo-dans-onglet-_ce\u0301tace\u0301s-_-Conservation-3-2048x1448.png 2048w, https:\/\/miraceti.org\/wp-content\/uploads\/2022\/08\/Photo-dans-onglet-_ce\u0301tace\u0301s-_-Conservation-3-600x424.png 600w\" alt=\"\" width=\"800\" height=\"566\" \/><\/p><p>Depuis la <a href=\"https:\/\/www.legifrance.gouv.fr\/loda\/id\/LEGITEXT000006068553\/\"><b>loi de 1976<\/b><\/a>, premi\u00e8re loi d\u2019envergure sur la protection de la nature, <b>certaines esp\u00e8ces b\u00e9n\u00e9ficient d\u2019une protection dite \u00ab stricte \u00bb sur le territoire national<\/b>. Les dispositions de cette loi sont d\u00e9sormais <b>codifi\u00e9es \u00e0 l\u2019article L. 411-1 du Code de l\u2019environnement<\/b>.<\/p><p>Plus r\u00e9cemment, l\u2019<a href=\"https:\/\/www.legifrance.gouv.fr\/loda\/id\/JORFTEXT000024396902\/\"><b>arr\u00eat\u00e9 du 1er juillet 2011<\/b><\/a> - qui a abrog\u00e9 l\u2019<a href=\"https:\/\/www.legifrance.gouv.fr\/loda\/id\/JORFTEXT000000442542\/\">arr\u00eat\u00e9 du 20 octobre 1970<\/a> et l\u2019<a href=\"https:\/\/www.legifrance.gouv.fr\/loda\/id\/JORFTEXT000000554572\/\">arr\u00eat\u00e9 du 27 juillet 1995<\/a> - a mis \u00e0 jour la <b>liste des mammif\u00e8res marins prot\u00e9g\u00e9s sur le territoire national et les modalit\u00e9s de leur protection<\/b>. Il rev\u00eat une importance particuli\u00e8re car il <b>inclut la protection des habitats des mammif\u00e8res marins<\/b>, interdisant d\u00e8s lors \u00ab la destruction, l'alt\u00e9ration ou la d\u00e9gradation des sites de reproduction et des aires de repos des animaux \u00bb et <b>incrimine la perturbation intentionnelle des esp\u00e8ces list\u00e9es<\/b>, tout en pr\u00e9cisant que cela comprend \u00ab la poursuite ou le harc\u00e8lement des animaux dans le milieu naturel \u00bb. Le Rorqual commun, la Baleine \u00e0 bosse, le Dauphin commun \u00e0 bec court, le Globic\u00e9phale noir, le Dauphin de Risso, le Dauphin bleu et blanc, le Grand dauphin et le Cachalot ont tous \u00e9t\u00e9 d\u00e9sign\u00e9s comme esp\u00e8ces prot\u00e9g\u00e9es par cet arr\u00eat\u00e9.<\/p><p>En droit fran\u00e7ais, il existe <b>plusieurs degr\u00e9s de protection des esp\u00e8ces de faune et de flore sauvage<\/b>s. Ainsi, certaines esp\u00e8ces b\u00e9n\u00e9ficient d\u2019une <b>protection dite \u00ab partielle \u00bb<\/b>. Dans ce cas, les esp\u00e8ces sont prot\u00e9g\u00e9es au travers de l\u2019<a href=\"https:\/\/www.legifrance.gouv.fr\/codes\/article_lc\/LEGIARTI000033051232\/\"><b>article L. 412-1 du Code de l\u2019environnement<\/b><\/a> - modifi\u00e9 par la <a href=\"http:\/\/legifrance.gouv.fr\/loda\/id\/LEGIARTI000033018546\/2016-08-10\/\"><b>loi pour la reconqu\u00eate de la biodiversit\u00e9, de la nature et des paysages<\/b> <b>du 8 ao\u00fbt 2016<\/b><\/a> - qui <b>soumet \u00e0 d\u00e9claration ou autorisation certaines activit\u00e9s humaines pouvant porter sur celles-ci ou sur leurs produits<\/b>.<\/p><h3>Le cadre juridique europ\u00e9en<\/h3><p><img src=\"https:\/\/miraceti.org\/wp-content\/uploads\/2022\/08\/Photo-dans-onglet-_ce\u0301tace\u0301s-_-Conservation-1024x724.png\" sizes=\"(max-width: 800px) 100vw, 800px\" srcset=\"https:\/\/miraceti.org\/wp-content\/uploads\/2022\/08\/Photo-dans-onglet-_ce\u0301tace\u0301s-_-Conservation-1024x724.png 1024w, https:\/\/miraceti.org\/wp-content\/uploads\/2022\/08\/Photo-dans-onglet-_ce\u0301tace\u0301s-_-Conservation-300x212.png 300w, https:\/\/miraceti.org\/wp-content\/uploads\/2022\/08\/Photo-dans-onglet-_ce\u0301tace\u0301s-_-Conservation-768x543.png 768w, https:\/\/miraceti.org\/wp-content\/uploads\/2022\/08\/Photo-dans-onglet-_ce\u0301tace\u0301s-_-Conservation-1536x1086.png 1536w, https:\/\/miraceti.org\/wp-content\/uploads\/2022\/08\/Photo-dans-onglet-_ce\u0301tace\u0301s-_-Conservation-2048x1448.png 2048w, https:\/\/miraceti.org\/wp-content\/uploads\/2022\/08\/Photo-dans-onglet-_ce\u0301tace\u0301s-_-Conservation-600x424.png 600w\" alt=\"\" width=\"800\" height=\"566\" \/><\/p><p>Adopt\u00e9e le <b>21 mai 1992<\/b>, la <a href=\"https:\/\/inpn.mnhn.fr\/docs\/natura2000\/Directive_habitats_version_consolidee_2007.pdf\"><b>Directive \u00ab Habitats \u00bb<\/b><\/a> vise <b>\u00ab \u00e0 assurer le maintien ou le r\u00e9tablissement, dans un \u00e9tat de conservation favorable, des habitats naturels et des esp\u00e8ces de faune et de flore sauvages d'int\u00e9r\u00eat communautaire \u00bb tout en tenant compte des \u00ab exigences \u00e9conomiques, sociales et culturelles \u00bb (article 2)<\/b>. C\u2019est un texte fondateur et essentiel de la protection de la nature au sein de l\u2019Union europ\u00e9enne tant du fait de son champ d\u2019application territorial que mat\u00e9riel. Elle <b>impose \u00e0 tous les Etats membres de l\u2019Union europ\u00e9enne la mise en place d\u2019un cadre l\u00e9gal pour la protection des esp\u00e8ces<\/b>, notamment par la protection de leurs habitats (d\u2019o\u00f9 son nom). C\u2019est notamment gr\u00e2ce \u00e0 cette Directive que des <b>aires prot\u00e9g\u00e9es interconnect\u00e9es sur le territoire europ\u00e9en ont \u00e9t\u00e9 cr\u00e9\u00e9es par le r\u00e9seau Natura 2000<\/b>.<\/p><p>La directive identifie, au travers de ses annexes, les types d\u2019habitats naturels pour lesquels les Etats membres doivent d\u00e9ployer des efforts de conservation du fait de leur int\u00e9r\u00eat biologique ou de leur r\u00f4le vis-\u00e0-vis de certaines esp\u00e8ces (les Zones Sp\u00e9ciales de Conservation \u2013 ZSC \u2013) et les esp\u00e8ces devant faire l\u2019objet de mesures de protection plus ou moins strictes. <b>Deux esp\u00e8ces de c\u00e9tac\u00e9s sont list\u00e9es en Annexe II (esp\u00e8ces d\u2019int\u00e9r\u00eat communautaire qui n\u00e9cessitent la d\u00e9signation de ZSC)<\/b> : le Grand dauphin et le Marsouin commun (absent de M\u00e9diterran\u00e9e). Le Phoque moine et le Phoque commun sont \u00e9galement list\u00e9s en Annexe II. <b>Toutes les autres esp\u00e8ces de c\u00e9tac\u00e9s sont list\u00e9es en Annexe IV (esp\u00e8ces pr\u00e9sentant un int\u00e9r\u00eat communautaire et n\u00e9cessitant une protection stricte).<\/b><\/p><p><b>Adopt\u00e9e le 17 juin 2008<\/b>, la <a href=\"https:\/\/eur-lex.europa.eu\/FR\/legal-content\/summary\/strategy-for-the-marine-environment.html#:~:text=La%20directive%2Dcadre%20%C2%ABstrat%C3%A9gie%20pour,en%20permettant%20son%20utilisation%20durable%2C\"><b>directive-cadre \u00ab Strat\u00e9gie pour le Milieu Marin \u00bb (DCSMM)<\/b> <\/a>constitue le <b>pilier environnemental de la politique maritime de l\u2019Union europ\u00e9enne<\/b>. Son objectif est de maintenir ou d\u2019atteindre, d\u2019ici 2020, un bon \u00e9tat \u00e9cologique du milieu marin. Pour y parvenir, un <a href=\"https:\/\/dcsmm.milieumarinfrance.fr\/Le-Plan-d-Action-pour-le-Milieu-Marin\"><b>Plan d\u2019Action pour le Milieu Marin (PAMM) <\/b><\/a><b>doit \u00eatre adopt\u00e9 pour chaque sous-r\u00e9gion marine <\/b>(ex. : la M\u00e9diterran\u00e9e occidentale).<\/p><p>Il doit comporter cinq \u00e9l\u00e9ments :<\/p><ul><li>une \u00e9valuation initiale de l\u2019\u00e9tat \u00e9cologique des eaux marines et de l\u2019impact environnemental des activit\u00e9s humaines ;<\/li><li>la d\u00e9finition du bon \u00e9tat \u00e9cologique pour ces eaux ;<\/li><li>la d\u00e9finition d\u2019objectifs environnementaux et d\u2019indicateurs associ\u00e9s en vue de parvenir \u00e0 un bon \u00e9tat \u00e9cologique du milieu marin ;<\/li><li>un programme de surveillance en vue de l\u2019\u00e9valuation permanente de l\u2019\u00e9tat des eaux marines et de la mise \u00e0 jour p\u00e9riodique des objectifs environnementaux ;<\/li><li>un programme de mesures devant permettre de conserver ou d\u2019atteindre le bon \u00e9tat \u00e9cologique des eaux marines.<\/li><\/ul><p>La <b>mise en \u0153uvre des prescriptions de cette directive participe donc \u00e0 prot\u00e9ger les habitats des c\u00e9tac\u00e9s, notamment en mer M\u00e9diterran\u00e9e<\/b>.<br \/>Plusieurs <b style=\"color: var( --e-global-color-text ); font-family: var( --e-global-typography-text-font-family ), Sans-serif; font-size: 1rem;\">r\u00e8glements concernant la protection des c\u00e9tac\u00e9s ou de leurs habitats<\/b> ont \u00e9t\u00e9 adopt\u00e9s :<\/p><ul><li><a href=\"https:\/\/eur-lex.europa.eu\/legal-content\/FR\/ALL\/?uri=CELEX:31981R0348\"><b>R\u00e8glement du 20 janvier 1981<\/b><\/a> : il interdit l\u2019importation des produits issus de toutes les esp\u00e8ces de c\u00e9tac\u00e9s ;<\/li><li><a href=\"https:\/\/www.legifrance.gouv.fr\/jorf\/id\/JORFTEXT000000694567\"><b>R\u00e8glement du 3 d\u00e9cembre 1982<\/b><\/a> : il transpose, au niveau europ\u00e9en, la Convention de Washington sur le commerce international des esp\u00e8ces de faune et de flore menac\u00e9es d\u2019extinction (paragraphe 1.1.3) ;<\/li><li><a href=\"https:\/\/eur-lex.europa.eu\/legal-content\/FR\/TXT\/HTML\/?uri=CELEX:31998R1239&from=EL\"><b>R\u00e8glement du 20 d\u00e9cembre 1992<\/b><\/a> (modifi\u00e9 en 1998 puis en 2004) : il interdit l\u2019utilisation des grands filets maillants d\u00e9rivants ;<\/li><li><a href=\"https:\/\/eur-lex.europa.eu\/legal-content\/FR\/TXT\/HTML\/?uri=CELEX:62007CO0109&from=LT\"><b>R\u00e8glement du 8 juin 1998<\/b><\/a> : il interdit la pratique de p\u00eache \u00e0 la \u00ab thonaille \u00bb \u00e0 partir du 1er janvier 2002. Cette technique de p\u00eache est accus\u00e9e d\u2019avoir un taux de prises accidentelles tr\u00e8s \u00e9lev\u00e9, notamment de Dauphins bleu et blanc.<\/li><\/ul><h3>Les principales conventions internationales<\/h3><p><img src=\"https:\/\/miraceti.org\/wp-content\/uploads\/2022\/08\/Photo-dans-onglet-_ce\u0301tace\u0301s-_-Conservation-2-1024x724.png\" sizes=\"(max-width: 800px) 100vw, 800px\" srcset=\"https:\/\/miraceti.org\/wp-content\/uploads\/2022\/08\/Photo-dans-onglet-_ce\u0301tace\u0301s-_-Conservation-2-1024x724.png 1024w, https:\/\/miraceti.org\/wp-content\/uploads\/2022\/08\/Photo-dans-onglet-_ce\u0301tace\u0301s-_-Conservation-2-300x212.png 300w, https:\/\/miraceti.org\/wp-content\/uploads\/2022\/08\/Photo-dans-onglet-_ce\u0301tace\u0301s-_-Conservation-2-768x543.png 768w, https:\/\/miraceti.org\/wp-content\/uploads\/2022\/08\/Photo-dans-onglet-_ce\u0301tace\u0301s-_-Conservation-2-1536x1086.png 1536w, https:\/\/miraceti.org\/wp-content\/uploads\/2022\/08\/Photo-dans-onglet-_ce\u0301tace\u0301s-_-Conservation-2-2048x1448.png 2048w, https:\/\/miraceti.org\/wp-content\/uploads\/2022\/08\/Photo-dans-onglet-_ce\u0301tace\u0301s-_-Conservation-2-600x424.png 600w\" alt=\"\" width=\"800\" height=\"566\" \/><\/p><p>La <a href=\"https:\/\/www.un.org\/fr\/observances\/biological-diversity-day\/convention\"><b>Convention sur la diversit\u00e9 biologique<\/b><\/a>, la CDB, a \u00e9t\u00e9 <b>adopt\u00e9e le 5 juin 1992<\/b> \u00e0 la suite du Sommet de la Terre \u00e0 Rio de Janeiro. La CDB est le <b>premier trait\u00e9 international engageant un aussi grand nombre d\u2019Etats autour des objectifs g\u00e9n\u00e9raux de conservation de la diversit\u00e9 biologique et d\u2019utilisation durable des ressources<\/b> (article 1er).<\/p><p>La <b>France <\/b>a d\u00e9clin\u00e9 ces objectifs et les moyens d\u2019y parvenir par l\u2019adoption en <b>mars 2022 du premier volet pr\u00e9-COP 15 de la <\/b><a href=\"https:\/\/www.ecologie.gouv.fr\/strategie-nationale-biodiversite#:~:text=La%20strat%C3%A9gie%20nationale%20pour%20la%20biodiversit%C3%A9%20(SNB)%202011%2D2020,responsabilit%C3%A9s%20sur%20une%20base%20volontaire.\"><b>Strat\u00e9gie nationale biodiversit\u00e9 2030<\/b><\/a>, tout comme l\u2019Union europ\u00e9enne qui a d\u00e9fini sa strat\u00e9gie en faveur de la biodiversit\u00e9 \u00e0 l\u2019horizon 2030. Ce plan vise \u00e0 prot\u00e9ger la nature et \u00e0 inverser la tendance \u00e0 la d\u00e9gradation des \u00e9cosyst\u00e8mes.<\/p><p>La <a href=\"https:\/\/www.cms.int\/fr\"><b>Convention sur les esp\u00e8ces migratrices appartenant \u00e0 la faune sauvage<\/b> (CMS) ou <b>Convention de Bonn<\/b><\/a>, <b>sign\u00e9e le 19 juin 1979<\/b>, a vocation \u00e0 <b>prot\u00e9ger les esp\u00e8ces qui franchissent une ou plusieurs fronti\u00e8res nationales au cours de leur cycle migratoire<\/b>.<\/p><p>Cette convention <b>favorise la coop\u00e9ration entre Etats concern\u00e9s par l\u2019aire de r\u00e9partition d\u2019une esp\u00e8ce<\/b>.<\/p><p>La Convention Internationale pour la R\u00e9glementation de la Chasse \u00e0 la Baleine a permis la cr\u00e9ation de la <a href=\"https:\/\/iwc.int\/fr\/\"><b>Commission Baleini\u00e8re Internationale (CBI)<\/b><\/a><b> en 1946<\/b>. Cette Convention est <b>charg\u00e9e de r\u00e9glementer la chasse \u00e0 la baleine afin d\u2019assurer la sauvegarde des peuplements baleiniers<\/b>. Pour cela, la CBI peut d\u00e9finir des zones ferm\u00e9es \u00e0 la chasse, r\u00e9glementer les saisons et m\u00e9thodes de chasse ou les esp\u00e8ces chass\u00e9es par exemple. Cette convention est le<b> premier texte international de ce genre \u00e0 avoir vu le jour<\/b>.<\/p><p>En 1986, au vu du nombre de prises et de la diminution des stocks, la CBI d\u00e9cide d\u2019interrompre toute activit\u00e9 de chasse commerciale des grands c\u00e9tac\u00e9s, avec quelques exceptions. <b>Ces derni\u00e8res ann\u00e9es, le champ d\u2019application de la Convention s\u2019est \u00e9largi aux petits c\u00e9tac\u00e9s<\/b>.<\/p><h3>Les sanctuaires marins<\/h3><p>L\u2019<b>Accord Pelagos<\/b> pour la cr\u00e9ation en M\u00e9diterran\u00e9e d\u2019un <b>sanctuaire pour les mammif\u00e8res marins<\/b> a \u00e9t\u00e9 <b>sign\u00e9 en 1999 par la France, l\u2019Italie et Monaco<\/b>. Le <a href=\"https:\/\/www.sanctuaire-pelagos.org\/fr\/\"><b>Sanctuaire Pelagos<\/b><\/a> qui en d\u00e9coule couvre une surface de <b>87 500 km\u00b2 englobant la Corse<\/b>.<\/p><p>Cette <b>zone rev\u00eat une importance capitale \u00e0 l\u2019\u00e9chelle de la M\u00e9diterran\u00e9e<\/b> pour la plupart des esp\u00e8ces de c\u00e9tac\u00e9s r\u00e9sidentes : les conditions climatiques et courantologiques favorisent le d\u00e9veloppement de plancton, base de la cha\u00eene alimentaire marine, qui va attirer l\u2019ensemble des pr\u00e9dateurs \u00e0 partir du printemps, constituant ainsi une immense zone de nourrissage. C\u2019est \u00e9galement un lieu de reproduction privil\u00e9gi\u00e9 pour les c\u00e9tac\u00e9s qui mettent bas \u00e0 la belle saison pour augmenter les chances de survie de leurs petits.<br \/>Parall\u00e8lement, cette <b>zone concentre un grand nombre d\u2019activit\u00e9s humaines<\/b>, que ce soit en mer (trafic maritime, p\u00eache, plaisance) ou sur les c\u00f4tes (industries, tourisme) li\u00e9es \u00e0 une forte densit\u00e9 de population. Cette pression atteint son paroxysme en \u00e9t\u00e9 avec un doublement des connexions de ferries pour la Corse et la Sardaigne et l\u2019explosion des activit\u00e9s de plaisance (voile, yachts, jet skis etc.) pr\u00e9cis\u00e9ment lorsque les densit\u00e9s de c\u00e9tac\u00e9s sont les plus grandes.<\/p><p><img src=\"https:\/\/miraceti.org\/wp-content\/uploads\/2021\/08\/PELAGOS-logo-724x1024.jpg\" sizes=\"(max-width: 724px) 100vw, 724px\" srcset=\"https:\/\/miraceti.org\/wp-content\/uploads\/2021\/08\/PELAGOS-logo-724x1024.jpg 724w, https:\/\/miraceti.org\/wp-content\/uploads\/2021\/08\/PELAGOS-logo-scaled-600x849.jpg 600w, https:\/\/miraceti.org\/wp-content\/uploads\/2021\/08\/PELAGOS-logo-212x300.jpg 212w, https:\/\/miraceti.org\/wp-content\/uploads\/2021\/08\/PELAGOS-logo-768x1086.jpg 768w, https:\/\/miraceti.org\/wp-content\/uploads\/2021\/08\/PELAGOS-logo-1086x1536.jpg 1086w, https:\/\/miraceti.org\/wp-content\/uploads\/2021\/08\/PELAGOS-logo-1448x2048.jpg 1448w, https:\/\/miraceti.org\/wp-content\/uploads\/2021\/08\/PELAGOS-logo-scaled.jpg 1810w\" alt=\"\" width=\"724\" height=\"1024\" \/><\/p><p>Le <a href=\"https:\/\/sanctuaire-agoa.fr\/\"><b>Sanctuaire Agoa<\/b><\/a> est une <b>Aire Marine Prot\u00e9g\u00e9e de 140 000 km\u00b2<\/b> d\u00e9di\u00e9e \u00e0 la <b>protection des mammif\u00e8res marins dans les Antilles fran\u00e7aises<\/b>. <b>Cr\u00e9\u00e9 en 2010 par l\u2019Agence Fran\u00e7aise pour la Biodiversit\u00e9<\/b>, il s\u2019inspire largement du syst\u00e8me de fonctionnement et de l\u2019\u00e9tat d\u2019esprit du Sanctuaire Pelagos. Les deux sanctuaires collaborent ainsi sur les th\u00e9matiques du whale watching et des collisions .<\/p><p><img src=\"https:\/\/miraceti.org\/wp-content\/uploads\/2022\/08\/unnamed.png\" sizes=\"(max-width: 400px) 100vw, 400px\" srcset=\"https:\/\/miraceti.org\/wp-content\/uploads\/2022\/08\/unnamed.png 400w, https:\/\/miraceti.org\/wp-content\/uploads\/2022\/08\/unnamed-300x266.png 300w\" alt=\"\" width=\"400\" height=\"354\" \/><\/p><h2>Mesures de gestion<\/h2><p><img src=\"https:\/\/miraceti.org\/wp-content\/uploads\/2022\/06\/Certification-HQWW-MIRACETI-5-1024x724.png\" sizes=\"(max-width: 800px) 100vw, 800px\" srcset=\"https:\/\/miraceti.org\/wp-content\/uploads\/2022\/06\/Certification-HQWW-MIRACETI-5-1024x724.png 1024w, https:\/\/miraceti.org\/wp-content\/uploads\/2022\/06\/Certification-HQWW-MIRACETI-5-300x212.png 300w, https:\/\/miraceti.org\/wp-content\/uploads\/2022\/06\/Certification-HQWW-MIRACETI-5-768x543.png 768w, https:\/\/miraceti.org\/wp-content\/uploads\/2022\/06\/Certification-HQWW-MIRACETI-5-1536x1086.png 1536w, https:\/\/miraceti.org\/wp-content\/uploads\/2022\/06\/Certification-HQWW-MIRACETI-5-2048x1448.png 2048w, https:\/\/miraceti.org\/wp-content\/uploads\/2022\/06\/Certification-HQWW-MIRACETI-5-600x424.png 600w\" alt=\"\" width=\"800\" height=\"566\" \/><\/p><p><b>Certification \u00ab High Quality Whale-Watching<\/b><b>\u00ae <\/b><b>\u00a0\u00bb<\/b><\/p><p>Au sein du <b>Sanctuaire Pelagos<\/b>, de nombreuses actions sont entreprises pour <b>\u00e9tudier les menaces qui p\u00e8sent sur les animaux et tenter de trouver des solutions avec les acteurs concern\u00e9s<\/b>. Dix ans d\u2019<b>\u00e9tude et de concertation au sein du Sanctuaire avec les op\u00e9rateurs fran\u00e7ais proposant des sorties en mer d\u2019observation des c\u00e9tac\u00e9s<\/b>, le <i>whale watching<\/i>,\u00a0 ont abouti \u00e0 la <b>cr\u00e9ation d\u2019une marque de distinction pour valoriser les op\u00e9rateurs les plus respectueux<\/b>. Lanc\u00e9e en 2014, la certification \u00ab High Quality Whale-Watching\u00ae \u00bb s\u2019est essaim\u00e9e dans la Principaut\u00e9 de Monaco en 2015.<\/p><p>L\u2019objectif est d\u2019<b>inciter les op\u00e9rateurs non certifi\u00e9s \u00e0 se mettre au niveau du cahier des charges de la certification<\/b> pour profiter de sa visibilit\u00e9 et de son attrait aupr\u00e8s du grand public.<\/p><p><a href=\"https:\/\/miraceti.org\/nos-actions\/conservation-2\/certification-hqww\/\">En savoir plus sur la certification ><\/a><\/p><h2>Logiciel REPCET\u00ae<\/h2><p><img src=\"https:\/\/miraceti.org\/wp-content\/uploads\/2022\/05\/16.08.04-Tamory-BP_-Morgane-Ratel-2-1024x681.jpg\" sizes=\"(max-width: 800px) 100vw, 800px\" srcset=\"https:\/\/miraceti.org\/wp-content\/uploads\/2022\/05\/16.08.04-Tamory-BP_-Morgane-Ratel-2-1024x681.jpg 1024w, https:\/\/miraceti.org\/wp-content\/uploads\/2022\/05\/16.08.04-Tamory-BP_-Morgane-Ratel-2-300x199.jpg 300w, https:\/\/miraceti.org\/wp-content\/uploads\/2022\/05\/16.08.04-Tamory-BP_-Morgane-Ratel-2-768x511.jpg 768w, https:\/\/miraceti.org\/wp-content\/uploads\/2022\/05\/16.08.04-Tamory-BP_-Morgane-Ratel-2-1536x1021.jpg 1536w, https:\/\/miraceti.org\/wp-content\/uploads\/2022\/05\/16.08.04-Tamory-BP_-Morgane-Ratel-2-2048x1362.jpg 2048w, https:\/\/miraceti.org\/wp-content\/uploads\/2022\/05\/16.08.04-Tamory-BP_-Morgane-Ratel-2-600x399.jpg 600w\" alt=\"\" width=\"800\" height=\"532\" \/><\/p><p>La <a href=\"https:\/\/www.legifrance.gouv.fr\/loda\/id\/LEGIARTI000033018546\/2016-08-10\/\"><b>loi pour la reconqu\u00eate de la biodiversit\u00e9, de la nature et des paysages,<\/b> <b>promulgu\u00e9e le 8 ao\u00fbt 2016<\/b><\/a>, a r\u00e9form\u00e9 une partie de la l\u00e9gislation relative au patrimoine naturel fran\u00e7ais. Cette loi a \u00e9galement permis l\u2019adoption d\u2019une <b>obligation, pour certains navires de s\u2019\u00e9quiper d\u2019 \u00ab un dispositif de partage des positions visant \u00e0 \u00e9viter les collisions avec les c\u00e9tac\u00e9s \u00bb <\/b>(article 106 codifi\u00e9 \u00e0 l\u2019article L. 334-2-2 et suivants du Code de l\u2019environnement).<\/p><p>Entr\u00e9e en vigueur au 1er juillet 2017, cette obligation <b>concerne tous les navires battant pavillon fran\u00e7ais et naviguant dans les sanctuaires Pelagos et Agoa<\/b>, d\u00e8s lors qu\u2019ils sont d\u2019une <b>longueur sup\u00e9rieure ou \u00e9gale \u00e0 24 m\u00e8tres<\/b> et qu\u2019ils ont effectu\u00e9 <b>plus de neuf navigations dans le p\u00e9rim\u00e8tre de l\u2019aire marine prot\u00e9g\u00e9e concern\u00e9e au cours de l\u2019ann\u00e9e pr\u00e9c\u00e9dente<\/b>. Environ 80 navires sont ainsi concern\u00e9s par cette nouvelle disposition. L\u2019absence d\u2019\u00e9quipement ainsi que l\u2019utilisation des donn\u00e9es partag\u00e9es au travers du dispositif anti-collisions dans le but de proposer des sorties commerciales comprenant une activit\u00e9 d'observation des mammif\u00e8res marins sont sanctionn\u00e9es par une amende d\u2019un montant de 30 000\u20ac. Un <a href=\"https:\/\/www.legifrance.gouv.fr\/jorf\/id\/JORFTEXT000036195747\"><b>arr\u00eat\u00e9 en date du 11 d\u00e9cembre 2017<\/b><\/a><b> dispose que seul le dispositif REPCET<\/b><b>\u00ae<\/b><b> r\u00e9pond aux caract\u00e9ristiques et exigences techniques pos\u00e9es par la loi<\/b>.<\/p><p><a href=\"https:\/\/miraceti.org\/nos-actions\/conservation-2\/repcet\/\">\u00a0En savoir plus sur le logiciel REPCET<b>\u00ae<\/b> ><\/a><\/p>","_et_gb_content_width":"","_monsterinsights_skip_tracking":false,"_monsterinsights_sitenote_active":false,"_monsterinsights_sitenote_note":"","_monsterinsights_sitenote_category":0,"footnotes":""},"class_list":["post-10554","page","type-page","status-publish","has-post-thumbnail","hentry"],"_links":{"self":[{"href":"https:\/\/miraceti.org\/en\/wp-json\/wp\/v2\/pages\/10554","targetHints":{"allow":["GET"]}}],"collection":[{"href":"https:\/\/miraceti.org\/en\/wp-json\/wp\/v2\/pages"}],"about":[{"href":"https:\/\/miraceti.org\/en\/wp-json\/wp\/v2\/types\/page"}],"author":[{"embeddable":true,"href":"https:\/\/miraceti.org\/en\/wp-json\/wp\/v2\/users\/4"}],"replies":[{"embeddable":true,"href":"https:\/\/miraceti.org\/en\/wp-json\/wp\/v2\/comments?post=10554"}],"version-history":[{"count":13,"href":"https:\/\/miraceti.org\/en\/wp-json\/wp\/v2\/pages\/10554\/revisions"}],"predecessor-version":[{"id":12847,"href":"https:\/\/miraceti.org\/en\/wp-json\/wp\/v2\/pages\/10554\/revisions\/12847"}],"wp:featuredmedia":[{"embeddable":true,"href":"https:\/\/miraceti.org\/en\/wp-json\/wp\/v2\/media\/9730"}],"wp:attachment":[{"href":"https:\/\/miraceti.org\/en\/wp-json\/wp\/v2\/media?parent=10554"}],"curies":[{"name":"wp","href":"https:\/\/api.w.org\/{rel}","templated":true}]}}