{"id":10547,"date":"2022-08-08T13:55:04","date_gmt":"2022-08-08T13:55:04","guid":{"rendered":"https:\/\/miraceti.org\/sensibilisation-et-pedagogie\/"},"modified":"2024-04-11T13:34:45","modified_gmt":"2024-04-11T13:34:45","slug":"sensibilisation-et-pedagogie","status":"publish","type":"page","link":"https:\/\/miraceti.org\/en\/sensibilisation-et-pedagogie\/","title":{"rendered":"Sensibilisation et p\u00e9dagogie"},"content":{"rendered":"\t\t<div data-elementor-type=\"wp-page\" data-elementor-id=\"10547\" class=\"elementor elementor-10547\" data-elementor-post-type=\"page\">\n\t\t\t\t\t\t<section class=\"has_eae_slider elementor-section elementor-top-section elementor-element elementor-element-a04661b elementor-section-full_width elementor-section-height-default elementor-section-height-default\" data-eae-slider=\"7414\" data-id=\"a04661b\" data-element_type=\"section\" data-e-type=\"section\" data-settings=\"{&quot;background_background&quot;:&quot;classic&quot;,&quot;shape_divider_bottom&quot;:&quot;waves&quot;}\">\n\t\t\t\t\t\t\t<div class=\"elementor-background-overlay\"><\/div>\n\t\t\t\t\t\t<div class=\"elementor-shape elementor-shape-bottom\" aria-hidden=\"true\" data-negative=\"false\">\n\t\t\t<svg xmlns=\"http:\/\/www.w3.org\/2000\/svg\" viewBox=\"0 0 1000 100\" preserveAspectRatio=\"none\">\n\t<path class=\"elementor-shape-fill\" d=\"M421.9,6.5c22.6-2.5,51.5,0.4,75.5,5.3c23.6,4.9,70.9,23.5,100.5,35.7c75.8,32.2,133.7,44.5,192.6,49.7\n\tc23.6,2.1,48.7,3.5,103.4-2.5c54.7-6,106.2-25.6,106.2-25.6V0H0v30.3c0,0,72,32.6,158.4,30.5c39.2-0.7,92.8-6.7,134-22.4\n\tc21.2-8.1,52.2-18.2,79.7-24.2C399.3,7.9,411.6,7.5,421.9,6.5z\"\/>\n<\/svg>\t\t<\/div>\n\t\t\t\t\t<div class=\"elementor-container elementor-column-gap-default\">\n\t\t\t\t\t<div class=\"has_eae_slider elementor-column elementor-col-100 elementor-top-column elementor-element elementor-element-2aa615d\" data-eae-slider=\"66708\" data-id=\"2aa615d\" data-element_type=\"column\" data-e-type=\"column\">\n\t\t\t<div class=\"elementor-widget-wrap elementor-element-populated\">\n\t\t\t\t\t\t<div class=\"elementor-element elementor-element-a956f84 elementor-widget elementor-widget-heading\" data-id=\"a956f84\" data-element_type=\"widget\" data-e-type=\"widget\" data-widget_type=\"heading.default\">\n\t\t\t\t<div class=\"elementor-widget-container\">\n\t\t\t\t\t<h1 class=\"elementor-heading-title elementor-size-default\">Sensibilisation et p\u00e9dagogie<\/h1>\t\t\t\t<\/div>\n\t\t\t\t<\/div>\n\t\t\t\t<div class=\"elementor-element elementor-element-be99787 elementor-widget elementor-widget-text-editor\" data-id=\"be99787\" data-element_type=\"widget\" data-e-type=\"widget\" data-widget_type=\"text-editor.default\">\n\t\t\t\t<div class=\"elementor-widget-container\">\n\t\t\t\t\t\t\t\t\t<p><span style=\"font-weight: 400;\">Informer et impliquer le plus grand nombre pour favoriser la prise de conscience est, plus que jamais, une mission indispensable. En \u00e9veillant les consciences aux enjeux relatifs \u00e0 la pr\u00e9servation des c\u00e9tac\u00e9s, nous faisons na\u00eetre des vocations et contribuons \u00e0 l\u2019am\u00e9lioration des pratiques de\u00a0 chacun \u2013 en tant que fournisseur et consommateur.<\/span><\/p>\t\t\t\t\t\t\t\t<\/div>\n\t\t\t\t<\/div>\n\t\t\t\t\t<\/div>\n\t\t<\/div>\n\t\t\t\t\t<\/div>\n\t\t<\/section>\n\t\t\t\t<section class=\"has_eae_slider elementor-section elementor-top-section elementor-element elementor-element-4b0e603 elementor-section-full_width elementor-section-height-default elementor-section-height-default\" data-eae-slider=\"11142\" data-id=\"4b0e603\" data-element_type=\"section\" data-e-type=\"section\">\n\t\t\t\t\t\t<div class=\"elementor-container elementor-column-gap-default\">\n\t\t\t\t\t<div class=\"has_eae_slider elementor-column elementor-col-100 elementor-top-column elementor-element elementor-element-c8c9f7f\" data-eae-slider=\"65893\" data-id=\"c8c9f7f\" data-element_type=\"column\" data-e-type=\"column\">\n\t\t\t<div class=\"elementor-widget-wrap elementor-element-populated\">\n\t\t\t\t\t\t<div class=\"elementor-element elementor-element-27afdb4 elementor-widget elementor-widget-shortcode\" data-id=\"27afdb4\" data-element_type=\"widget\" data-e-type=\"widget\" data-widget_type=\"shortcode.default\">\n\t\t\t\t<div class=\"elementor-widget-container\">\n\t\t\t\t\t\t\t<div class=\"elementor-shortcode\"><nav aria-label=\"breadcrumbs\" class=\"rank-math-breadcrumb\"><p><span class=\"last\">Accueil<\/span><\/p><\/nav><\/div>\n\t\t\t\t\t\t<\/div>\n\t\t\t\t<\/div>\n\t\t\t\t\t<\/div>\n\t\t<\/div>\n\t\t\t\t\t<\/div>\n\t\t<\/section>\n\t\t\t\t<section class=\"has_eae_slider elementor-section elementor-top-section elementor-element elementor-element-78fc69e elementor-section-boxed elementor-section-height-default elementor-section-height-default\" data-eae-slider=\"9329\" data-id=\"78fc69e\" data-element_type=\"section\" data-e-type=\"section\">\n\t\t\t\t\t\t<div class=\"elementor-container elementor-column-gap-default\">\n\t\t\t\t\t<div class=\"has_eae_slider elementor-column elementor-col-100 elementor-top-column elementor-element elementor-element-3b464f8\" data-eae-slider=\"48341\" data-id=\"3b464f8\" data-element_type=\"column\" data-e-type=\"column\">\n\t\t\t<div class=\"elementor-widget-wrap elementor-element-populated\">\n\t\t\t\t\t\t<div class=\"elementor-element elementor-element-fd32757 elementor-widget elementor-widget-heading\" data-id=\"fd32757\" data-element_type=\"widget\" data-e-type=\"widget\" data-widget_type=\"heading.default\">\n\t\t\t\t<div class=\"elementor-widget-container\">\n\t\t\t\t\t<h2 class=\"elementor-heading-title elementor-size-default\"> Que faisons-nous concr\u00e8tement ? \n<\/h2>\t\t\t\t<\/div>\n\t\t\t\t<\/div>\n\t\t\t\t<div class=\"elementor-element elementor-element-9c96ccb elementor-widget-divider--view-line elementor-widget elementor-widget-divider\" data-id=\"9c96ccb\" data-element_type=\"widget\" data-e-type=\"widget\" data-widget_type=\"divider.default\">\n\t\t\t\t<div class=\"elementor-widget-container\">\n\t\t\t\t\t\t\t<div class=\"elementor-divider\">\n\t\t\t<span class=\"elementor-divider-separator\">\n\t\t\t\t\t\t<\/span>\n\t\t<\/div>\n\t\t\t\t\t\t<\/div>\n\t\t\t\t<\/div>\n\t\t\t\t<div class=\"elementor-element elementor-element-452f384 elementor-widget elementor-widget-text-editor\" data-id=\"452f384\" data-element_type=\"widget\" data-e-type=\"widget\" data-widget_type=\"text-editor.default\">\n\t\t\t\t<div class=\"elementor-widget-container\">\n\t\t\t\t\t\t\t\t\t<ul><li style=\"font-weight: 400;\" aria-level=\"1\"><span style=\"font-weight: 400;\">Nous animons des ateliers p\u00e9dagogiques aupr\u00e8s des plus jeunes.<\/span><\/li><li style=\"font-weight: 400;\" aria-level=\"1\"><span style=\"font-weight: 400;\">Nous organisons et participons \u00e0 des \u00e9v\u00e8nements grand public ;<\/span><\/li><li style=\"font-weight: 400;\" aria-level=\"1\"><span style=\"font-weight: 400;\">Nous d\u00e9veloppons des outils p\u00e9dagogiques \u00e0 destination de diff\u00e9rents publics ;<\/span><\/li><li style=\"font-weight: 400;\" aria-level=\"1\"><span style=\"font-weight: 400;\">Nous vulgarisons et diffusons la connaissance \u00e0 travers des conf\u00e9rences et diff\u00e9rents m\u00e9dias.<\/span><\/li><\/ul><p><span style=\"font-weight: 400;\"><br \/>Pour faciliter nos actions de sensibilisation, nous avons d\u00e9velopp\u00e9 une s\u00e9rie d\u2019outils ludiques, scientifiques, sensoriels, etc. afin de toucher des publics vari\u00e9s.\u00a0<\/span><\/p>\t\t\t\t\t\t\t\t<\/div>\n\t\t\t\t<\/div>\n\t\t\t\t\t<\/div>\n\t\t<\/div>\n\t\t\t\t\t<\/div>\n\t\t<\/section>\n\t\t\t\t<section class=\"has_eae_slider elementor-section elementor-top-section elementor-element elementor-element-d7b8a5b elementor-section-boxed elementor-section-height-default elementor-section-height-default\" data-eae-slider=\"83631\" data-id=\"d7b8a5b\" data-element_type=\"section\" data-e-type=\"section\">\n\t\t\t\t\t\t<div class=\"elementor-container elementor-column-gap-default\">\n\t\t\t\t\t<div data-wts-url=\"https:\/\/miraceti.org\/nos-actions\/sensibilisation-et-pedagogie\/outils-et-supports-pedagogiques\/\" data-wts-link=\"yes\" data-wts-new-window=\"\" class=\"has_eae_slider elementor-column elementor-col-50 elementor-top-column elementor-element elementor-element-6f8f620 ae-link-yes\" data-eae-slider=\"92335\" data-id=\"6f8f620\" data-element_type=\"column\" data-e-type=\"column\" data-settings=\"{&quot;background_background&quot;:&quot;classic&quot;}\">\n\t\t\t<div class=\"elementor-widget-wrap elementor-element-populated\">\n\t\t\t\t\t\t<div class=\"elementor-element elementor-element-c25f7cf elementor-widget elementor-widget-heading\" data-id=\"c25f7cf\" data-element_type=\"widget\" data-e-type=\"widget\" data-widget_type=\"heading.default\">\n\t\t\t\t<div class=\"elementor-widget-container\">\n\t\t\t\t\t<h3 class=\"elementor-heading-title elementor-size-default\"><a href=\"https:\/\/miraceti.org\/nos-actions\/sensibilisation-et-pedagogie\/outils-et-supports-pedagogiques\/\">Outils et supports p\u00e9dagogiques<\/a><\/h3>\t\t\t\t<\/div>\n\t\t\t\t<\/div>\n\t\t\t\t\t<\/div>\n\t\t<\/div>\n\t\t\t\t<div data-wts-url=\"https:\/\/miraceti.org\/nos-actions\/sensibilisation-et-pedagogie\/publications\/\" data-wts-link=\"yes\" data-wts-new-window=\"\" class=\"has_eae_slider elementor-column elementor-col-50 elementor-top-column elementor-element elementor-element-05ce8d5 ae-link-yes\" data-eae-slider=\"38171\" data-id=\"05ce8d5\" data-element_type=\"column\" data-e-type=\"column\" data-settings=\"{&quot;background_background&quot;:&quot;classic&quot;}\">\n\t\t\t<div class=\"elementor-widget-wrap elementor-element-populated\">\n\t\t\t\t\t\t<div class=\"elementor-element elementor-element-9666baa elementor-widget elementor-widget-heading\" data-id=\"9666baa\" data-element_type=\"widget\" data-e-type=\"widget\" data-widget_type=\"heading.default\">\n\t\t\t\t<div class=\"elementor-widget-container\">\n\t\t\t\t\t<h3 class=\"elementor-heading-title elementor-size-default\"><a href=\"https:\/\/miraceti.org\/nos-actions\/sensibilisation-et-pedagogie\/publications\/\">Publications<\/a><\/h3>\t\t\t\t<\/div>\n\t\t\t\t<\/div>\n\t\t\t\t\t<\/div>\n\t\t<\/div>\n\t\t\t\t\t<\/div>\n\t\t<\/section>\n\t\t\t\t<section class=\"has_eae_slider elementor-section elementor-top-section elementor-element elementor-element-7b8b7b6 elementor-section-boxed elementor-section-height-default elementor-section-height-default\" data-eae-slider=\"51202\" data-id=\"7b8b7b6\" data-element_type=\"section\" data-e-type=\"section\">\n\t\t\t\t\t\t<div class=\"elementor-container elementor-column-gap-default\">\n\t\t\t\t\t<div class=\"has_eae_slider elementor-column elementor-col-100 elementor-top-column elementor-element elementor-element-f2c1528\" data-eae-slider=\"78096\" data-id=\"f2c1528\" data-element_type=\"column\" data-e-type=\"column\">\n\t\t\t<div class=\"elementor-widget-wrap elementor-element-populated\">\n\t\t\t\t\t\t<div class=\"elementor-element elementor-element-1b89ad2 elementor-widget elementor-widget-heading\" data-id=\"1b89ad2\" data-element_type=\"widget\" data-e-type=\"widget\" data-widget_type=\"heading.default\">\n\t\t\t\t<div class=\"elementor-widget-container\">\n\t\t\t\t\t<h2 class=\"elementor-heading-title elementor-size-default\"> Interventions et animations\n<\/h2>\t\t\t\t<\/div>\n\t\t\t\t<\/div>\n\t\t\t\t<div class=\"elementor-element elementor-element-be9070a elementor-widget-divider--view-line elementor-widget elementor-widget-divider\" data-id=\"be9070a\" data-element_type=\"widget\" data-e-type=\"widget\" data-widget_type=\"divider.default\">\n\t\t\t\t<div class=\"elementor-widget-container\">\n\t\t\t\t\t\t\t<div class=\"elementor-divider\">\n\t\t\t<span class=\"elementor-divider-separator\">\n\t\t\t\t\t\t<\/span>\n\t\t<\/div>\n\t\t\t\t\t\t<\/div>\n\t\t\t\t<\/div>\n\t\t\t\t<div class=\"elementor-element elementor-element-eafb709 elementor-widget elementor-widget-text-editor\" data-id=\"eafb709\" data-element_type=\"widget\" data-e-type=\"widget\" data-widget_type=\"text-editor.default\">\n\t\t\t\t<div class=\"elementor-widget-container\">\n\t\t\t\t\t\t\t\t\t<p><span style=\"font-weight: 400;\">Nos interventions et animations prennent diff\u00e9rentes formes : nous les adaptons \u00e0 votre demande et au public vis\u00e9.\u00a0<\/span><span style=\"background-color: transparent; color: var( --e-global-color-text ); font-family: var( --e-global-typography-text-font-family ), Sans-serif;\">Notre <\/span><b style=\"background-color: transparent; color: var( --e-global-color-text ); font-family: var( --e-global-typography-text-font-family ), Sans-serif;\">participation \u00e0 des \u00e9v\u00e9nements ponctuels de m\u00e9diation<\/b><span style=\"background-color: transparent; color: var( --e-global-color-text ); font-family: var( --e-global-typography-text-font-family ), Sans-serif;\"> comme les Espaces G\u00e9n\u00e9rations Nature du Congr\u00e8s UICN, la F\u00eate de la science ou encore la F\u00eate de la nature durant lesquels nous animons <\/span><b style=\"background-color: transparent; color: var( --e-global-color-text ); font-family: var( --e-global-typography-text-font-family ), Sans-serif;\">des stands informatifs et interactifs autour des c\u00e9tac\u00e9s et\u00a0 des enjeux de leur pr\u00e9servation <\/b><span style=\"background-color: transparent; color: var( --e-global-color-text ); font-family: var( --e-global-typography-text-font-family ), Sans-serif;\">gr\u00e2ce \u00e0 nos nombreux <\/span><span style=\"background-color: transparent; color: var( --e-global-color-text ); font-family: var( --e-global-typography-text-font-family ), Sans-serif;\">outils p\u00e9dagogiques<\/span><b style=\"background-color: transparent; color: var( --e-global-color-text ); font-family: var( --e-global-typography-text-font-family ), Sans-serif;\">.<\/b><\/p>\t\t\t\t\t\t\t\t<\/div>\n\t\t\t\t<\/div>\n\t\t\t\t<div class=\"elementor-element elementor-element-ecd591d elementor-widget elementor-widget-image\" data-id=\"ecd591d\" data-element_type=\"widget\" data-e-type=\"widget\" data-widget_type=\"image.default\">\n\t\t\t\t<div class=\"elementor-widget-container\">\n\t\t\t\t\t\t\t\t\t\t\t\t\t\t\t<img fetchpriority=\"high\" fetchpriority=\"high\" decoding=\"async\" width=\"1024\" height=\"724\" src=\"https:\/\/miraceti.org\/wp-content\/uploads\/2022\/08\/4-1-1024x724.jpeg\" class=\"attachment-large size-large wp-image-9028\" alt=\"sensibilisation et p\u00e9dagogie - MIRACETI\" srcset=\"https:\/\/miraceti.org\/wp-content\/uploads\/2022\/08\/4-1-1024x724.jpeg 1024w, https:\/\/miraceti.org\/wp-content\/uploads\/2022\/08\/4-1-300x212.jpeg 300w, https:\/\/miraceti.org\/wp-content\/uploads\/2022\/08\/4-1-768x543.jpeg 768w, https:\/\/miraceti.org\/wp-content\/uploads\/2022\/08\/4-1-1536x1086.jpeg 1536w, https:\/\/miraceti.org\/wp-content\/uploads\/2022\/08\/4-1-2048x1448.jpeg 2048w, https:\/\/miraceti.org\/wp-content\/uploads\/2022\/08\/4-1-600x424.jpeg 600w\" sizes=\"(max-width: 1024px) 100vw, 1024px\" \/>\t\t\t\t\t\t\t\t\t\t\t\t\t\t\t<\/div>\n\t\t\t\t<\/div>\n\t\t\t\t<div class=\"elementor-element elementor-element-e75c496 elementor-widget elementor-widget-text-editor\" data-id=\"e75c496\" data-element_type=\"widget\" data-e-type=\"widget\" data-widget_type=\"text-editor.default\">\n\t\t\t\t<div class=\"elementor-widget-container\">\n\t\t\t\t\t\t\t\t\t<p><span style=\"font-weight: 400;\">\u201cStand aux Espaces G\u00e9n\u00e9rations Nature du Congr\u00e8s UICN (2021)\u201d<\/span><\/p>\t\t\t\t\t\t\t\t<\/div>\n\t\t\t\t<\/div>\n\t\t\t\t<div class=\"elementor-element elementor-element-c10e6e8 elementor-widget elementor-widget-image\" data-id=\"c10e6e8\" data-element_type=\"widget\" data-e-type=\"widget\" data-widget_type=\"image.default\">\n\t\t\t\t<div class=\"elementor-widget-container\">\n\t\t\t\t\t\t\t\t\t\t\t\t\t\t\t<img decoding=\"async\" width=\"1024\" height=\"727\" src=\"https:\/\/miraceti.org\/wp-content\/uploads\/2022\/08\/Capture-de\u0301cran-2022-08-08-a\u0300-15.59.54-1024x727.png\" class=\"attachment-large size-large wp-image-9029\" alt=\"humains &amp; c\u00e9tac\u00e9s en m\u00e9diterran\u00e9e - 2eme rencontre 2019\" srcset=\"https:\/\/miraceti.org\/wp-content\/uploads\/2022\/08\/Capture-de\u0301cran-2022-08-08-a\u0300-15.59.54-1024x727.png 1024w, https:\/\/miraceti.org\/wp-content\/uploads\/2022\/08\/Capture-de\u0301cran-2022-08-08-a\u0300-15.59.54-300x213.png 300w, https:\/\/miraceti.org\/wp-content\/uploads\/2022\/08\/Capture-de\u0301cran-2022-08-08-a\u0300-15.59.54-768x545.png 768w, https:\/\/miraceti.org\/wp-content\/uploads\/2022\/08\/Capture-de\u0301cran-2022-08-08-a\u0300-15.59.54-600x426.png 600w, https:\/\/miraceti.org\/wp-content\/uploads\/2022\/08\/Capture-de\u0301cran-2022-08-08-a\u0300-15.59.54.png 1200w\" sizes=\"(max-width: 1024px) 100vw, 1024px\" \/>\t\t\t\t\t\t\t\t\t\t\t\t\t\t\t<\/div>\n\t\t\t\t<\/div>\n\t\t\t\t<div class=\"elementor-element elementor-element-7d88dee elementor-widget elementor-widget-text-editor\" data-id=\"7d88dee\" data-element_type=\"widget\" data-e-type=\"widget\" data-widget_type=\"text-editor.default\">\n\t\t\t\t<div class=\"elementor-widget-container\">\n\t\t\t\t\t\t\t\t\t<p><span style=\"font-weight: 400;\">\u201cJeux lors de l\u2019\u00e9v\u00e9nement Nature en F\u00eate (2022)\u201d<\/span><\/p>\t\t\t\t\t\t\t\t<\/div>\n\t\t\t\t<\/div>\n\t\t\t\t<div class=\"elementor-element elementor-element-9c2c2c1 elementor-widget elementor-widget-image\" data-id=\"9c2c2c1\" data-element_type=\"widget\" data-e-type=\"widget\" data-widget_type=\"image.default\">\n\t\t\t\t<div class=\"elementor-widget-container\">\n\t\t\t\t\t\t\t\t\t\t\t\t\t\t\t<img decoding=\"async\" width=\"1024\" height=\"721\" src=\"https:\/\/miraceti.org\/wp-content\/uploads\/2022\/08\/Capture-de\u0301cran-2022-08-08-a\u0300-16.00.32-1024x721.png\" class=\"attachment-large size-large wp-image-9030\" alt=\"humains &amp; c\u00e9tac\u00e9s en m\u00e9diterran\u00e9e - 2eme rencontre 2019\" srcset=\"https:\/\/miraceti.org\/wp-content\/uploads\/2022\/08\/Capture-de\u0301cran-2022-08-08-a\u0300-16.00.32-1024x721.png 1024w, https:\/\/miraceti.org\/wp-content\/uploads\/2022\/08\/Capture-de\u0301cran-2022-08-08-a\u0300-16.00.32-300x211.png 300w, https:\/\/miraceti.org\/wp-content\/uploads\/2022\/08\/Capture-de\u0301cran-2022-08-08-a\u0300-16.00.32-768x541.png 768w, https:\/\/miraceti.org\/wp-content\/uploads\/2022\/08\/Capture-de\u0301cran-2022-08-08-a\u0300-16.00.32-600x423.png 600w, https:\/\/miraceti.org\/wp-content\/uploads\/2022\/08\/Capture-de\u0301cran-2022-08-08-a\u0300-16.00.32.png 1204w\" sizes=\"(max-width: 1024px) 100vw, 1024px\" \/>\t\t\t\t\t\t\t\t\t\t\t\t\t\t\t<\/div>\n\t\t\t\t<\/div>\n\t\t\t\t<div class=\"elementor-element elementor-element-ee41b5e elementor-widget elementor-widget-text-editor\" data-id=\"ee41b5e\" data-element_type=\"widget\" data-e-type=\"widget\" data-widget_type=\"text-editor.default\">\n\t\t\t\t<div class=\"elementor-widget-container\">\n\t\t\t\t\t\t\t\t\t<p><span style=\"font-weight: 400;\">\u201cSensibilisation au Festival des Embruns (2022)\u201d<\/span><\/p>\t\t\t\t\t\t\t\t<\/div>\n\t\t\t\t<\/div>\n\t\t\t\t<div class=\"elementor-element elementor-element-5a6a8ec elementor-widget elementor-widget-text-editor\" data-id=\"5a6a8ec\" data-element_type=\"widget\" data-e-type=\"widget\" data-widget_type=\"text-editor.default\">\n\t\t\t\t<div class=\"elementor-widget-container\">\n\t\t\t\t\t\t\t\t\t<p><span style=\"font-weight: 400;\">Nous r\u00e9alisons \u00e9galement des <\/span><b>interventions et ateliers, aupr\u00e8s de classes ou groupes de jeunes<\/b><span style=\"font-weight: 400;\">, adapt\u00e9es \u00e0 vos besoins et au public. Dans le cadre d\u2019intervention en classe, nous <\/span><b>proposons des interventions en lien avec le programme de l\u2019ann\u00e9e scolaire<\/b><span style=\"font-weight: 400;\"> et nous pouvons \u00e9galement adapter les th\u00e9matiques \u00e0 la demande du ma\u00eetre d\u2019\u00e9cole. Nous pouvons \u00e9galement accompagner un projet p\u00e9dagogique sur l\u2019ann\u00e9e. Gr\u00e2ce \u00e0 nos connaissances et nos <\/span><span style=\"font-weight: 400;\">outils p\u00e9dagogiques<\/span><span style=\"font-weight: 400;\">, les th\u00e9matiques que nous abordons sont larges : d\u00e9couvrir et reconna\u00eetre les c\u00e9tac\u00e9s de M\u00e9diterran\u00e9e Nord-Occidentale, appr\u00e9hender le milieu marin et le mode de vie des \u00eatres-vivants qui y vivent, identifier les adaptations des mammif\u00e8res au milieu marin, etc.<br \/><\/span><span style=\"color: var( --e-global-color-text ); font-family: var( --e-global-typography-text-font-family ), Sans-serif; font-size: 1rem;\"><br \/>L&#8217;objectif de nos ateliers est de <\/span><b style=\"color: var( --e-global-color-text ); font-family: var( --e-global-typography-text-font-family ), Sans-serif; font-size: 1rem;\">faire d\u00e9couvrir l\u2019\u00e9cosyst\u00e8me marin<\/b><span style=\"color: var( --e-global-color-text ); font-family: var( --e-global-typography-text-font-family ), Sans-serif; font-size: 1rem;\">, les <\/span><b style=\"color: var( --e-global-color-text ); font-family: var( --e-global-typography-text-font-family ), Sans-serif; font-size: 1rem;\">8 esp\u00e8ces de c\u00e9tac\u00e9s<\/b><span style=\"color: var( --e-global-color-text ); font-family: var( --e-global-typography-text-font-family ), Sans-serif; font-size: 1rem;\"> qui r\u00e9sident en M\u00e9diterran\u00e9e et comment celles-ci \u00e9voluent dans leur milieu afin de faciliter la compr\u00e9hension du <\/span><b style=\"color: var( --e-global-color-text ); font-family: var( --e-global-typography-text-font-family ), Sans-serif; font-size: 1rem;\">r\u00f4le et de l\u2019impact des esp\u00e8ces dans l\u2019\u00e9cosyst\u00e8me marin<\/b><span style=\"color: var( --e-global-color-text ); font-family: var( --e-global-typography-text-font-family ), Sans-serif; font-size: 1rem;\">, de <\/span><b style=\"color: var( --e-global-color-text ); font-family: var( --e-global-typography-text-font-family ), Sans-serif; font-size: 1rem;\">faire prendre conscience des enjeux de pr\u00e9servation<\/b><span style=\"color: var( --e-global-color-text ); font-family: var( --e-global-typography-text-font-family ), Sans-serif; font-size: 1rem;\"> de la biodiversit\u00e9.\u00a0<\/span><\/p>\t\t\t\t\t\t\t\t<\/div>\n\t\t\t\t<\/div>\n\t\t\t\t<div class=\"elementor-element elementor-element-ccc56c0 elementor-widget elementor-widget-image\" data-id=\"ccc56c0\" data-element_type=\"widget\" data-e-type=\"widget\" data-widget_type=\"image.default\">\n\t\t\t\t<div class=\"elementor-widget-container\">\n\t\t\t\t\t\t\t\t\t\t\t\t\t\t\t<img loading=\"lazy\" loading=\"lazy\" decoding=\"async\" width=\"1024\" height=\"724\" src=\"https:\/\/miraceti.org\/wp-content\/uploads\/2021\/08\/8-1-1024x724.jpg\" class=\"attachment-large size-large wp-image-2855\" alt=\"sensibilisation MIRACETI\" srcset=\"https:\/\/miraceti.org\/wp-content\/uploads\/2021\/08\/8-1-1024x724.jpg 1024w, https:\/\/miraceti.org\/wp-content\/uploads\/2021\/08\/8-1-600x424.jpg 600w, https:\/\/miraceti.org\/wp-content\/uploads\/2021\/08\/8-1-300x212.jpg 300w, https:\/\/miraceti.org\/wp-content\/uploads\/2021\/08\/8-1-768x543.jpg 768w, https:\/\/miraceti.org\/wp-content\/uploads\/2021\/08\/8-1-1536x1086.jpg 1536w, https:\/\/miraceti.org\/wp-content\/uploads\/2021\/08\/8-1-2048x1448.jpg 2048w\" sizes=\"(max-width: 1024px) 100vw, 1024px\" \/>\t\t\t\t\t\t\t\t\t\t\t\t\t\t\t<\/div>\n\t\t\t\t<\/div>\n\t\t\t\t<div class=\"elementor-element elementor-element-740a436 elementor-widget elementor-widget-text-editor\" data-id=\"740a436\" data-element_type=\"widget\" data-e-type=\"widget\" data-widget_type=\"text-editor.default\">\n\t\t\t\t<div class=\"elementor-widget-container\">\n\t\t\t\t\t\t\t\t\t<p><span style=\"font-weight: 400;\">&#8220;Animation au sein des 6 maisons de quartier de la ville de Martigues : construction d\u2019un des 6 panneaux d\u2019une fresque repr\u00e9sentant la mer et le littoral m\u00e9diterran\u00e9en&#8221;<\/span><\/p>\t\t\t\t\t\t\t\t<\/div>\n\t\t\t\t<\/div>\n\t\t\t\t<div class=\"elementor-element elementor-element-ba59a69 elementor-widget elementor-widget-text-editor\" data-id=\"ba59a69\" data-element_type=\"widget\" data-e-type=\"widget\" data-widget_type=\"text-editor.default\">\n\t\t\t\t<div class=\"elementor-widget-container\">\n\t\t\t\t\t\t\t\t\t<p><span style=\"font-weight: 400;\">Si vous souhaitez \u00e9changer avec nous pour une intervention ou une animation, n\u2019h\u00e9sitez pas \u00e0 nous envoyer un mail : <span style=\"text-decoration: underline;\"><a href=\"mailto:contact@miraceti.org\">contact@miraceti.org<\/a><\/span><\/span><\/p>\t\t\t\t\t\t\t\t<\/div>\n\t\t\t\t<\/div>\n\t\t\t\t<div class=\"elementor-element elementor-element-e28e3d9 elementor-widget elementor-widget-text-editor\" data-id=\"e28e3d9\" data-element_type=\"widget\" data-e-type=\"widget\" data-widget_type=\"text-editor.default\">\n\t\t\t\t<div class=\"elementor-widget-container\">\n\t\t\t\t\t\t\t\t\t<p><a href=\"https:\/\/miraceti.org\/wp-content\/uploads\/2022\/10\/Portfolio-animations.pdf\"><span style=\"text-decoration: underline;\"><span style=\"font-weight: 400;\">D\u00e9couvrez notre catalogue d\u2019animation &gt;<\/span><\/span><\/a><\/p>\t\t\t\t\t\t\t\t<\/div>\n\t\t\t\t<\/div>\n\t\t\t\t\t<\/div>\n\t\t<\/div>\n\t\t\t\t\t<\/div>\n\t\t<\/section>\n\t\t\t\t<section class=\"has_eae_slider elementor-section elementor-top-section elementor-element elementor-element-6bd21b3 elementor-section-boxed elementor-section-height-default elementor-section-height-default\" data-eae-slider=\"33841\" data-id=\"6bd21b3\" data-element_type=\"section\" data-e-type=\"section\">\n\t\t\t\t\t\t<div class=\"elementor-container elementor-column-gap-default\">\n\t\t\t\t\t<div class=\"has_eae_slider elementor-column elementor-col-100 elementor-top-column elementor-element elementor-element-a4f241b\" data-eae-slider=\"16023\" data-id=\"a4f241b\" data-element_type=\"column\" data-e-type=\"column\">\n\t\t\t<div class=\"elementor-widget-wrap elementor-element-populated\">\n\t\t\t\t\t\t<div class=\"elementor-element elementor-element-ba5100e elementor-widget elementor-widget-heading\" data-id=\"ba5100e\" data-element_type=\"widget\" data-e-type=\"widget\" data-widget_type=\"heading.default\">\n\t\t\t\t<div class=\"elementor-widget-container\">\n\t\t\t\t\t<h2 class=\"elementor-heading-title elementor-size-default\"> \u00c9v\u00e9nements<\/h2>\t\t\t\t<\/div>\n\t\t\t\t<\/div>\n\t\t\t\t<div class=\"elementor-element elementor-element-4005f8b elementor-widget-divider--view-line elementor-widget elementor-widget-divider\" data-id=\"4005f8b\" data-element_type=\"widget\" data-e-type=\"widget\" data-widget_type=\"divider.default\">\n\t\t\t\t<div class=\"elementor-widget-container\">\n\t\t\t\t\t\t\t<div class=\"elementor-divider\">\n\t\t\t<span class=\"elementor-divider-separator\">\n\t\t\t\t\t\t<\/span>\n\t\t<\/div>\n\t\t\t\t\t\t<\/div>\n\t\t\t\t<\/div>\n\t\t\t\t<div class=\"elementor-element elementor-element-dbdcea4 elementor-widget elementor-widget-text-editor\" data-id=\"dbdcea4\" data-element_type=\"widget\" data-e-type=\"widget\" data-widget_type=\"text-editor.default\">\n\t\t\t\t<div class=\"elementor-widget-container\">\n\t\t\t\t\t\t\t\t\t<p><span style=\"font-weight: 400;\">Nous <\/span><b>cr\u00e9ons et organisons des \u00e9v\u00e9nements de sensibilisation<\/b><span style=\"font-weight: 400;\"> o\u00f9 notre \u00e9quipe et nos partenaires interviennent pour <\/span><b>am\u00e9liorer la connaissance, la protection et la conservation des c\u00e9tac\u00e9s de M\u00e9diterran\u00e9e<\/b><span style=\"font-weight: 400;\">. Lors de ces journ\u00e9es, nous avons \u00e0 c\u0153ur de proposer diff\u00e9rents types d\u2019animations, d\u2019ateliers, d\u2019expositions ou encore de conf\u00e9rences avec une approche \u00e9clectique m\u00ealant la science et la culture afin de toucher le plus grand nombre.<\/span><\/p>\t\t\t\t\t\t\t\t<\/div>\n\t\t\t\t<\/div>\n\t\t\t\t<section class=\"has_eae_slider elementor-section elementor-inner-section elementor-element elementor-element-6c197b9 elementor-section-boxed elementor-section-height-default elementor-section-height-default\" data-eae-slider=\"61102\" data-id=\"6c197b9\" data-element_type=\"section\" data-e-type=\"section\">\n\t\t\t\t\t\t<div class=\"elementor-container elementor-column-gap-default\">\n\t\t\t\t\t<div class=\"has_eae_slider elementor-column elementor-col-50 elementor-inner-column elementor-element elementor-element-f54700b\" data-eae-slider=\"19219\" data-id=\"f54700b\" data-element_type=\"column\" data-e-type=\"column\">\n\t\t\t<div class=\"elementor-widget-wrap elementor-element-populated\">\n\t\t\t\t\t\t<div class=\"elementor-element elementor-element-544481e elementor-widget elementor-widget-image\" data-id=\"544481e\" data-element_type=\"widget\" data-e-type=\"widget\" data-widget_type=\"image.default\">\n\t\t\t\t<div class=\"elementor-widget-container\">\n\t\t\t\t\t\t\t\t\t\t\t\t\t\t\t<img loading=\"lazy\" loading=\"lazy\" decoding=\"async\" width=\"724\" height=\"1024\" src=\"https:\/\/miraceti.org\/wp-content\/uploads\/2022\/08\/affiche_web_rhc_2019-724x1024.png\" class=\"attachment-large size-large wp-image-9035\" alt=\"affiche humains &amp; c\u00e9tac\u00e9s en m\u00e9diterran\u00e9e - 2eme rencontre 2019\" srcset=\"https:\/\/miraceti.org\/wp-content\/uploads\/2022\/08\/affiche_web_rhc_2019-724x1024.png 724w, https:\/\/miraceti.org\/wp-content\/uploads\/2022\/08\/affiche_web_rhc_2019-212x300.png 212w, https:\/\/miraceti.org\/wp-content\/uploads\/2022\/08\/affiche_web_rhc_2019-768x1086.png 768w, https:\/\/miraceti.org\/wp-content\/uploads\/2022\/08\/affiche_web_rhc_2019-1086x1536.png 1086w, https:\/\/miraceti.org\/wp-content\/uploads\/2022\/08\/affiche_web_rhc_2019-1448x2048.png 1448w, https:\/\/miraceti.org\/wp-content\/uploads\/2022\/08\/affiche_web_rhc_2019-600x849.png 600w\" sizes=\"(max-width: 724px) 100vw, 724px\" \/>\t\t\t\t\t\t\t\t\t\t\t\t\t\t\t<\/div>\n\t\t\t\t<\/div>\n\t\t\t\t<div class=\"elementor-element elementor-element-c4bf55a elementor-widget elementor-widget-text-editor\" data-id=\"c4bf55a\" data-element_type=\"widget\" data-e-type=\"widget\" data-widget_type=\"text-editor.default\">\n\t\t\t\t<div class=\"elementor-widget-container\">\n\t\t\t\t\t\t\t\t\t<p><span style=\"font-weight: 400;\">Affiches des \u00e9ditions 1 et 2 des Rencontres Humains &amp; C\u00e9tac\u00e9s, l\u2019occasion de r\u00e9unir une multitude d\u2019acteurs agissant pour la connaissance et la pr\u00e9servation des c\u00e9tac\u00e9s mais \u00e9galement de permettre \u00e0 des artistes engag\u00e9s de partager leurs \u0153uvres.<\/span><\/p>\t\t\t\t\t\t\t\t<\/div>\n\t\t\t\t<\/div>\n\t\t\t\t\t<\/div>\n\t\t<\/div>\n\t\t\t\t<div class=\"has_eae_slider elementor-column elementor-col-50 elementor-inner-column elementor-element elementor-element-07dd27e\" data-eae-slider=\"3964\" data-id=\"07dd27e\" data-element_type=\"column\" data-e-type=\"column\">\n\t\t\t<div class=\"elementor-widget-wrap elementor-element-populated\">\n\t\t\t\t\t\t<div class=\"elementor-element elementor-element-bdcfae1 elementor-widget elementor-widget-image\" data-id=\"bdcfae1\" data-element_type=\"widget\" data-e-type=\"widget\" data-widget_type=\"image.default\">\n\t\t\t\t<div class=\"elementor-widget-container\">\n\t\t\t\t\t\t\t\t\t\t\t\t\t\t\t<img loading=\"lazy\" loading=\"lazy\" decoding=\"async\" width=\"724\" height=\"1024\" src=\"https:\/\/miraceti.org\/wp-content\/uploads\/2022\/08\/A2-Fe\u0302te-de-la-ce\u0301tascience-Affiche-1-724x1024.png\" class=\"attachment-large size-large wp-image-9037\" alt=\"Fe\u0302te de la ce\u0301ta&#039;science - Affiche\" srcset=\"https:\/\/miraceti.org\/wp-content\/uploads\/2022\/08\/A2-Fe\u0302te-de-la-ce\u0301tascience-Affiche-1-724x1024.png 724w, https:\/\/miraceti.org\/wp-content\/uploads\/2022\/08\/A2-Fe\u0302te-de-la-ce\u0301tascience-Affiche-1-212x300.png 212w, https:\/\/miraceti.org\/wp-content\/uploads\/2022\/08\/A2-Fe\u0302te-de-la-ce\u0301tascience-Affiche-1-768x1086.png 768w, https:\/\/miraceti.org\/wp-content\/uploads\/2022\/08\/A2-Fe\u0302te-de-la-ce\u0301tascience-Affiche-1-1086x1536.png 1086w, https:\/\/miraceti.org\/wp-content\/uploads\/2022\/08\/A2-Fe\u0302te-de-la-ce\u0301tascience-Affiche-1-1448x2048.png 1448w, https:\/\/miraceti.org\/wp-content\/uploads\/2022\/08\/A2-Fe\u0302te-de-la-ce\u0301tascience-Affiche-1-600x849.png 600w, https:\/\/miraceti.org\/wp-content\/uploads\/2022\/08\/A2-Fe\u0302te-de-la-ce\u0301tascience-Affiche-1.png 1587w\" sizes=\"(max-width: 724px) 100vw, 724px\" \/>\t\t\t\t\t\t\t\t\t\t\t\t\t\t\t<\/div>\n\t\t\t\t<\/div>\n\t\t\t\t<div class=\"elementor-element elementor-element-050f4ff elementor-widget elementor-widget-text-editor\" data-id=\"050f4ff\" data-element_type=\"widget\" data-e-type=\"widget\" data-widget_type=\"text-editor.default\">\n\t\t\t\t<div class=\"elementor-widget-container\">\n\t\t\t\t\t\t\t\t\t<p><span style=\"font-weight: 400;\">\u00a0Affiche de la C\u00e9ta\u2019Science + L\u00e9gende : \u201cLa C\u00e9ta\u2019Science (F\u00eate de la Science 2021), une journ\u00e9e organis\u00e9e par nos soins qui a \u00e9t\u00e9 rythm\u00e9e par des ateliers pour les enfants, des conf\u00e9rences et des stands informatifs.\u201d<\/span><\/p>\t\t\t\t\t\t\t\t<\/div>\n\t\t\t\t<\/div>\n\t\t\t\t\t<\/div>\n\t\t<\/div>\n\t\t\t\t\t<\/div>\n\t\t<\/section>\n\t\t\t\t\t<\/div>\n\t\t<\/div>\n\t\t\t\t\t<\/div>\n\t\t<\/section>\n\t\t\t\t<section class=\"has_eae_slider elementor-section elementor-top-section elementor-element elementor-element-d328392 elementor-section-boxed elementor-section-height-default elementor-section-height-default\" data-eae-slider=\"17863\" data-id=\"d328392\" data-element_type=\"section\" data-e-type=\"section\">\n\t\t\t\t\t\t<div class=\"elementor-container elementor-column-gap-default\">\n\t\t\t\t\t<div class=\"has_eae_slider elementor-column elementor-col-100 elementor-top-column elementor-element elementor-element-6f10d5f\" data-eae-slider=\"52893\" data-id=\"6f10d5f\" data-element_type=\"column\" data-e-type=\"column\">\n\t\t\t<div class=\"elementor-widget-wrap elementor-element-populated\">\n\t\t\t\t\t\t<div class=\"elementor-element elementor-element-64cb6db elementor-widget elementor-widget-heading\" data-id=\"64cb6db\" data-element_type=\"widget\" data-e-type=\"widget\" data-widget_type=\"heading.default\">\n\t\t\t\t<div class=\"elementor-widget-container\">\n\t\t\t\t\t<h2 class=\"elementor-heading-title elementor-size-default\">Conf\u00e9rences<\/h2>\t\t\t\t<\/div>\n\t\t\t\t<\/div>\n\t\t\t\t<div class=\"elementor-element elementor-element-8fcaed0 elementor-widget-divider--view-line elementor-widget elementor-widget-divider\" data-id=\"8fcaed0\" data-element_type=\"widget\" data-e-type=\"widget\" data-widget_type=\"divider.default\">\n\t\t\t\t<div class=\"elementor-widget-container\">\n\t\t\t\t\t\t\t<div class=\"elementor-divider\">\n\t\t\t<span class=\"elementor-divider-separator\">\n\t\t\t\t\t\t<\/span>\n\t\t<\/div>\n\t\t\t\t\t\t<\/div>\n\t\t\t\t<\/div>\n\t\t\t\t<div class=\"elementor-element elementor-element-07e221d elementor-widget elementor-widget-text-editor\" data-id=\"07e221d\" data-element_type=\"widget\" data-e-type=\"widget\" data-widget_type=\"text-editor.default\">\n\t\t\t\t<div class=\"elementor-widget-container\">\n\t\t\t\t\t\t\t\t\t<p><span style=\"font-weight: 400;\">Une <\/span><b>inauguration<\/b><span style=\"font-weight: 400;\">, un <\/span><b>s\u00e9minaire<\/b><span style=\"font-weight: 400;\">, un <\/span><b>festival <\/b><span style=\"font-weight: 400;\">? Nous intervenons au sein de vos \u00e9v\u00e9nements sous un <\/span><b>format conf\u00e9rence ou tables-ronde<\/b><span style=\"font-weight: 400;\"> sur des th\u00e9matiques li\u00e9es aux c\u00e9tac\u00e9s de M\u00e9diterran\u00e9e, \u00e0 leur connaissance, leur pr\u00e9servation et leur conservation. Nous r\u00e9alisons des conf\u00e9rences <\/span><b>\u00e0 destination des citoyens, des \u00e9tudiants et des d\u00e9cideurs publics<\/b><span style=\"font-weight: 400;\">.<\/span><\/p>\t\t\t\t\t\t\t\t<\/div>\n\t\t\t\t<\/div>\n\t\t\t\t<section class=\"has_eae_slider elementor-section elementor-inner-section elementor-element elementor-element-7cd632e elementor-section-boxed elementor-section-height-default elementor-section-height-default\" data-eae-slider=\"49994\" data-id=\"7cd632e\" data-element_type=\"section\" data-e-type=\"section\">\n\t\t\t\t\t\t<div class=\"elementor-container elementor-column-gap-default\">\n\t\t\t\t\t<div class=\"has_eae_slider elementor-column elementor-col-50 elementor-inner-column elementor-element elementor-element-ef5df85\" data-eae-slider=\"71262\" data-id=\"ef5df85\" data-element_type=\"column\" data-e-type=\"column\">\n\t\t\t<div class=\"elementor-widget-wrap elementor-element-populated\">\n\t\t\t\t\t\t<div class=\"elementor-element elementor-element-86a1ab5 elementor-widget elementor-widget-image\" data-id=\"86a1ab5\" data-element_type=\"widget\" data-e-type=\"widget\" data-widget_type=\"image.default\">\n\t\t\t\t<div class=\"elementor-widget-container\">\n\t\t\t\t\t\t\t\t\t\t\t\t\t\t\t<img loading=\"lazy\" loading=\"lazy\" decoding=\"async\" width=\"1024\" height=\"718\" src=\"https:\/\/miraceti.org\/wp-content\/uploads\/2022\/08\/Capture-de\u0301cran-2022-08-08-a\u0300-16.06.50-1024x718.png\" class=\"attachment-large size-large wp-image-9038\" alt=\"Sensibilisation et p\u00e9dagogie - MIRACETI\" srcset=\"https:\/\/miraceti.org\/wp-content\/uploads\/2022\/08\/Capture-de\u0301cran-2022-08-08-a\u0300-16.06.50-1024x718.png 1024w, https:\/\/miraceti.org\/wp-content\/uploads\/2022\/08\/Capture-de\u0301cran-2022-08-08-a\u0300-16.06.50-300x210.png 300w, https:\/\/miraceti.org\/wp-content\/uploads\/2022\/08\/Capture-de\u0301cran-2022-08-08-a\u0300-16.06.50-768x538.png 768w, https:\/\/miraceti.org\/wp-content\/uploads\/2022\/08\/Capture-de\u0301cran-2022-08-08-a\u0300-16.06.50-600x421.png 600w, https:\/\/miraceti.org\/wp-content\/uploads\/2022\/08\/Capture-de\u0301cran-2022-08-08-a\u0300-16.06.50.png 1204w\" sizes=\"(max-width: 1024px) 100vw, 1024px\" \/>\t\t\t\t\t\t\t\t\t\t\t\t\t\t\t<\/div>\n\t\t\t\t<\/div>\n\t\t\t\t<div class=\"elementor-element elementor-element-1a91c13 elementor-widget elementor-widget-text-editor\" data-id=\"1a91c13\" data-element_type=\"widget\" data-e-type=\"widget\" data-widget_type=\"text-editor.default\">\n\t\t\t\t<div class=\"elementor-widget-container\">\n\t\t\t\t\t\t\t\t\t<p><span style=\"font-weight: 400;\">Conf\u00e9rence \u00e0 4 voix \u201cLa Grand dauphin en Camargues\u201d dans le cadre du Festival de Camargues (2022)<\/span><\/p>\t\t\t\t\t\t\t\t<\/div>\n\t\t\t\t<\/div>\n\t\t\t\t\t<\/div>\n\t\t<\/div>\n\t\t\t\t<div class=\"has_eae_slider elementor-column elementor-col-50 elementor-inner-column elementor-element elementor-element-7f907a0\" data-eae-slider=\"87796\" data-id=\"7f907a0\" data-element_type=\"column\" data-e-type=\"column\">\n\t\t\t<div class=\"elementor-widget-wrap elementor-element-populated\">\n\t\t\t\t\t\t<div class=\"elementor-element elementor-element-1385eb9 elementor-widget elementor-widget-image\" data-id=\"1385eb9\" data-element_type=\"widget\" data-e-type=\"widget\" data-widget_type=\"image.default\">\n\t\t\t\t<div class=\"elementor-widget-container\">\n\t\t\t\t\t\t\t\t\t\t\t\t\t\t\t<img loading=\"lazy\" loading=\"lazy\" decoding=\"async\" width=\"1024\" height=\"719\" src=\"https:\/\/miraceti.org\/wp-content\/uploads\/2022\/08\/Capture-de\u0301cran-2022-08-08-a\u0300-16.07.49-1024x719.png\" class=\"attachment-large size-large wp-image-9039\" alt=\"Sensibilisation et p\u00e9dagogie - MIRACETI\" srcset=\"https:\/\/miraceti.org\/wp-content\/uploads\/2022\/08\/Capture-de\u0301cran-2022-08-08-a\u0300-16.07.49-1024x719.png 1024w, https:\/\/miraceti.org\/wp-content\/uploads\/2022\/08\/Capture-de\u0301cran-2022-08-08-a\u0300-16.07.49-300x211.png 300w, https:\/\/miraceti.org\/wp-content\/uploads\/2022\/08\/Capture-de\u0301cran-2022-08-08-a\u0300-16.07.49-768x539.png 768w, https:\/\/miraceti.org\/wp-content\/uploads\/2022\/08\/Capture-de\u0301cran-2022-08-08-a\u0300-16.07.49-600x421.png 600w, https:\/\/miraceti.org\/wp-content\/uploads\/2022\/08\/Capture-de\u0301cran-2022-08-08-a\u0300-16.07.49.png 1202w\" sizes=\"(max-width: 1024px) 100vw, 1024px\" \/>\t\t\t\t\t\t\t\t\t\t\t\t\t\t\t<\/div>\n\t\t\t\t<\/div>\n\t\t\t\t<div class=\"elementor-element elementor-element-36b60f4 elementor-widget elementor-widget-text-editor\" data-id=\"36b60f4\" data-element_type=\"widget\" data-e-type=\"widget\" data-widget_type=\"text-editor.default\">\n\t\t\t\t<div class=\"elementor-widget-container\">\n\t\t\t\t\t\t\t\t\t<p><span style=\"font-weight: 400;\">S\u00e9minaire annuel de sensibilisation aupr\u00e8s des \u00e9tudiants de la marine marchande pour leur pr\u00e9senter l\u2019ensemble des probl\u00e9matiques et solutions \u00e0 l\u2019enjeux des collisions entre les navires commerciaux et les grands c\u00e9tac\u00e9s.<\/span><\/p>\t\t\t\t\t\t\t\t<\/div>\n\t\t\t\t<\/div>\n\t\t\t\t\t<\/div>\n\t\t<\/div>\n\t\t\t\t\t<\/div>\n\t\t<\/section>\n\t\t\t\t<div class=\"elementor-element elementor-element-24fa238 elementor-widget elementor-widget-text-editor\" data-id=\"24fa238\" data-element_type=\"widget\" data-e-type=\"widget\" data-widget_type=\"text-editor.default\">\n\t\t\t\t<div class=\"elementor-widget-container\">\n\t\t\t\t\t\t\t\t\t<p><span style=\"font-weight: 400;\">Si vous souhaitez \u00e9changer avec nous pour une conf\u00e9rence, envoyez nous un mail : <span style=\"text-decoration: underline;\"><a href=\"mailto:contact@miraceti.org\">contact@miraceti.org<\/a><\/span><\/span><\/p>\t\t\t\t\t\t\t\t<\/div>\n\t\t\t\t<\/div>\n\t\t\t\t<div class=\"elementor-element elementor-element-4ac6837 elementor-widget elementor-widget-text-editor\" data-id=\"4ac6837\" data-element_type=\"widget\" data-e-type=\"widget\" data-widget_type=\"text-editor.default\">\n\t\t\t\t<div class=\"elementor-widget-container\">\n\t\t\t\t\t\t\t\t\t<p><a href=\"https:\/\/miraceti.org\/nos-actions\/\"><span style=\"text-decoration: underline;\"><span style=\"font-weight: 400;\">D\u00e9couvrez plus d&#8217;actions\u00a0 &gt;<\/span><\/span><\/a><\/p>\t\t\t\t\t\t\t\t<\/div>\n\t\t\t\t<\/div>\n\t\t\t\t\t<\/div>\n\t\t<\/div>\n\t\t\t\t\t<\/div>\n\t\t<\/section>\n\t\t\t\t<section class=\"has_eae_slider elementor-section elementor-top-section elementor-element elementor-element-16f91fd elementor-section-boxed elementor-section-height-default elementor-section-height-default\" data-eae-slider=\"63879\" data-id=\"16f91fd\" data-element_type=\"section\" data-e-type=\"section\">\n\t\t\t\t\t\t<div class=\"elementor-container elementor-column-gap-default\">\n\t\t\t\t\t<div class=\"has_eae_slider elementor-column elementor-col-100 elementor-top-column elementor-element elementor-element-1c9a6f0\" data-eae-slider=\"68309\" data-id=\"1c9a6f0\" data-element_type=\"column\" data-e-type=\"column\">\n\t\t\t<div class=\"elementor-widget-wrap elementor-element-populated\">\n\t\t\t\t\t\t<div class=\"elementor-element elementor-element-8f8f1f0 elementor-widget elementor-widget-heading\" data-id=\"8f8f1f0\" data-element_type=\"widget\" data-e-type=\"widget\" data-widget_type=\"heading.default\">\n\t\t\t\t<div class=\"elementor-widget-container\">\n\t\t\t\t\t<h2 class=\"elementor-heading-title elementor-size-default\">Agenda<\/h2>\t\t\t\t<\/div>\n\t\t\t\t<\/div>\n\t\t\t\t<div class=\"elementor-element elementor-element-b0d6824 elementor-widget-divider--view-line elementor-widget elementor-widget-divider\" data-id=\"b0d6824\" data-element_type=\"widget\" data-e-type=\"widget\" data-widget_type=\"divider.default\">\n\t\t\t\t<div class=\"elementor-widget-container\">\n\t\t\t\t\t\t\t<div class=\"elementor-divider\">\n\t\t\t<span class=\"elementor-divider-separator\">\n\t\t\t\t\t\t<\/span>\n\t\t<\/div>\n\t\t\t\t\t\t<\/div>\n\t\t\t\t<\/div>\n\t\t\t\t<div class=\"elementor-element elementor-element-68cf70a elementor-widget elementor-widget-text-editor\" data-id=\"68cf70a\" data-element_type=\"widget\" data-e-type=\"widget\" data-widget_type=\"text-editor.default\">\n\t\t\t\t<div class=\"elementor-widget-container\">\n\t\t\t\t\t\t\t\t\t<p><span style=\"font-weight: 400;\">24 sept-1er octobre 2022 : Voiles de Saint-Tropez (cliquable \u201cStand MIRACETI\u201d)<\/span><\/p><p><span style=\"font-weight: 400;\">8 octobre 2022 : 3\u00e8me \u00e9dition des Rencontres Humains et C\u00e9tac\u00e9s (cliquable &#8220;\u00c9v\u00e9nement MIRACETI, 10h-17h\u201d)\u00a0<\/span><\/p><p><span style=\"font-weight: 400;\">15 octobre 2022 : Village des Sciences, Marseille (cliquable \u201cStand MIRACETI F\u00eate de la Science 2022\u201d)<\/span><\/p><p>\u00a0<\/p>\t\t\t\t\t\t\t\t<\/div>\n\t\t\t\t<\/div>\n\t\t\t\t<div class=\"elementor-element elementor-element-fb92b6a elementor-align-center elementor-widget elementor-widget-button\" data-id=\"fb92b6a\" data-element_type=\"widget\" data-e-type=\"widget\" data-widget_type=\"button.default\">\n\t\t\t\t<div class=\"elementor-widget-container\">\n\t\t\t\t\t\t\t\t\t<div class=\"elementor-button-wrapper\">\n\t\t\t\t\t<a class=\"elementor-button elementor-button-link elementor-size-sm\" href=\"https:\/\/miraceti.org\/les-especes\/\">\n\t\t\t\t\t\t<span class=\"elementor-button-content-wrapper\">\n\t\t\t\t\t\t\t\t\t<span class=\"elementor-button-text\">D\u00e9couvrir les c\u00e9tac\u00e9s<\/span>\n\t\t\t\t\t<\/span>\n\t\t\t\t\t<\/a>\n\t\t\t\t<\/div>\n\t\t\t\t\t\t\t\t<\/div>\n\t\t\t\t<\/div>\n\t\t\t\t\t<\/div>\n\t\t<\/div>\n\t\t\t\t\t<\/div>\n\t\t<\/section>\n\t\t\t\t<\/div>\n\t\t","protected":false},"excerpt":{"rendered":"<p>Sensibilisation et p\u00e9dagogie Informer et impliquer le plus grand nombre pour favoriser la prise de conscience est, plus que jamais, une mission indispensable. En \u00e9veillant les consciences aux enjeux relatifs \u00e0 la pr\u00e9servation des c\u00e9tac\u00e9s, nous faisons na\u00eetre des vocations et contribuons \u00e0 l\u2019am\u00e9lioration des pratiques de\u00a0 chacun \u2013 en tant que fournisseur et consommateur. [&hellip;]<\/p>\n","protected":false},"author":4,"featured_media":9843,"parent":0,"menu_order":0,"comment_status":"closed","ping_status":"closed","template":"","meta":{"_et_pb_use_builder":"on","_et_pb_old_content":"<h1>Sensibilisation et p\u00e9dagogie<\/h1><p>Informer et impliquer le plus grand nombre pour favoriser la prise de conscience est, plus que jamais, une mission indispensable. En \u00e9veillant les consciences aux enjeux relatifs \u00e0 la pr\u00e9servation des c\u00e9tac\u00e9s, nous faisons na\u00eetre des vocations et contribuons \u00e0 l\u2019am\u00e9lioration des pratiques de\u00a0 chacun \u2013 en tant que fournisseur et consommateur.<\/p><p>[rank_math_breadcrumb]<\/p><h2>Que faisons-nous concr\u00e8tement ?<\/h2><ul><li style=\"font-weight: 400;\" aria-level=\"1\">Nous animons des ateliers p\u00e9dagogiques aupr\u00e8s des plus jeunes.<\/li><li style=\"font-weight: 400;\" aria-level=\"1\">Nous organisons et participons \u00e0 des \u00e9v\u00e8nements grand public ;<\/li><li style=\"font-weight: 400;\" aria-level=\"1\">Nous d\u00e9veloppons des outils p\u00e9dagogiques \u00e0 destination de diff\u00e9rents publics ;<\/li><li style=\"font-weight: 400;\" aria-level=\"1\">Nous vulgarisons et diffusons la connaissance \u00e0 travers des conf\u00e9rences et diff\u00e9rents m\u00e9dias.<\/li><\/ul><p>Pour faciliter nos actions de sensibilisation, nous avons d\u00e9velopp\u00e9 une s\u00e9rie d\u2019outils ludiques, scientifiques, sensoriels, etc. afin de toucher des publics vari\u00e9s.<\/p><h3><a href=\"https:\/\/miraceti.org\/nos-actions\/sensibilisation-et-pedagogie\/outils-et-supports-pedagogiques\/\">Outils et supports p\u00e9dagogiques<\/a><\/h3><h3><a href=\"https:\/\/miraceti.org\/nos-actions\/sensibilisation-et-pedagogie\/publications\/\">Publications<\/a><\/h3><h2>Interventions et animations<\/h2><p>Nos interventions et animations prennent diff\u00e9rentes formes : nous les adaptons \u00e0 votre demande et au public vis\u00e9.\u00a0Notre <b style=\"background-color: transparent; color: var( --e-global-color-text ); font-family: var( --e-global-typography-text-font-family ), Sans-serif;\">participation \u00e0 des \u00e9v\u00e9nements ponctuels de m\u00e9diation<\/b> comme les Espaces G\u00e9n\u00e9rations Nature du Congr\u00e8s UICN, la F\u00eate de la science ou encore la F\u00eate de la nature durant lesquels nous animons <b style=\"background-color: transparent; color: var( --e-global-color-text ); font-family: var( --e-global-typography-text-font-family ), Sans-serif;\">des stands informatifs et interactifs autour des c\u00e9tac\u00e9s et\u00a0 des enjeux de leur pr\u00e9servation <\/b>gr\u00e2ce \u00e0 nos nombreux outils p\u00e9dagogiques<b style=\"background-color: transparent; color: var( --e-global-color-text ); font-family: var( --e-global-typography-text-font-family ), Sans-serif;\">.<\/b><\/p><p><img src=\"https:\/\/miraceti.org\/wp-content\/uploads\/2022\/08\/4-1-1024x724.jpeg\" sizes=\"(max-width: 800px) 100vw, 800px\" srcset=\"https:\/\/miraceti.org\/wp-content\/uploads\/2022\/08\/4-1-1024x724.jpeg 1024w, https:\/\/miraceti.org\/wp-content\/uploads\/2022\/08\/4-1-300x212.jpeg 300w, https:\/\/miraceti.org\/wp-content\/uploads\/2022\/08\/4-1-768x543.jpeg 768w, https:\/\/miraceti.org\/wp-content\/uploads\/2022\/08\/4-1-1536x1086.jpeg 1536w, https:\/\/miraceti.org\/wp-content\/uploads\/2022\/08\/4-1-2048x1448.jpeg 2048w, https:\/\/miraceti.org\/wp-content\/uploads\/2022\/08\/4-1-600x424.jpeg 600w\" alt=\"\" width=\"800\" height=\"566\" \/><\/p><p>\u201cStand aux Espaces G\u00e9n\u00e9rations Nature du Congr\u00e8s UICN (2021)\u201d<\/p><p><img src=\"https:\/\/miraceti.org\/wp-content\/uploads\/2022\/08\/Capture-de\u0301cran-2022-08-08-a\u0300-15.59.54-1024x727.png\" sizes=\"(max-width: 800px) 100vw, 800px\" srcset=\"https:\/\/miraceti.org\/wp-content\/uploads\/2022\/08\/Capture-de\u0301cran-2022-08-08-a\u0300-15.59.54-1024x727.png 1024w, https:\/\/miraceti.org\/wp-content\/uploads\/2022\/08\/Capture-de\u0301cran-2022-08-08-a\u0300-15.59.54-300x213.png 300w, https:\/\/miraceti.org\/wp-content\/uploads\/2022\/08\/Capture-de\u0301cran-2022-08-08-a\u0300-15.59.54-768x545.png 768w, https:\/\/miraceti.org\/wp-content\/uploads\/2022\/08\/Capture-de\u0301cran-2022-08-08-a\u0300-15.59.54-600x426.png 600w, https:\/\/miraceti.org\/wp-content\/uploads\/2022\/08\/Capture-de\u0301cran-2022-08-08-a\u0300-15.59.54.png 1200w\" alt=\"\" width=\"800\" height=\"568\" \/><\/p><p>\u201cJeux lors de l\u2019\u00e9v\u00e9nement Nature en F\u00eate (2022)\u201d<\/p><p><img src=\"https:\/\/miraceti.org\/wp-content\/uploads\/2022\/08\/Capture-de\u0301cran-2022-08-08-a\u0300-16.00.32-1024x721.png\" sizes=\"(max-width: 800px) 100vw, 800px\" srcset=\"https:\/\/miraceti.org\/wp-content\/uploads\/2022\/08\/Capture-de\u0301cran-2022-08-08-a\u0300-16.00.32-1024x721.png 1024w, https:\/\/miraceti.org\/wp-content\/uploads\/2022\/08\/Capture-de\u0301cran-2022-08-08-a\u0300-16.00.32-300x211.png 300w, https:\/\/miraceti.org\/wp-content\/uploads\/2022\/08\/Capture-de\u0301cran-2022-08-08-a\u0300-16.00.32-768x541.png 768w, https:\/\/miraceti.org\/wp-content\/uploads\/2022\/08\/Capture-de\u0301cran-2022-08-08-a\u0300-16.00.32-600x423.png 600w, https:\/\/miraceti.org\/wp-content\/uploads\/2022\/08\/Capture-de\u0301cran-2022-08-08-a\u0300-16.00.32.png 1204w\" alt=\"\" width=\"800\" height=\"563\" \/><\/p><p>\u201cSensibilisation au Festival des Embruns (2022)\u201d<\/p><p>Nous r\u00e9alisons \u00e9galement des <b>interventions et ateliers, aupr\u00e8s de classes ou groupes de jeunes<\/b>, adapt\u00e9es \u00e0 vos besoins et au public. Dans le cadre d\u2019intervention en classe, nous <b>proposons des interventions en lien avec le programme de l\u2019ann\u00e9e scolaire<\/b> et nous pouvons \u00e9galement adapter les th\u00e9matiques \u00e0 la demande du ma\u00eetre d\u2019\u00e9cole. Nous pouvons \u00e9galement accompagner un projet p\u00e9dagogique sur l\u2019ann\u00e9e. Gr\u00e2ce \u00e0 nos connaissances et nos outils p\u00e9dagogiques, les th\u00e9matiques que nous abordons sont larges : d\u00e9couvrir et reconna\u00eetre les c\u00e9tac\u00e9s de M\u00e9diterran\u00e9e Nord-Occidentale, appr\u00e9hender le milieu marin et le mode de vie des \u00eatres-vivants qui y vivent, identifier les adaptations des mammif\u00e8res au milieu marin, etc.<\/p><p>L'objectif de nos ateliers est de <b style=\"color: var( --e-global-color-text ); font-family: var( --e-global-typography-text-font-family ), Sans-serif; font-size: 1rem;\">faire d\u00e9couvrir l\u2019\u00e9cosyst\u00e8me marin<\/b>, les <b style=\"color: var( --e-global-color-text ); font-family: var( --e-global-typography-text-font-family ), Sans-serif; font-size: 1rem;\">8 esp\u00e8ces de c\u00e9tac\u00e9s<\/b> qui r\u00e9sident en M\u00e9diterran\u00e9e et comment celles-ci \u00e9voluent dans leur milieu afin de faciliter la compr\u00e9hension du <b style=\"color: var( --e-global-color-text ); font-family: var( --e-global-typography-text-font-family ), Sans-serif; font-size: 1rem;\">r\u00f4le et de l\u2019impact des esp\u00e8ces dans l\u2019\u00e9cosyst\u00e8me marin<\/b>, de <b style=\"color: var( --e-global-color-text ); font-family: var( --e-global-typography-text-font-family ), Sans-serif; font-size: 1rem;\">faire prendre conscience des enjeux de pr\u00e9servation<\/b> de la biodiversit\u00e9.<\/p><p><img src=\"https:\/\/miraceti.org\/wp-content\/uploads\/2021\/08\/8-1-1024x724.jpg\" sizes=\"(max-width: 800px) 100vw, 800px\" srcset=\"https:\/\/miraceti.org\/wp-content\/uploads\/2021\/08\/8-1-1024x724.jpg 1024w, https:\/\/miraceti.org\/wp-content\/uploads\/2021\/08\/8-1-600x424.jpg 600w, https:\/\/miraceti.org\/wp-content\/uploads\/2021\/08\/8-1-300x212.jpg 300w, https:\/\/miraceti.org\/wp-content\/uploads\/2021\/08\/8-1-768x543.jpg 768w, https:\/\/miraceti.org\/wp-content\/uploads\/2021\/08\/8-1-1536x1086.jpg 1536w, https:\/\/miraceti.org\/wp-content\/uploads\/2021\/08\/8-1-2048x1448.jpg 2048w\" alt=\"\" width=\"800\" height=\"566\" \/><\/p><p>\"Animation au sein des 6 maisons de quartier de la ville de Martigues : construction d\u2019un des 6 panneaux d\u2019une fresque repr\u00e9sentant la mer et le littoral m\u00e9diterran\u00e9en\"<\/p><p>Si vous souhaitez \u00e9changer avec nous pour une intervention ou une animation, n\u2019h\u00e9sitez pas \u00e0 nous envoyer un mail : <a href=\"mailto:contact@miraceti.org\">contact@miraceti.org<\/a><\/p><p><a href=\"https:\/\/miraceti.org\/wp-content\/uploads\/2022\/10\/Portfolio-animations.pdf\">D\u00e9couvrez notre catalogue d\u2019animation ><\/a><\/p><h2>\u00c9v\u00e9nements<\/h2><p>Nous <b>cr\u00e9ons et organisons des \u00e9v\u00e9nements de sensibilisation<\/b> o\u00f9 notre \u00e9quipe et nos partenaires interviennent pour <b>am\u00e9liorer la connaissance, la protection et la conservation des c\u00e9tac\u00e9s de M\u00e9diterran\u00e9e<\/b>. Lors de ces journ\u00e9es, nous avons \u00e0 c\u0153ur de proposer diff\u00e9rents types d\u2019animations, d\u2019ateliers, d\u2019expositions ou encore de conf\u00e9rences avec une approche \u00e9clectique m\u00ealant la science et la culture afin de toucher le plus grand nombre.<\/p><p><img src=\"https:\/\/miraceti.org\/wp-content\/uploads\/2022\/08\/affiche_web_rhc_2019-724x1024.png\" sizes=\"(max-width: 724px) 100vw, 724px\" srcset=\"https:\/\/miraceti.org\/wp-content\/uploads\/2022\/08\/affiche_web_rhc_2019-724x1024.png 724w, https:\/\/miraceti.org\/wp-content\/uploads\/2022\/08\/affiche_web_rhc_2019-212x300.png 212w, https:\/\/miraceti.org\/wp-content\/uploads\/2022\/08\/affiche_web_rhc_2019-768x1086.png 768w, https:\/\/miraceti.org\/wp-content\/uploads\/2022\/08\/affiche_web_rhc_2019-1086x1536.png 1086w, https:\/\/miraceti.org\/wp-content\/uploads\/2022\/08\/affiche_web_rhc_2019-1448x2048.png 1448w, https:\/\/miraceti.org\/wp-content\/uploads\/2022\/08\/affiche_web_rhc_2019-600x849.png 600w\" alt=\"\" width=\"724\" height=\"1024\" \/><\/p><p>Affiches des \u00e9ditions 1 et 2 des Rencontres Humains & C\u00e9tac\u00e9s, l\u2019occasion de r\u00e9unir une multitude d\u2019acteurs agissant pour la connaissance et la pr\u00e9servation des c\u00e9tac\u00e9s mais \u00e9galement de permettre \u00e0 des artistes engag\u00e9s de partager leurs \u0153uvres.<\/p><p><img src=\"https:\/\/miraceti.org\/wp-content\/uploads\/2022\/08\/A2-Fe\u0302te-de-la-ce\u0301tascience-Affiche-1-724x1024.png\" sizes=\"(max-width: 724px) 100vw, 724px\" srcset=\"https:\/\/miraceti.org\/wp-content\/uploads\/2022\/08\/A2-Fe\u0302te-de-la-ce\u0301tascience-Affiche-1-724x1024.png 724w, https:\/\/miraceti.org\/wp-content\/uploads\/2022\/08\/A2-Fe\u0302te-de-la-ce\u0301tascience-Affiche-1-212x300.png 212w, https:\/\/miraceti.org\/wp-content\/uploads\/2022\/08\/A2-Fe\u0302te-de-la-ce\u0301tascience-Affiche-1-768x1086.png 768w, https:\/\/miraceti.org\/wp-content\/uploads\/2022\/08\/A2-Fe\u0302te-de-la-ce\u0301tascience-Affiche-1-1086x1536.png 1086w, https:\/\/miraceti.org\/wp-content\/uploads\/2022\/08\/A2-Fe\u0302te-de-la-ce\u0301tascience-Affiche-1-1448x2048.png 1448w, https:\/\/miraceti.org\/wp-content\/uploads\/2022\/08\/A2-Fe\u0302te-de-la-ce\u0301tascience-Affiche-1-600x849.png 600w, https:\/\/miraceti.org\/wp-content\/uploads\/2022\/08\/A2-Fe\u0302te-de-la-ce\u0301tascience-Affiche-1.png 1587w\" alt=\"\" width=\"724\" height=\"1024\" \/><\/p><p>Affiche de la C\u00e9ta\u2019Science + L\u00e9gende : \u201cLa C\u00e9ta\u2019Science (F\u00eate de la Science 2021), une journ\u00e9e organis\u00e9e par nos soins qui a \u00e9t\u00e9 rythm\u00e9e par des ateliers pour les enfants, des conf\u00e9rences et des stands informatifs.\u201d<\/p><h2>Conf\u00e9rences<\/h2><p>Une <b>inauguration<\/b>, un <b>s\u00e9minaire<\/b>, un <b>festival <\/b>? Nous intervenons au sein de vos \u00e9v\u00e9nements sous un <b>format conf\u00e9rence ou tables-ronde<\/b> sur des th\u00e9matiques li\u00e9es aux c\u00e9tac\u00e9s de M\u00e9diterran\u00e9e, \u00e0 leur connaissance, leur pr\u00e9servation et leur conservation. Nous r\u00e9alisons des conf\u00e9rences <b>\u00e0 destination des citoyens, des \u00e9tudiants et des d\u00e9cideurs publics<\/b>.<\/p><p><img src=\"https:\/\/miraceti.org\/wp-content\/uploads\/2022\/08\/Capture-de\u0301cran-2022-08-08-a\u0300-16.06.50-1024x718.png\" sizes=\"(max-width: 800px) 100vw, 800px\" srcset=\"https:\/\/miraceti.org\/wp-content\/uploads\/2022\/08\/Capture-de\u0301cran-2022-08-08-a\u0300-16.06.50-1024x718.png 1024w, https:\/\/miraceti.org\/wp-content\/uploads\/2022\/08\/Capture-de\u0301cran-2022-08-08-a\u0300-16.06.50-300x210.png 300w, https:\/\/miraceti.org\/wp-content\/uploads\/2022\/08\/Capture-de\u0301cran-2022-08-08-a\u0300-16.06.50-768x538.png 768w, https:\/\/miraceti.org\/wp-content\/uploads\/2022\/08\/Capture-de\u0301cran-2022-08-08-a\u0300-16.06.50-600x421.png 600w, https:\/\/miraceti.org\/wp-content\/uploads\/2022\/08\/Capture-de\u0301cran-2022-08-08-a\u0300-16.06.50.png 1204w\" alt=\"\" width=\"800\" height=\"561\" \/><\/p><p>Conf\u00e9rence \u00e0 4 voix \u201cLa Grand dauphin en Camargues\u201d dans le cadre du Festival de Camargues (2022)<\/p><p><img src=\"https:\/\/miraceti.org\/wp-content\/uploads\/2022\/08\/Capture-de\u0301cran-2022-08-08-a\u0300-16.07.49-1024x719.png\" sizes=\"(max-width: 800px) 100vw, 800px\" srcset=\"https:\/\/miraceti.org\/wp-content\/uploads\/2022\/08\/Capture-de\u0301cran-2022-08-08-a\u0300-16.07.49-1024x719.png 1024w, https:\/\/miraceti.org\/wp-content\/uploads\/2022\/08\/Capture-de\u0301cran-2022-08-08-a\u0300-16.07.49-300x211.png 300w, https:\/\/miraceti.org\/wp-content\/uploads\/2022\/08\/Capture-de\u0301cran-2022-08-08-a\u0300-16.07.49-768x539.png 768w, https:\/\/miraceti.org\/wp-content\/uploads\/2022\/08\/Capture-de\u0301cran-2022-08-08-a\u0300-16.07.49-600x421.png 600w, https:\/\/miraceti.org\/wp-content\/uploads\/2022\/08\/Capture-de\u0301cran-2022-08-08-a\u0300-16.07.49.png 1202w\" alt=\"\" width=\"800\" height=\"562\" \/><\/p><p>S\u00e9minaire annuel de sensibilisation aupr\u00e8s des \u00e9tudiants de la marine marchande pour leur pr\u00e9senter l\u2019ensemble des probl\u00e9matiques et solutions \u00e0 l\u2019enjeux des collisions entre les navires commerciaux et les grands c\u00e9tac\u00e9s.<\/p><p>Si vous souhaitez \u00e9changer avec nous pour une conf\u00e9rence, envoyez nous un mail : <a href=\"mailto:contact@miraceti.org\">contact@miraceti.org<\/a><\/p><p><a href=\"https:\/\/miraceti.org\/nos-actions\/\">D\u00e9couvrez plus d'actions\u00a0 ><\/a><\/p><h2>Agenda<\/h2><p>24 sept-1er octobre 2022 : Voiles de Saint-Tropez (cliquable \u201cStand MIRACETI\u201d)<\/p><p>8 octobre 2022 : 3\u00e8me \u00e9dition des Rencontres Humains et C\u00e9tac\u00e9s (cliquable \"\u00c9v\u00e9nement MIRACETI, 10h-17h\u201d)<\/p><p>15 octobre 2022 : Village des Sciences, Marseille (cliquable \u201cStand MIRACETI F\u00eate de la Science 2022\u201d)<\/p><p><a href=\"https:\/\/miraceti.org\/les-especes\/\"><br \/>D\u00e9couvrir les c\u00e9tac\u00e9s<br \/><\/a><\/p>","_et_gb_content_width":"","_monsterinsights_skip_tracking":false,"_monsterinsights_sitenote_active":false,"_monsterinsights_sitenote_note":"","_monsterinsights_sitenote_category":0,"footnotes":""},"class_list":["post-10547","page","type-page","status-publish","has-post-thumbnail","hentry"],"_links":{"self":[{"href":"https:\/\/miraceti.org\/en\/wp-json\/wp\/v2\/pages\/10547","targetHints":{"allow":["GET"]}}],"collection":[{"href":"https:\/\/miraceti.org\/en\/wp-json\/wp\/v2\/pages"}],"about":[{"href":"https:\/\/miraceti.org\/en\/wp-json\/wp\/v2\/types\/page"}],"author":[{"embeddable":true,"href":"https:\/\/miraceti.org\/en\/wp-json\/wp\/v2\/users\/4"}],"replies":[{"embeddable":true,"href":"https:\/\/miraceti.org\/en\/wp-json\/wp\/v2\/comments?post=10547"}],"version-history":[{"count":30,"href":"https:\/\/miraceti.org\/en\/wp-json\/wp\/v2\/pages\/10547\/revisions"}],"predecessor-version":[{"id":12891,"href":"https:\/\/miraceti.org\/en\/wp-json\/wp\/v2\/pages\/10547\/revisions\/12891"}],"wp:featuredmedia":[{"embeddable":true,"href":"https:\/\/miraceti.org\/en\/wp-json\/wp\/v2\/media\/9843"}],"wp:attachment":[{"href":"https:\/\/miraceti.org\/en\/wp-json\/wp\/v2\/media?parent=10547"}],"curies":[{"name":"wp","href":"https:\/\/api.w.org\/{rel}","templated":true}]}}